{"id":313,"date":"2020-01-23T18:21:52","date_gmt":"2020-01-23T18:21:52","guid":{"rendered":"https:\/\/demosites.io\/web-agency-gb\/?page_id=61"},"modified":"2025-04-18T12:52:45","modified_gmt":"2025-04-18T12:52:45","slug":"team","status":"publish","type":"page","link":"https:\/\/balagueraabogados.com\/index.php\/team\/","title":{"rendered":"Equipo Legal"},"content":{"rendered":"\t\t<div data-elementor-type=\"wp-page\" data-elementor-id=\"313\" class=\"elementor elementor-313\">\n\t\t\t\t<div class=\"elementor-element elementor-element-a1d1254 e-flex e-con-boxed wpr-particle-no wpr-jarallax-no wpr-parallax-no wpr-sticky-section-no e-con e-parent\" data-id=\"a1d1254\" data-element_type=\"container\">\n\t\t\t\t\t<div class=\"e-con-inner\">\n\t\t\t\t<div class=\"elementor-element elementor-element-7abcbdf elementor-widget elementor-widget-heading\" data-id=\"7abcbdf\" data-element_type=\"widget\" data-widget_type=\"heading.default\">\n\t\t\t\t<div class=\"elementor-widget-container\">\n\t\t\t\t\t<h2 class=\"elementor-heading-title elementor-size-default\">Nuestra firma<\/h2>\t\t\t\t<\/div>\n\t\t\t\t<\/div>\n\t\t\t\t<div class=\"elementor-element elementor-element-719e209 elementor-widget elementor-widget-spacer\" data-id=\"719e209\" data-element_type=\"widget\" data-widget_type=\"spacer.default\">\n\t\t\t\t<div class=\"elementor-widget-container\">\n\t\t\t\t\t\t\t<div class=\"elementor-spacer\">\n\t\t\t<div class=\"elementor-spacer-inner\"><\/div>\n\t\t<\/div>\n\t\t\t\t\t\t<\/div>\n\t\t\t\t<\/div>\n\t\t\t\t\t<\/div>\n\t\t\t\t<\/div>\n\t\t<div class=\"elementor-element elementor-element-b51c738 e-flex e-con-boxed wpr-particle-no wpr-jarallax-no wpr-parallax-no wpr-sticky-section-no e-con e-parent\" data-id=\"b51c738\" data-element_type=\"container\" data-settings=\"{&quot;shape_divider_bottom&quot;:&quot;zigzag&quot;}\">\n\t\t\t\t\t<div class=\"e-con-inner\">\n\t\t\t\t<div class=\"elementor-shape elementor-shape-bottom\" data-negative=\"false\">\n\t\t\t<svg xmlns=\"http:\/\/www.w3.org\/2000\/svg\" viewBox=\"0 0 1800 5.8\" preserveAspectRatio=\"none\">\n  <path class=\"elementor-shape-fill\" d=\"M5.4.4l5.4 5.3L16.5.4l5.4 5.3L27.5.4 33 5.7 38.6.4l5.5 5.4h.1L49.9.4l5.4 5.3L60.9.4l5.5 5.3L72 .4l5.5 5.3L83.1.4l5.4 5.3L94.1.4l5.5 5.4h.2l5.6-5.4 5.5 5.3 5.6-5.3 5.4 5.3 5.6-5.3 5.5 5.3 5.6-5.3 5.5 5.4h.2l5.6-5.4 5.4 5.3L161 .4l5.4 5.3L172 .4l5.5 5.3 5.6-5.3 5.4 5.3 5.7-5.3 5.4 5.4h.2l5.6-5.4 5.5 5.3 5.6-5.3 5.5 5.3 5.6-5.3 5.4 5.3 5.6-5.3 5.5 5.4h.2l5.6-5.4 5.5 5.3L261 .4l5.4 5.3L272 .4l5.5 5.3 5.6-5.3 5.5 5.3 5.6-5.3 5.5 5.4h.1l5.7-5.4 5.4 5.3 5.6-5.3 5.5 5.3 5.6-5.3 5.4 5.3 5.7-5.3 5.4 5.4h.2l5.6-5.4 5.5 5.3L361 .4l5.5 5.3 5.6-5.3 5.4 5.3 5.6-5.3 5.5 5.3 5.6-5.3 5.5 5.4h.1l5.7-5.4 5.4 5.3 5.6-5.3 5.5 5.3 5.6-5.3 5.5 5.3 5.6-5.3 5.5 5.4h.1l5.6-5.4 5.5 5.3L461 .4l5.5 5.3 5.6-5.3 5.4 5.3 5.7-5.3 5.4 5.3 5.6-5.3 5.5 5.4h.2l5.6-5.4 5.5 5.3 5.6-5.3 5.4 5.3 5.6-5.3 5.5 5.3 5.6-5.3 5.5 5.4h.1L550 .4l5.4 5.3L561 .4l5.5 5.3 5.6-5.3 5.5 5.3 5.6-5.3 5.4 5.3 5.6-5.3 5.5 5.4h.2l5.6-5.4 5.5 5.3 5.6-5.3 5.4 5.3 5.7-5.3 5.4 5.3 5.6-5.3 5.5 5.4h.2L650 .4l5.5 5.3 5.6-5.3 5.4 5.3 5.6-5.3 5.5 5.3 5.6-5.3 5.5 5.3 5.6-5.3 5.4 5.4h.2l5.6-5.4 5.5 5.3 5.6-5.3 5.5 5.3 5.6-5.3 5.4 5.3 5.6-5.3 5.5 5.4h.2L750 .4l5.5 5.3 5.6-5.3 5.4 5.3 5.7-5.3 5.4 5.3 5.6-5.3 5.5 5.3 5.6-5.3 5.5 5.4h.1l5.7-5.4 5.4 5.3 5.6-5.3 5.5 5.3 5.6-5.3 5.5 5.3 5.6-5.3 5.4 5.4h.2L850 .4l5.5 5.3 5.6-5.3 5.5 5.3 5.6-5.3 5.4 5.3 5.6-5.3 5.5 5.3 5.6-5.3 5.5 5.4h.2l5.6-5.4 5.4 5.3 5.7-5.3 5.4 5.3 5.6-5.3 5.5 5.3 5.6-5.3 5.5 5.4h.1l5.7-5.4 5.4 5.3 5.6-5.3 5.5 5.3 5.6-5.3 5.5 5.3 5.6-5.3 5.4 5.3 5.6-5.3 5.5 5.4h.2l5.6-5.4 5.5 5.3 5.6-5.3 5.4 5.3 5.6-5.3 5.5 5.3 5.6-5.3 5.5 5.4h.2l5.6-5.4 5.4 5.3 5.7-5.3 5.4 5.3 5.6-5.3 5.5 5.3 5.6-5.3 5.5 5.3 5.6-5.3 5.4 5.4h.2l5.6-5.4 5.5 5.3 5.6-5.3 5.5 5.3 5.6-5.3 5.4 5.3 5.6-5.3 5.5 5.4h.2l5.6-5.4 5.5 5.3 5.6-5.3 5.4 5.3 5.6-5.3 5.5 5.3 5.6-5.3 5.5 5.3 5.6-5.3 5.5 5.4h.1l5.7-5.4 5.4 5.3 5.6-5.3 5.5 5.3 5.6-5.3 5.5 5.3 5.6-5.3 5.4 5.4h.2l5.6-5.4 5.5 5.3 5.6-5.3 5.5 5.3 5.6-5.3 5.4 5.3 5.6-5.3 5.5 5.3 5.6-5.3 5.5 5.4h.2l5.6-5.4 5.4 5.3 5.6-5.3 5.5 5.3 5.6-5.3 5.5 5.3 5.6-5.3 5.5 5.4h.1l5.7-5.4 5.4 5.3 5.6-5.3 5.5 5.3 5.6-5.3 5.5 5.3 5.6-5.3 5.4 5.3 5.6-5.3 5.5 5.4h.2l5.6-5.4 5.5 5.3 5.6-5.3 5.4 5.3 5.6-5.3 5.5 5.3 5.6-5.3 5.5 5.4h.2l5.6-5.4 5.4 5.3 5.6-5.3 5.5 5.3 5.6-5.3 5.5 5.3 5.6-5.3 5.4 5.3 5.7-5.3 5.4 5.4h.2l5.6-5.4 5.5 5.3 5.6-5.3 5.5 5.3 5.6-5.3 5.4 5.3 5.6-5.3 5.5 5.4h.2l5.6-5.4 5.5 5.3 5.6-5.3 5.4 5.3 5.6-5.3 5.5 5.3 5.6-5.3 5.5 5.3 5.6-5.3 5.5 5.4h.1l5.6-5.4 5.5 5.3 5.6-5.3 5.5 5.3 5.6-5.3 5.4 5.3 5.7-5.3 5.4 5.4h.2l5.6-5.4 5.5 5.3 5.6-5.3 5.5 5.3 5.6-5.3 5.4 5.3 5.6-5.3 5.5 5.3 5.6-5.3 5.5 5.4h.1l5.7-5.4 5.4 5.3 5.6-5.3 5.5 5.3 5.6-5.3 5.5 5.3 5.6-5.3 5.5 5.4h.1l5.6-5.4 5.5 5.3 5.6-5.3 5.5 5.3 5.6-5.3 5.4 5.3 5.7-5.3 5.4 5.3 5.6-5.3 5.5 5.4V0H-.2v5.8z\"\/>\n<\/svg>\n\t\t<\/div>\n\t\t<div class=\"elementor-element elementor-element-899c042 e-con-full e-flex wpr-particle-no wpr-jarallax-no wpr-parallax-no wpr-sticky-section-no e-con e-child\" data-id=\"899c042\" data-element_type=\"container\">\n\t\t\t\t<div class=\"elementor-element elementor-element-fd0f448 elementor-widget elementor-widget-text-editor\" data-id=\"fd0f448\" data-element_type=\"widget\" data-widget_type=\"text-editor.default\">\n\t\t\t\t<div class=\"elementor-widget-container\">\n\t\t\t\t\t\t\t\t\t<p>En Balaguera L\u00f3pez Abogados Consultores\u00a0S.A.S.\u00a0contamos con un equipo de abogados altamente calificados y experimentados, dedicados a brindar asesor\u00eda legal de excelencia a nuestros clientes. Nuestros profesionales se destacan por su profundo conocimiento del derecho, su capacidad de an\u00e1lisis y su habilidad para desarrollar estrategias efectivas adaptadas a las necesidades de cada caso.\u00a0<\/p>\t\t\t\t\t\t\t\t<\/div>\n\t\t\t\t<\/div>\n\t\t\t\t<\/div>\n\t\t\t\t\t<\/div>\n\t\t\t\t<\/div>\n\t\t<div class=\"elementor-element elementor-element-5d9d1b1 e-flex e-con-boxed wpr-particle-no wpr-jarallax-no wpr-parallax-no wpr-sticky-section-no e-con e-parent\" data-id=\"5d9d1b1\" data-element_type=\"container\">\n\t\t\t\t\t<div class=\"e-con-inner\">\n\t\t<div class=\"elementor-element elementor-element-4579789 e-con-full e-flex wpr-particle-no wpr-jarallax-no wpr-parallax-no wpr-sticky-section-no e-con e-child\" data-id=\"4579789\" data-element_type=\"container\">\n\t\t\t\t<div class=\"elementor-element elementor-element-143f776 elementor-widget elementor-widget-image\" data-id=\"143f776\" data-element_type=\"widget\" data-widget_type=\"image.default\">\n\t\t\t\t<div class=\"elementor-widget-container\">\n\t\t\t\t\t\t\t\t\t\t\t\t\t\t\t\t<a href=\"https:\/\/www.instagram.com\/edgar.balaguera\/?hl=es-la\">\n\t\t\t\t\t\t\t<img decoding=\"async\" data-src=\"https:\/\/balagueraabogados.com\/wp-content\/uploads\/elementor\/thumbs\/DSC05776-scaled-r1y4e9gq63m30vnz4jd4yacbg3e4pcksd47oo6tfgo.jpg\" title=\"DSC05776\" alt=\"DSC05776\" class=\"elementor-animation-shrink lazyload\" src=\"data:image\/svg+xml;base64,PHN2ZyB3aWR0aD0iMSIgaGVpZ2h0PSIxIiB4bWxucz0iaHR0cDovL3d3dy53My5vcmcvMjAwMC9zdmciPjwvc3ZnPg==\" style=\"--smush-placeholder-width: 600px; --smush-placeholder-aspect-ratio: 600\/500;\" \/>\t\t\t\t\t\t\t\t<\/a>\n\t\t\t\t\t\t\t\t\t\t\t\t\t\t\t<\/div>\n\t\t\t\t<\/div>\n\t\t\t\t<\/div>\n\t\t<div class=\"elementor-element elementor-element-c1a873b e-con-full e-flex wpr-particle-no wpr-jarallax-no wpr-parallax-no wpr-sticky-section-no e-con e-child\" data-id=\"c1a873b\" data-element_type=\"container\">\n\t\t\t\t<div class=\"elementor-element elementor-element-061f73d elementor-widget__width-initial elementor-widget elementor-widget-text-editor\" data-id=\"061f73d\" data-element_type=\"widget\" data-widget_type=\"text-editor.default\">\n\t\t\t\t<div class=\"elementor-widget-container\">\n\t\t\t\t\t\t\t\t\t<p><strong><em><span style=\"color: #f15a29;\">EDGAR ARTURO BALAGUERA L\u00d3PEZ<\/span><\/em><\/strong><\/p><p>Abogado y Economista de la Universidad de los Andes, Magister en Propiedad Intelectual de la Universidad de los Andes.<\/p><p>Se desempe\u00f1\u00f3 como asesor jur\u00eddico de la Agencia Nacional de Tierras, en la Subdirecci\u00f3n de Tierras de la Naci\u00f3n en procesos de Adjudicaci\u00f3n de bienes bald\u00edos a entidades de derecho p\u00fablico y Limitaciones a la propiedad.<\/p><p>De igual manera, es experto en asuntos jurisdiccionales de la Superintendencia de Industria y Comercio, especialmente en violaciones a derechos de propiedad industrial, r\u00e9gimen de competencia desleal y protecci\u00f3n al consumidor.<\/p>\t\t\t\t\t\t\t\t<\/div>\n\t\t\t\t<\/div>\n\t\t\t\t<\/div>\n\t\t\t\t\t<\/div>\n\t\t\t\t<\/div>\n\t\t<div class=\"elementor-element elementor-element-dc98b6e e-flex e-con-boxed wpr-particle-no wpr-jarallax-no wpr-parallax-no wpr-sticky-section-no e-con e-parent\" data-id=\"dc98b6e\" data-element_type=\"container\">\n\t\t\t\t\t<div class=\"e-con-inner\">\n\t\t<div class=\"elementor-element elementor-element-65bfbc3 e-con-full e-flex wpr-particle-no wpr-jarallax-no wpr-parallax-no wpr-sticky-section-no e-con e-child\" data-id=\"65bfbc3\" data-element_type=\"container\">\n\t\t\t\t<div class=\"elementor-element elementor-element-c54555c elementor-widget elementor-widget-spacer\" data-id=\"c54555c\" data-element_type=\"widget\" data-widget_type=\"spacer.default\">\n\t\t\t\t<div class=\"elementor-widget-container\">\n\t\t\t\t\t\t\t<div class=\"elementor-spacer\">\n\t\t\t<div class=\"elementor-spacer-inner\"><\/div>\n\t\t<\/div>\n\t\t\t\t\t\t<\/div>\n\t\t\t\t<\/div>\n\t\t\t\t<div class=\"elementor-element elementor-element-960e900 elementor-widget elementor-widget-heading\" data-id=\"960e900\" data-element_type=\"widget\" data-widget_type=\"heading.default\">\n\t\t\t\t<div class=\"elementor-widget-container\">\n\t\t\t\t\t<h2 class=\"elementor-heading-title elementor-size-default\">Tu puedes estar aqui<\/h2>\t\t\t\t<\/div>\n\t\t\t\t<\/div>\n\t\t\t\t<div class=\"elementor-element elementor-element-37983cc elementor-align-center elementor-widget elementor-widget-button\" data-id=\"37983cc\" data-element_type=\"widget\" data-widget_type=\"button.default\">\n\t\t\t\t<div class=\"elementor-widget-container\">\n\t\t\t\t\t\t\t\t\t<div class=\"elementor-button-wrapper\">\n\t\t\t\t\t<a class=\"elementor-button elementor-button-link elementor-size-sm elementor-animation-grow\" href=\"https:\/\/balagueraabogados.com\/index.php\/trabaja-con-nosotros-2\/\">\n\t\t\t\t\t\t<span class=\"elementor-button-content-wrapper\">\n\t\t\t\t\t\t\t\t\t<span class=\"elementor-button-text\">Trabaja con nosotros!<\/span>\n\t\t\t\t\t<\/span>\n\t\t\t\t\t<\/a>\n\t\t\t\t<\/div>\n\t\t\t\t\t\t\t\t<\/div>\n\t\t\t\t<\/div>\n\t\t\t\t<\/div>\n\t\t\t\t\t<\/div>\n\t\t\t\t<\/div>\n\t\t<div class=\"elementor-element elementor-element-51c761a e-flex e-con-boxed wpr-particle-no wpr-jarallax-no wpr-parallax-no wpr-sticky-section-no e-con e-parent\" data-id=\"51c761a\" data-element_type=\"container\">\n\t\t\t\t\t<div class=\"e-con-inner\">\n\t\t<div class=\"elementor-element elementor-element-a7688b8 e-flex e-con-boxed wpr-particle-no wpr-jarallax-no wpr-parallax-no wpr-sticky-section-no e-con e-child\" data-id=\"a7688b8\" data-element_type=\"container\">\n\t\t\t\t\t<div class=\"e-con-inner\">\n\t\t\t\t<div class=\"elementor-element elementor-element-f26aab9 elementor-widget__width-initial elementor-widget elementor-widget-text-editor\" data-id=\"f26aab9\" data-element_type=\"widget\" data-widget_type=\"text-editor.default\">\n\t\t\t\t<div class=\"elementor-widget-container\">\n\t\t\t\t\t\t\t\t\t<p><strong><em><span style=\"color: #f15a29;\">WILSON BALAGUERA PARDO<\/span><\/em><\/strong><\/p><p>Abogado Universidad Nacional de Colombia, Especializado en Derecho Administrativo y Derecho Laboral y de la Seguridad Social de la Universidad del Rosario.<\/p><p>Se desempe\u00f1\u00f3 como Servidor p\u00fablico desde el 16 de enero de 1993 al 5 de marzo de 1997, en la Gerencia de la Caja de Previsi\u00f3n Social del Meta y como Jefe De Control Interno de la Alcald\u00eda de Villavicencio.<\/p><p>Adem\u00e1s, se ha desempe\u00f1ado como asesor jur\u00eddico de entidades p\u00fablicas y como Abogado litigante desde el 1\u00b0 de abril de 1997 hasta la fecha.\u00a0 Como abogado litigante ha tramitado demandas judiciales ante la jurisdicci\u00f3n contenciosa administrativa y ante la jurisdicci\u00f3n ordinaria laboral, atendiendo casos de gran relevancia que han llegado a \u00f3rganos de cierre en el Consejo de Estado y la Corte Suprema de Justicia.<\/p>\t\t\t\t\t\t\t\t<\/div>\n\t\t\t\t<\/div>\n\t\t\t\t\t<\/div>\n\t\t\t\t<\/div>\n\t\t\t\t\t<\/div>\n\t\t\t\t<\/div>\n\t\t<div class=\"elementor-element elementor-element-350858c e-flex e-con-boxed wpr-particle-no wpr-jarallax-no wpr-parallax-no wpr-sticky-section-no e-con e-parent\" data-id=\"350858c\" data-element_type=\"container\">\n\t\t\t\t\t<div class=\"e-con-inner\">\n\t\t<div class=\"elementor-element elementor-element-fd9d397 e-con-full e-flex wpr-particle-no wpr-jarallax-no wpr-parallax-no wpr-sticky-section-no e-con e-child\" data-id=\"fd9d397\" data-element_type=\"container\">\n\t\t\t\t<div class=\"elementor-element elementor-element-d6149c9 elementor-widget elementor-widget-spacer\" data-id=\"d6149c9\" data-element_type=\"widget\" data-widget_type=\"spacer.default\">\n\t\t\t\t<div class=\"elementor-widget-container\">\n\t\t\t\t\t\t\t<div class=\"elementor-spacer\">\n\t\t\t<div class=\"elementor-spacer-inner\"><\/div>\n\t\t<\/div>\n\t\t\t\t\t\t<\/div>\n\t\t\t\t<\/div>\n\t\t\t\t<div class=\"elementor-element elementor-element-bcc30ee elementor-widget elementor-widget-image\" data-id=\"bcc30ee\" data-element_type=\"widget\" data-widget_type=\"image.default\">\n\t\t\t\t<div class=\"elementor-widget-container\">\n\t\t\t\t\t\t\t\t\t\t\t\t\t\t\t<img fetchpriority=\"high\" decoding=\"async\" width=\"251\" height=\"385\" src=\"https:\/\/balagueraabogados.com\/wp-content\/uploads\/2024\/11\/Captura-de-pantalla-2024-11-23-084112.png\" class=\"attachment-2048x2048 size-2048x2048 wp-image-65627\" alt=\"\" srcset=\"https:\/\/balagueraabogados.com\/wp-content\/uploads\/2024\/11\/Captura-de-pantalla-2024-11-23-084112.png 251w, https:\/\/balagueraabogados.com\/wp-content\/uploads\/2024\/11\/Captura-de-pantalla-2024-11-23-084112-196x300.png 196w, https:\/\/balagueraabogados.com\/wp-content\/uploads\/2024\/11\/Captura-de-pantalla-2024-11-23-084112-8x12.png 8w\" sizes=\"(max-width: 251px) 100vw, 251px\" \/>\t\t\t\t\t\t\t\t\t\t\t\t\t\t\t<\/div>\n\t\t\t\t<\/div>\n\t\t\t\t<\/div>\n\t\t<div class=\"elementor-element elementor-element-d143b72 e-con-full e-flex wpr-particle-no wpr-jarallax-no wpr-parallax-no wpr-sticky-section-no e-con e-child\" data-id=\"d143b72\" data-element_type=\"container\">\n\t\t\t\t<div class=\"elementor-element elementor-element-9f705de elementor-widget__width-initial elementor-widget elementor-widget-text-editor\" data-id=\"9f705de\" data-element_type=\"widget\" data-widget_type=\"text-editor.default\">\n\t\t\t\t<div class=\"elementor-widget-container\">\n\t\t\t\t\t\t\t\t\t<p><strong><em><span style=\"color: #f15a29;\">MARIA GABRIELA RESTREPO D\u00cdAZ<\/span><\/em><\/strong><\/p><p>Estudiante de Derecho de la Universidad Libre, con una s\u00f3lida formaci\u00f3n acad\u00e9mica complementada por un diplomado en Derecho Disciplinario &#8220;De la Reflexi\u00f3n Deontol\u00f3gica a la Pr\u00e1ctica de la Ley 1123 de 2007&#8221; adem\u00e1s de participar activamente hasta la culminaci\u00f3n del \u201cXV seminario y V congreso internacional de Derecho Penal\u201d.<\/p><p>Durante su trayectoria profesional, ha trabajado como Dependiente Judicial en Lex Prova, donde se especializ\u00f3 en \u00e1mbitos corporativos y laborales, desarrollando estrategias orientadas al diagn\u00f3stico, prevenci\u00f3n y soluci\u00f3n de eventos litigiosos. Asimismo, particip\u00f3 activamente en audiencias y procesos de conciliaci\u00f3n.<\/p><p>Cuenta con experiencia previa como Pasante Administrativa en Matiz Contadores, desempe\u00f1\u00e1ndose en la elaboraci\u00f3n de declaraciones de renta, seguimiento de planillas de pago y creaci\u00f3n de perfiles empresariales, adem\u00e1s de fungir como enlace entre clientes y la organizaci\u00f3n.<\/p><p>Su experiencia laboral incluye tambi\u00e9n roles en el sector comercial y de seguros, lo que le ha permitido desarrollar habilidades en gesti\u00f3n de documentos, plataformas judiciales, manejo de clientes y coordinaci\u00f3n de equipos.<\/p>\t\t\t\t\t\t\t\t<\/div>\n\t\t\t\t<\/div>\n\t\t\t\t<\/div>\n\t\t\t\t\t<\/div>\n\t\t\t\t<\/div>\n\t\t\t\t<\/div>\n\t\t","protected":false},"excerpt":{"rendered":"<p>Nuestra firma En Balaguera L\u00f3pez Abogados Consultores\u00a0S.A.S.\u00a0contamos con un equipo de abogados altamente calificados y experimentados, dedicados a brindar asesor\u00eda legal de excelencia a nuestros clientes. Nuestros profesionales se destacan por su profundo conocimiento del derecho, su capacidad de an\u00e1lisis y su habilidad para desarrollar estrategias efectivas adaptadas a las necesidades de cada caso.\u00a0 EDGAR ARTURO BALAGUERA L\u00d3PEZ Abogado y Economista de la Universidad de los Andes, Magister en Propiedad Intelectual de la Universidad de los Andes. Se desempe\u00f1\u00f3 como asesor jur\u00eddico de la Agencia Nacional de Tierras, en la Subdirecci\u00f3n de Tierras de la Naci\u00f3n en procesos de Adjudicaci\u00f3n de bienes bald\u00edos a entidades de derecho p\u00fablico y Limitaciones a la propiedad. De igual manera, es experto en asuntos jurisdiccionales de la Superintendencia de Industria y Comercio, especialmente en violaciones a derechos de propiedad industrial, r\u00e9gimen de competencia desleal y protecci\u00f3n al consumidor. Tu puedes estar aqui Trabaja con nosotros! WILSON BALAGUERA PARDO Abogado Universidad Nacional de Colombia, Especializado en Derecho Administrativo y Derecho Laboral y de la Seguridad Social de la Universidad del Rosario. Se desempe\u00f1\u00f3 como Servidor p\u00fablico desde el 16 de enero de 1993 al 5 de marzo de 1997, en la Gerencia de la Caja de Previsi\u00f3n Social del Meta y como Jefe De Control Interno de la Alcald\u00eda de Villavicencio. Adem\u00e1s, se ha desempe\u00f1ado como asesor jur\u00eddico de entidades p\u00fablicas y como Abogado litigante desde el 1\u00b0 de abril de 1997 hasta la fecha.\u00a0 Como abogado litigante ha tramitado demandas judiciales ante la jurisdicci\u00f3n contenciosa administrativa y ante la jurisdicci\u00f3n ordinaria laboral, atendiendo casos de gran relevancia que han llegado a \u00f3rganos de cierre en el Consejo de Estado y la Corte Suprema de Justicia. MARIA GABRIELA RESTREPO D\u00cdAZ Estudiante de Derecho de la Universidad Libre, con una s\u00f3lida formaci\u00f3n acad\u00e9mica complementada por un diplomado en Derecho Disciplinario &#8220;De la Reflexi\u00f3n Deontol\u00f3gica a la Pr\u00e1ctica de la Ley 1123 de 2007&#8221; adem\u00e1s de participar activamente hasta la culminaci\u00f3n del \u201cXV seminario y V congreso internacional de Derecho Penal\u201d. Durante su trayectoria profesional, ha trabajado como Dependiente Judicial en Lex Prova, donde se especializ\u00f3 en \u00e1mbitos corporativos y laborales, desarrollando estrategias orientadas al diagn\u00f3stico, prevenci\u00f3n y soluci\u00f3n de eventos litigiosos. Asimismo, particip\u00f3 activamente en audiencias y procesos de conciliaci\u00f3n. Cuenta con experiencia previa como Pasante Administrativa en Matiz Contadores, desempe\u00f1\u00e1ndose en la elaboraci\u00f3n de declaraciones de renta, seguimiento de planillas de pago y creaci\u00f3n de perfiles empresariales, adem\u00e1s de fungir como enlace entre clientes y la organizaci\u00f3n. Su experiencia laboral incluye tambi\u00e9n roles en el sector comercial y de seguros, lo que le ha permitido desarrollar habilidades en gesti\u00f3n de documentos, plataformas judiciales, manejo de clientes y coordinaci\u00f3n de equipos.<\/p>\n","protected":false},"author":1,"featured_media":0,"parent":0,"menu_order":0,"comment_status":"closed","ping_status":"closed","template":"","meta":{"content-type":"","om_disable_all_campaigns":false,"_monsterinsights_skip_tracking":false,"_monsterinsights_sitenote_active":false,"_monsterinsights_sitenote_note":"","_monsterinsights_sitenote_category":0,"_uf_show_specific_survey":0,"_uf_disable_surveys":false,"site-sidebar-layout":"default","site-content-layout":"","ast-site-content-layout":"default","site-content-style":"default","site-sidebar-style":"default","ast-global-header-display":"","ast-banner-title-visibility":"","ast-main-header-display":"","ast-hfb-above-header-display":"","ast-hfb-below-header-display":"","ast-hfb-mobile-header-display":"","site-post-title":"","ast-breadcrumbs-content":"","ast-featured-img":"","footer-sml-layout":"","theme-transparent-header-meta":"","adv-header-id-meta":"","stick-header-meta":"","header-above-stick-meta":"","header-main-stick-meta":"","header-below-stick-meta":"","astra-migrate-meta-layouts":"set","footnotes":""},"class_list":["post-313","page","type-page","status-publish","hentry"],"aioseo_notices":[],"rttpg_featured_image_url":null,"rttpg_author":{"display_name":"edgar.balaguera","author_link":"https:\/\/balagueraabogados.com\/index.php\/author\/edgar-balaguera\/"},"rttpg_comment":0,"rttpg_category":null,"rttpg_excerpt":"Nuestra firma En Balaguera L\u00f3pez Abogados Consultores\u00a0S.A.S.\u00a0contamos con un equipo de abogados altamente calificados y experimentados, dedicados a brindar asesor\u00eda legal de excelencia a nuestros clientes. Nuestros profesionales se destacan por su profundo conocimiento del derecho, su capacidad de an\u00e1lisis y su habilidad para desarrollar estrategias efectivas adaptadas a las necesidades de cada caso.\u00a0 EDGAR&hellip;","_links":{"self":[{"href":"https:\/\/balagueraabogados.com\/index.php\/wp-json\/wp\/v2\/pages\/313","targetHints":{"allow":["GET"]}}],"collection":[{"href":"https:\/\/balagueraabogados.com\/index.php\/wp-json\/wp\/v2\/pages"}],"about":[{"href":"https:\/\/balagueraabogados.com\/index.php\/wp-json\/wp\/v2\/types\/page"}],"author":[{"embeddable":true,"href":"https:\/\/balagueraabogados.com\/index.php\/wp-json\/wp\/v2\/users\/1"}],"replies":[{"embeddable":true,"href":"https:\/\/balagueraabogados.com\/index.php\/wp-json\/wp\/v2\/comments?post=313"}],"version-history":[{"count":86,"href":"https:\/\/balagueraabogados.com\/index.php\/wp-json\/wp\/v2\/pages\/313\/revisions"}],"predecessor-version":[{"id":83526,"href":"https:\/\/balagueraabogados.com\/index.php\/wp-json\/wp\/v2\/pages\/313\/revisions\/83526"}],"wp:attachment":[{"href":"https:\/\/balagueraabogados.com\/index.php\/wp-json\/wp\/v2\/media?parent=313"}],"curies":[{"name":"wp","href":"https:\/\/api.w.org\/{rel}","templated":true}]}}