{"id":5048,"date":"2023-05-30T18:13:14","date_gmt":"2023-05-30T18:13:14","guid":{"rendered":"http:\/\/balagueraabogados.com\/?page_id=5048"},"modified":"2023-05-31T07:41:44","modified_gmt":"2023-05-31T07:41:44","slug":"derechos-de-autor","status":"publish","type":"page","link":"https:\/\/balagueraabogados.com\/index.php\/derechos-de-autor\/","title":{"rendered":"Derechos de Autor"},"content":{"rendered":"\t\t<div data-elementor-type=\"wp-page\" data-elementor-id=\"5048\" class=\"elementor elementor-5048\">\n\t\t\t\t<div class=\"elementor-element elementor-element-4b74341 e-flex e-con-boxed wpr-particle-no wpr-jarallax-no wpr-parallax-no wpr-sticky-section-no e-con e-parent\" data-id=\"4b74341\" data-element_type=\"container\" data-settings=\"{&quot;background_background&quot;:&quot;slideshow&quot;,&quot;background_slideshow_gallery&quot;:[{&quot;id&quot;:4641,&quot;url&quot;:&quot;https:\\\/\\\/balagueraabogados.com\\\/wp-content\\\/uploads\\\/2023\\\/05\\\/pexels-brett-sayles-2479312-scaled.jpg&quot;}],&quot;background_slideshow_loop&quot;:&quot;yes&quot;,&quot;background_slideshow_slide_duration&quot;:5000,&quot;background_slideshow_slide_transition&quot;:&quot;fade&quot;,&quot;background_slideshow_transition_duration&quot;:500}\">\n\t\t\t\t\t<div class=\"e-con-inner\">\n\t\t<div class=\"elementor-element elementor-element-7f8c1b3 e-flex e-con-boxed wpr-particle-no wpr-jarallax-no wpr-parallax-no wpr-sticky-section-no e-con e-parent\" data-id=\"7f8c1b3\" data-element_type=\"container\">\n\t\t\t\t\t<div class=\"e-con-inner\">\n\t\t\t\t<div class=\"elementor-element elementor-element-e49113a elementor-widget elementor-widget-heading\" data-id=\"e49113a\" data-element_type=\"widget\" data-widget_type=\"heading.default\">\n\t\t\t\t<div class=\"elementor-widget-container\">\n\t\t\t\t\t<h2 class=\"elementor-heading-title elementor-size-default\">Derechos de Autor<\/h2>\t\t\t\t<\/div>\n\t\t\t\t<\/div>\n\t\t<div class=\"elementor-element elementor-element-a32ca07 e-flex e-con-boxed wpr-particle-no wpr-jarallax-no wpr-parallax-no wpr-sticky-section-no e-con e-parent\" data-id=\"a32ca07\" data-element_type=\"container\">\n\t\t\t\t\t<div class=\"e-con-inner\">\n\t\t<div class=\"elementor-element elementor-element-5eacce3 e-flex e-con-boxed wpr-particle-no wpr-jarallax-no wpr-parallax-no wpr-sticky-section-no e-con e-parent\" data-id=\"5eacce3\" data-element_type=\"container\">\n\t\t\t\t\t<div class=\"e-con-inner\">\n\t\t\t\t\t<\/div>\n\t\t\t\t<\/div>\n\t\t<div class=\"elementor-element elementor-element-497e976 e-flex e-con-boxed wpr-particle-no wpr-jarallax-no wpr-parallax-no wpr-sticky-section-no e-con e-parent\" data-id=\"497e976\" data-element_type=\"container\">\n\t\t\t\t\t<div class=\"e-con-inner\">\n\t\t\t\t<div class=\"elementor-element elementor-element-d076718 elementor-widget elementor-widget-text-editor\" data-id=\"d076718\" data-element_type=\"widget\" data-widget_type=\"text-editor.default\">\n\t\t\t\t<div class=\"elementor-widget-container\">\n\t\t\t\t\t\t\t\t\t<p><span style=\"font-weight: 400;\">Gestionamos los derechos patrimoniales y morales de los autores de los diferentes elementos de derechos de autor protegibles en Colombia. Paralelamente, identificamos posibles violaciones de derechos conferidos por la Direcci\u00f3n Nacional de Derechos de Autor, la tasaci\u00f3n de sus perjuicios y el inicio de las acciones jurisdiccionales pertinentes. <\/span><\/p>\t\t\t\t\t\t\t\t<\/div>\n\t\t\t\t<\/div>\n\t\t\t\t\t<\/div>\n\t\t\t\t<\/div>\n\t\t\t\t\t<\/div>\n\t\t\t\t<\/div>\n\t\t\t\t\t<\/div>\n\t\t\t\t<\/div>\n\t\t\t\t\t<\/div>\n\t\t\t\t<\/div>\n\t\t<div class=\"elementor-element elementor-element-f425ea7 e-flex e-con-boxed wpr-particle-no wpr-jarallax-no wpr-parallax-no wpr-sticky-section-no e-con e-parent\" data-id=\"f425ea7\" data-element_type=\"container\">\n\t\t\t\t\t<div class=\"e-con-inner\">\n\t\t<div class=\"elementor-element elementor-element-a052ac9 e-con-full e-flex wpr-particle-no wpr-jarallax-no wpr-parallax-no wpr-sticky-section-no e-con e-parent\" data-id=\"a052ac9\" data-element_type=\"container\">\n\t\t\t\t<div class=\"elementor-element elementor-element-1f124a9 elementor-widget elementor-widget-text-editor\" data-id=\"1f124a9\" data-element_type=\"widget\" data-widget_type=\"text-editor.default\">\n\t\t\t\t<div class=\"elementor-widget-container\">\n\t\t\t\t\t\t\t\t\t<h4 style=\"text-align: center;\">\u00bfQu\u00e9 son los derechos de autor?<\/h4><p><span style=\"font-weight: 400;\">Los derechos de autor en Colombia se refieren a los derechos legales que protegen las creaciones originales de autor, como obras literarias, art\u00edsticas, cient\u00edficas y audiovisuales. Estos derechos otorgan al creador o titular de la obra el control exclusivo sobre el uso y la explotaci\u00f3n de su creaci\u00f3n, as\u00ed como el derecho a recibir reconocimiento y compensaci\u00f3n por su trabajo.<\/span><\/p><div>\u00a0<\/div>\t\t\t\t\t\t\t\t<\/div>\n\t\t\t\t<\/div>\n\t\t\t\t<\/div>\n\t\t<div class=\"elementor-element elementor-element-2120993 e-con-full e-flex wpr-particle-no wpr-jarallax-no wpr-parallax-no wpr-sticky-section-no e-con e-parent\" data-id=\"2120993\" data-element_type=\"container\">\n\t\t\t\t<div class=\"elementor-element elementor-element-e80eb7a elementor-widget elementor-widget-accordion\" data-id=\"e80eb7a\" data-element_type=\"widget\" data-widget_type=\"accordion.default\">\n\t\t\t\t<div class=\"elementor-widget-container\">\n\t\t\t\t\t\t\t<div class=\"elementor-accordion\">\n\t\t\t\t\t\t\t<div class=\"elementor-accordion-item\">\n\t\t\t\t\t<div id=\"elementor-tab-title-2431\" class=\"elementor-tab-title\" data-tab=\"1\" role=\"button\" aria-controls=\"elementor-tab-content-2431\" aria-expanded=\"false\">\n\t\t\t\t\t\t\t\t\t\t\t\t\t<span class=\"elementor-accordion-icon elementor-accordion-icon-left\" aria-hidden=\"true\">\n\t\t\t\t\t\t\t\t\t\t\t\t\t\t\t<span class=\"elementor-accordion-icon-closed\"><i class=\"fas fa-plus\"><\/i><\/span>\n\t\t\t\t\t\t\t\t<span class=\"elementor-accordion-icon-opened\"><i class=\"fas fa-minus\"><\/i><\/span>\n\t\t\t\t\t\t\t\t\t\t\t\t\t\t<\/span>\n\t\t\t\t\t\t\t\t\t\t\t\t<a class=\"elementor-accordion-title\" tabindex=\"0\">\u00bfCu\u00e1nto tiempo dura la protecci\u00f3n que otorga el sistema de derechos de autor?<\/a>\n\t\t\t\t\t<\/div>\n\t\t\t\t\t<div id=\"elementor-tab-content-2431\" class=\"elementor-tab-content elementor-clearfix\" data-tab=\"1\" role=\"region\" aria-labelledby=\"elementor-tab-title-2431\"><p><span style=\"font-weight: 400;\">En general, los derechos de autor tienen una duraci\u00f3n que abarca toda la vida del autor y se extiende por 80 a\u00f1os despu\u00e9s de su fallecimiento. Sin embargo, existen algunas excepciones y plazos diferentes para ciertos tipos de obras, como las obras colectivas y las obras an\u00f3nimas.<\/span><\/p><\/div>\n\t\t\t\t<\/div>\n\t\t\t\t\t\t\t<div class=\"elementor-accordion-item\">\n\t\t\t\t\t<div id=\"elementor-tab-title-2432\" class=\"elementor-tab-title\" data-tab=\"2\" role=\"button\" aria-controls=\"elementor-tab-content-2432\" aria-expanded=\"false\">\n\t\t\t\t\t\t\t\t\t\t\t\t\t<span class=\"elementor-accordion-icon elementor-accordion-icon-left\" aria-hidden=\"true\">\n\t\t\t\t\t\t\t\t\t\t\t\t\t\t\t<span class=\"elementor-accordion-icon-closed\"><i class=\"fas fa-plus\"><\/i><\/span>\n\t\t\t\t\t\t\t\t<span class=\"elementor-accordion-icon-opened\"><i class=\"fas fa-minus\"><\/i><\/span>\n\t\t\t\t\t\t\t\t\t\t\t\t\t\t<\/span>\n\t\t\t\t\t\t\t\t\t\t\t\t<a class=\"elementor-accordion-title\" tabindex=\"0\">\u00bfEn qu\u00e9 consisten los derechos exclusivos de autor?<\/a>\n\t\t\t\t\t<\/div>\n\t\t\t\t\t<div id=\"elementor-tab-content-2432\" class=\"elementor-tab-content elementor-clearfix\" data-tab=\"2\" role=\"region\" aria-labelledby=\"elementor-tab-title-2432\"><p><span style=\"font-weight: 400;\">Los titulares de derechos de autor tienen el derecho exclusivo de autorizar o prohibir la reproducci\u00f3n, distribuci\u00f3n, comunicaci\u00f3n p\u00fablica, adaptaci\u00f3n y traducci\u00f3n de sus obras. Esto significa que nadie m\u00e1s puede utilizar la obra sin el consentimiento del titular, a menos que se aplique una excepci\u00f3n o limitaci\u00f3n establecida por la ley.<\/span><\/p><\/div>\n\t\t\t\t<\/div>\n\t\t\t\t\t\t\t<div class=\"elementor-accordion-item\">\n\t\t\t\t\t<div id=\"elementor-tab-title-2433\" class=\"elementor-tab-title\" data-tab=\"3\" role=\"button\" aria-controls=\"elementor-tab-content-2433\" aria-expanded=\"false\">\n\t\t\t\t\t\t\t\t\t\t\t\t\t<span class=\"elementor-accordion-icon elementor-accordion-icon-left\" aria-hidden=\"true\">\n\t\t\t\t\t\t\t\t\t\t\t\t\t\t\t<span class=\"elementor-accordion-icon-closed\"><i class=\"fas fa-plus\"><\/i><\/span>\n\t\t\t\t\t\t\t\t<span class=\"elementor-accordion-icon-opened\"><i class=\"fas fa-minus\"><\/i><\/span>\n\t\t\t\t\t\t\t\t\t\t\t\t\t\t<\/span>\n\t\t\t\t\t\t\t\t\t\t\t\t<a class=\"elementor-accordion-title\" tabindex=\"0\">\u00bfCu\u00e1l es la diferencia entre derechos morales y derechos patrimoniales de autor?<\/a>\n\t\t\t\t\t<\/div>\n\t\t\t\t\t<div id=\"elementor-tab-content-2433\" class=\"elementor-tab-content elementor-clearfix\" data-tab=\"3\" role=\"region\" aria-labelledby=\"elementor-tab-title-2433\"><p><span style=\"font-weight: 400;\">Los derechos morales se refieren al v\u00ednculo personal y emocional del autor con su obra. Incluyen el derecho al reconocimiento de autor\u00eda, la integridad de la obra, la oposici\u00f3n a modificaciones perjudiciales y el derecho al retiro de la obra. Estos derechos son inalienables y no pueden ser transferidos, y su objetivo principal es proteger la dignidad y el prestigio del autor.<\/span><\/p><p><span style=\"font-weight: 400;\">Por otro lado, los derechos patrimoniales se centran en los aspectos econ\u00f3micos y comerciales de la obra. Incluyen el derecho de reproducci\u00f3n, distribuci\u00f3n, comunicaci\u00f3n p\u00fablica y adaptaci\u00f3n de la obra. Estos derechos son transferibles y permiten al autor obtener beneficios econ\u00f3micos al controlar la explotaci\u00f3n comercial de su obra. Su duraci\u00f3n y alcance pueden variar seg\u00fan la legislaci\u00f3n de cada pa\u00eds.<\/span><\/p><\/div>\n\t\t\t\t<\/div>\n\t\t\t\t\t\t\t<div class=\"elementor-accordion-item\">\n\t\t\t\t\t<div id=\"elementor-tab-title-2434\" class=\"elementor-tab-title\" data-tab=\"4\" role=\"button\" aria-controls=\"elementor-tab-content-2434\" aria-expanded=\"false\">\n\t\t\t\t\t\t\t\t\t\t\t\t\t<span class=\"elementor-accordion-icon elementor-accordion-icon-left\" aria-hidden=\"true\">\n\t\t\t\t\t\t\t\t\t\t\t\t\t\t\t<span class=\"elementor-accordion-icon-closed\"><i class=\"fas fa-plus\"><\/i><\/span>\n\t\t\t\t\t\t\t\t<span class=\"elementor-accordion-icon-opened\"><i class=\"fas fa-minus\"><\/i><\/span>\n\t\t\t\t\t\t\t\t\t\t\t\t\t\t<\/span>\n\t\t\t\t\t\t\t\t\t\t\t\t<a class=\"elementor-accordion-title\" tabindex=\"0\">\u00bfLa protecci\u00f3n de derechos de autor solo tiene cobertura en Colombia?<\/a>\n\t\t\t\t\t<\/div>\n\t\t\t\t\t<div id=\"elementor-tab-content-2434\" class=\"elementor-tab-content elementor-clearfix\" data-tab=\"4\" role=\"region\" aria-labelledby=\"elementor-tab-title-2434\"><p><span style=\"font-weight: 400;\">Colombia es miembro de los principales tratados internacionales sobre derechos de autor, como el Convenio de Berna y el Tratado de la OMPI sobre Derecho de Autor. Esto brinda protecci\u00f3n a los autores colombianos en otros pa\u00edses y permite el reconocimiento y protecci\u00f3n de obras extranjeras en Colombia.<\/span><\/p><\/div>\n\t\t\t\t<\/div>\n\t\t\t\t\t\t\t<div class=\"elementor-accordion-item\">\n\t\t\t\t\t<div id=\"elementor-tab-title-2435\" class=\"elementor-tab-title\" data-tab=\"5\" role=\"button\" aria-controls=\"elementor-tab-content-2435\" aria-expanded=\"false\">\n\t\t\t\t\t\t\t\t\t\t\t\t\t<span class=\"elementor-accordion-icon elementor-accordion-icon-left\" aria-hidden=\"true\">\n\t\t\t\t\t\t\t\t\t\t\t\t\t\t\t<span class=\"elementor-accordion-icon-closed\"><i class=\"fas fa-plus\"><\/i><\/span>\n\t\t\t\t\t\t\t\t<span class=\"elementor-accordion-icon-opened\"><i class=\"fas fa-minus\"><\/i><\/span>\n\t\t\t\t\t\t\t\t\t\t\t\t\t\t<\/span>\n\t\t\t\t\t\t\t\t\t\t\t\t<a class=\"elementor-accordion-title\" tabindex=\"0\">\u00bfA partir de cu\u00e1ndo empieza la protecci\u00f3n de derechos de autor?<\/a>\n\t\t\t\t\t<\/div>\n\t\t\t\t\t<div id=\"elementor-tab-content-2435\" class=\"elementor-tab-content elementor-clearfix\" data-tab=\"5\" role=\"region\" aria-labelledby=\"elementor-tab-title-2435\"><p><span style=\"font-weight: 400;\">En Colombia, la protecci\u00f3n de los derechos de autor comienza autom\u00e1ticamente en el momento en que se crea una obra original. No se requiere un registro formal ni cumplir con ning\u00fan otro requisito espec\u00edfico para que la protecci\u00f3n inicie.<\/span><\/p><p><span style=\"font-weight: 400;\">Seg\u00fan la Ley de Derechos de Autor en Colombia (Ley 23 de 1982) y la Decisi\u00f3n 353 de 1993 la protecci\u00f3n de los derechos de autor se establece desde el momento mismo de la creaci\u00f3n de la obra. Esto significa que, tan pronto como una obra literaria, art\u00edstica, cient\u00edfica, musical, audiovisual u otra obra protegible sea expresada de manera tangible, como por escrito, grabaci\u00f3n, dibujo, pintura, fotograf\u00eda, entre otros, los derechos de autor se aplican.<\/span><\/p><p><span style=\"font-weight: 400;\">Es importante tener en cuenta que la protecci\u00f3n de los derechos de autor se aplica a todas las obras originales, sin importar si se han publicado o se mantienen in\u00e9ditas. No obstante, en algunos casos, como la defensa de los derechos en un tribunal, puede ser recomendable contar con pruebas de la fecha de creaci\u00f3n de la obra, como registros de env\u00edo postal certificado, registros notariales u otros medios que permitan demostrar la autor\u00eda y la fecha de creaci\u00f3n.<\/span><\/p><p><span style=\"font-weight: 400;\">Es fundamental mencionar que, aunque los derechos de autor se otorgan autom\u00e1ticamente, registrar la obra en la Direcci\u00f3n Nacional de Derechos de Autor (DNDA) o en otras entidades de propiedad intelectual puede ser beneficioso para facilitar la protecci\u00f3n y proporcionar evidencia adicional en caso de disputas o litigios relacionados con los derechos de autor.<\/span><\/p><\/div>\n\t\t\t\t<\/div>\n\t\t\t\t\t\t\t<div class=\"elementor-accordion-item\">\n\t\t\t\t\t<div id=\"elementor-tab-title-2436\" class=\"elementor-tab-title\" data-tab=\"6\" role=\"button\" aria-controls=\"elementor-tab-content-2436\" aria-expanded=\"false\">\n\t\t\t\t\t\t\t\t\t\t\t\t\t<span class=\"elementor-accordion-icon elementor-accordion-icon-left\" aria-hidden=\"true\">\n\t\t\t\t\t\t\t\t\t\t\t\t\t\t\t<span class=\"elementor-accordion-icon-closed\"><i class=\"fas fa-plus\"><\/i><\/span>\n\t\t\t\t\t\t\t\t<span class=\"elementor-accordion-icon-opened\"><i class=\"fas fa-minus\"><\/i><\/span>\n\t\t\t\t\t\t\t\t\t\t\t\t\t\t<\/span>\n\t\t\t\t\t\t\t\t\t\t\t\t<a class=\"elementor-accordion-title\" tabindex=\"0\">\u00bfQu\u00e9 es la Decisi\u00f3n 353 de 1993 y d\u00f3nde tiene aplicaci\u00f3n?<\/a>\n\t\t\t\t\t<\/div>\n\t\t\t\t\t<div id=\"elementor-tab-content-2436\" class=\"elementor-tab-content elementor-clearfix\" data-tab=\"6\" role=\"region\" aria-labelledby=\"elementor-tab-title-2436\"><p><span style=\"font-weight: 400;\">La Decisi\u00f3n 353 de 1993 es un instrumento jur\u00eddico adoptado por la Comunidad Andina (anteriormente conocida como Pacto Andino), una organizaci\u00f3n regional conformada por los pa\u00edses de Bolivia, Colombia, Ecuador, Per\u00fa y, desde 2006, tambi\u00e9n por Venezuela.<\/span><\/p><p><span style=\"font-weight: 400;\">La Decisi\u00f3n 353 establece el r\u00e9gimen com\u00fan sobre derechos de autor y derechos conexos en los pa\u00edses miembros de la Comunidad Andina. Su objetivo principal es armonizar las legislaciones nacionales en materia de derechos de autor, facilitar la protecci\u00f3n y el ejercicio de estos derechos en la regi\u00f3n, y promover la cooperaci\u00f3n y el intercambio de obras y servicios culturales entre los pa\u00edses andinos.<\/span><\/p><p><span style=\"font-weight: 400;\">Entre los aspectos principales abordados por la Decisi\u00f3n 353 se encuentran:<\/span><\/p><ul><li style=\"font-weight: 400;\" aria-level=\"1\"><span style=\"font-weight: 400;\">Definici\u00f3n y alcance de los derechos de autor y derechos conexos.<\/span><\/li><li style=\"font-weight: 400;\" aria-level=\"1\"><span style=\"font-weight: 400;\">Plazo de protecci\u00f3n de los derechos de autor y derechos conexos.<\/span><\/li><li style=\"font-weight: 400;\" aria-level=\"1\"><span style=\"font-weight: 400;\">Limitaciones y excepciones a los derechos de autor.<\/span><\/li><li style=\"font-weight: 400;\" aria-level=\"1\"><span style=\"font-weight: 400;\">Derechos econ\u00f3micos y derechos morales de los autores.<\/span><\/li><li style=\"font-weight: 400;\" aria-level=\"1\"><span style=\"font-weight: 400;\">R\u00e9gimen de gesti\u00f3n colectiva de derechos de autor.<\/span><\/li><li style=\"font-weight: 400;\" aria-level=\"1\"><span style=\"font-weight: 400;\">Protecci\u00f3n de los derechos en el \u00e1mbito digital y tecnol\u00f3gico.Cooperaci\u00f3n y armonizaci\u00f3n en materia de legislaci\u00f3n y administraci\u00f3n de derechos de autor entre los pa\u00edses miembros.<\/span><\/li><li style=\"font-weight: 400;\" aria-level=\"1\"><span style=\"font-weight: 400;\">La Decisi\u00f3n 353 de 1993 tiene aplicaci\u00f3n directa en los pa\u00edses miembros de la Comunidad Andina: Bolivia, Colombia, Ecuador, Per\u00fa y Venezuela. Estos pa\u00edses est\u00e1n obligados a adoptar y aplicar las disposiciones de la decisi\u00f3n en sus legislaciones nacionales, asegurando as\u00ed una mayor armonizaci\u00f3n y coherencia en la protecci\u00f3n de los derechos de autor en la regi\u00f3n andina.<\/span><\/li><\/ul><p><span style=\"font-weight: 400;\">Es importante destacar que, debido a los cambios pol\u00edticos y jur\u00eddicos ocurridos en Venezuela desde 2016, la participaci\u00f3n del pa\u00eds en los procesos de la Comunidad Andina ha sido suspendida, aunque la Decisi\u00f3n 353 sigue siendo aplicable en los otros pa\u00edses miembros.<\/span><\/p><\/div>\n\t\t\t\t<\/div>\n\t\t\t\t\t\t\t\t<\/div>\n\t\t\t\t\t\t<\/div>\n\t\t\t\t<\/div>\n\t\t\t\t<\/div>\n\t\t\t\t\t<\/div>\n\t\t\t\t<\/div>\n\t\t\t\t<\/div>\n\t\t","protected":false},"excerpt":{"rendered":"<p>Derechos de Autor Gestionamos los derechos patrimoniales y morales de los autores de los diferentes elementos de derechos de autor protegibles en Colombia. Paralelamente, identificamos posibles violaciones de derechos conferidos por la Direcci\u00f3n Nacional de Derechos de Autor, la tasaci\u00f3n de sus perjuicios y el inicio de las acciones jurisdiccionales pertinentes. \u00bfQu\u00e9 son los derechos de autor? Los derechos de autor en Colombia se refieren a los derechos legales que protegen las creaciones originales de autor, como obras literarias, art\u00edsticas, cient\u00edficas y audiovisuales. Estos derechos otorgan al creador o titular de la obra el control exclusivo sobre el uso y la explotaci\u00f3n de su creaci\u00f3n, as\u00ed como el derecho a recibir reconocimiento y compensaci\u00f3n por su trabajo. \u00a0 \u00bfCu\u00e1nto tiempo dura la protecci\u00f3n que otorga el sistema de derechos de autor? En general, los derechos de autor tienen una duraci\u00f3n que abarca toda la vida del autor y se extiende por 80 a\u00f1os despu\u00e9s de su fallecimiento. Sin embargo, existen algunas excepciones y plazos diferentes para ciertos tipos de obras, como las obras colectivas y las obras an\u00f3nimas. \u00bfEn qu\u00e9 consisten los derechos exclusivos de autor? Los titulares de derechos de autor tienen el derecho exclusivo de autorizar o prohibir la reproducci\u00f3n, distribuci\u00f3n, comunicaci\u00f3n p\u00fablica, adaptaci\u00f3n y traducci\u00f3n de sus obras. Esto significa que nadie m\u00e1s puede utilizar la obra sin el consentimiento del titular, a menos que se aplique una excepci\u00f3n o limitaci\u00f3n establecida por la ley. \u00bfCu\u00e1l es la diferencia entre derechos morales y derechos patrimoniales de autor? Los derechos morales se refieren al v\u00ednculo personal y emocional del autor con su obra. Incluyen el derecho al reconocimiento de autor\u00eda, la integridad de la obra, la oposici\u00f3n a modificaciones perjudiciales y el derecho al retiro de la obra. Estos derechos son inalienables y no pueden ser transferidos, y su objetivo principal es proteger la dignidad y el prestigio del autor. Por otro lado, los derechos patrimoniales se centran en los aspectos econ\u00f3micos y comerciales de la obra. Incluyen el derecho de reproducci\u00f3n, distribuci\u00f3n, comunicaci\u00f3n p\u00fablica y adaptaci\u00f3n de la obra. Estos derechos son transferibles y permiten al autor obtener beneficios econ\u00f3micos al controlar la explotaci\u00f3n comercial de su obra. Su duraci\u00f3n y alcance pueden variar seg\u00fan la legislaci\u00f3n de cada pa\u00eds. \u00bfLa protecci\u00f3n de derechos de autor solo tiene cobertura en Colombia? Colombia es miembro de los principales tratados internacionales sobre derechos de autor, como el Convenio de Berna y el Tratado de la OMPI sobre Derecho de Autor. Esto brinda protecci\u00f3n a los autores colombianos en otros pa\u00edses y permite el reconocimiento y protecci\u00f3n de obras extranjeras en Colombia. \u00bfA partir de cu\u00e1ndo empieza la protecci\u00f3n de derechos de autor? En Colombia, la protecci\u00f3n de los derechos de autor comienza autom\u00e1ticamente en el momento en que se crea una obra original. No se requiere un registro formal ni cumplir con ning\u00fan otro requisito espec\u00edfico para que la protecci\u00f3n inicie. Seg\u00fan la Ley de Derechos de Autor en Colombia (Ley 23 de 1982) y la Decisi\u00f3n 353 de 1993 la protecci\u00f3n de los derechos de autor se establece desde el momento mismo de la creaci\u00f3n de la obra. Esto significa que, tan pronto como una obra literaria, art\u00edstica, cient\u00edfica, musical, audiovisual u otra obra protegible sea expresada de manera tangible, como por escrito, grabaci\u00f3n, dibujo, pintura, fotograf\u00eda, entre otros, los derechos de autor se aplican. Es importante tener en cuenta que la protecci\u00f3n de los derechos de autor se aplica a todas las obras originales, sin importar si se han publicado o se mantienen in\u00e9ditas. No obstante, en algunos casos, como la defensa de los derechos en un tribunal, puede ser recomendable contar con pruebas de la fecha de creaci\u00f3n de la obra, como registros de env\u00edo postal certificado, registros notariales u otros medios que permitan demostrar la autor\u00eda y la fecha de creaci\u00f3n. Es fundamental mencionar que, aunque los derechos de autor se otorgan autom\u00e1ticamente, registrar la obra en la Direcci\u00f3n Nacional de Derechos de Autor (DNDA) o en otras entidades de propiedad intelectual puede ser beneficioso para facilitar la protecci\u00f3n y proporcionar evidencia adicional en caso de disputas o litigios relacionados con los derechos de autor. \u00bfQu\u00e9 es la Decisi\u00f3n 353 de 1993 y d\u00f3nde tiene aplicaci\u00f3n? La Decisi\u00f3n 353 de 1993 es un instrumento jur\u00eddico adoptado por la Comunidad Andina (anteriormente conocida como Pacto Andino), una organizaci\u00f3n regional conformada por los pa\u00edses de Bolivia, Colombia, Ecuador, Per\u00fa y, desde 2006, tambi\u00e9n por Venezuela. La Decisi\u00f3n 353 establece el r\u00e9gimen com\u00fan sobre derechos de autor y derechos conexos en los pa\u00edses miembros de la Comunidad Andina. Su objetivo principal es armonizar las legislaciones nacionales en materia de derechos de autor, facilitar la protecci\u00f3n y el ejercicio de estos derechos en la regi\u00f3n, y promover la cooperaci\u00f3n y el intercambio de obras y servicios culturales entre los pa\u00edses andinos. Entre los aspectos principales abordados por la Decisi\u00f3n 353 se encuentran: Definici\u00f3n y alcance de los derechos de autor y derechos conexos. Plazo de protecci\u00f3n de los derechos de autor y derechos conexos. Limitaciones y excepciones a los derechos de autor. Derechos econ\u00f3micos y derechos morales de los autores. R\u00e9gimen de gesti\u00f3n colectiva de derechos de autor. Protecci\u00f3n de los derechos en el \u00e1mbito digital y tecnol\u00f3gico.Cooperaci\u00f3n y armonizaci\u00f3n en materia de legislaci\u00f3n y administraci\u00f3n de derechos de autor entre los pa\u00edses miembros. La Decisi\u00f3n 353 de 1993 tiene aplicaci\u00f3n directa en los pa\u00edses miembros de la Comunidad Andina: Bolivia, Colombia, Ecuador, Per\u00fa y Venezuela. Estos pa\u00edses est\u00e1n obligados a adoptar y aplicar las disposiciones de la decisi\u00f3n en sus legislaciones nacionales, asegurando as\u00ed una mayor armonizaci\u00f3n y coherencia en la protecci\u00f3n de los derechos de autor en la regi\u00f3n andina. Es importante destacar que, debido a los cambios pol\u00edticos y jur\u00eddicos ocurridos en Venezuela desde 2016, la participaci\u00f3n del pa\u00eds en los procesos de la Comunidad Andina ha sido suspendida, aunque la Decisi\u00f3n 353 sigue siendo aplicable en los otros pa\u00edses miembros.<\/p>\n","protected":false},"author":2,"featured_media":0,"parent":0,"menu_order":0,"comment_status":"closed","ping_status":"closed","template":"","meta":{"content-type":"","om_disable_all_campaigns":false,"_monsterinsights_skip_tracking":false,"_monsterinsights_sitenote_active":false,"_monsterinsights_sitenote_note":"","_monsterinsights_sitenote_category":0,"_uf_show_specific_survey":0,"_uf_disable_surveys":false,"site-sidebar-layout":"no-sidebar","site-content-layout":"page-builder","ast-site-content-layout":"","site-content-style":"default","site-sidebar-style":"default","ast-global-header-display":"","ast-banner-title-visibility":"","ast-main-header-display":"","ast-hfb-above-header-display":"","ast-hfb-below-header-display":"","ast-hfb-mobile-header-display":"","site-post-title":"disabled","ast-breadcrumbs-content":"","ast-featured-img":"disabled","footer-sml-layout":"","theme-transparent-header-meta":"","adv-header-id-meta":"","stick-header-meta":"","header-above-stick-meta":"","header-main-stick-meta":"","header-below-stick-meta":"","astra-migrate-meta-layouts":"","footnotes":""},"class_list":["post-5048","page","type-page","status-publish","hentry"],"aioseo_notices":[],"rttpg_featured_image_url":null,"rttpg_author":{"display_name":"arturo.admin","author_link":"https:\/\/balagueraabogados.com\/index.php\/author\/arturo-admin\/"},"rttpg_comment":0,"rttpg_category":null,"rttpg_excerpt":"Derechos de Autor Gestionamos los derechos patrimoniales y morales de los autores de los diferentes elementos de derechos de autor protegibles en Colombia. Paralelamente, identificamos posibles violaciones de derechos conferidos por la Direcci\u00f3n Nacional de Derechos de Autor, la tasaci\u00f3n de sus perjuicios y el inicio de las acciones jurisdiccionales pertinentes. \u00bfQu\u00e9 son los derechos&hellip;","_links":{"self":[{"href":"https:\/\/balagueraabogados.com\/index.php\/wp-json\/wp\/v2\/pages\/5048","targetHints":{"allow":["GET"]}}],"collection":[{"href":"https:\/\/balagueraabogados.com\/index.php\/wp-json\/wp\/v2\/pages"}],"about":[{"href":"https:\/\/balagueraabogados.com\/index.php\/wp-json\/wp\/v2\/types\/page"}],"author":[{"embeddable":true,"href":"https:\/\/balagueraabogados.com\/index.php\/wp-json\/wp\/v2\/users\/2"}],"replies":[{"embeddable":true,"href":"https:\/\/balagueraabogados.com\/index.php\/wp-json\/wp\/v2\/comments?post=5048"}],"version-history":[{"count":7,"href":"https:\/\/balagueraabogados.com\/index.php\/wp-json\/wp\/v2\/pages\/5048\/revisions"}],"predecessor-version":[{"id":5199,"href":"https:\/\/balagueraabogados.com\/index.php\/wp-json\/wp\/v2\/pages\/5048\/revisions\/5199"}],"wp:attachment":[{"href":"https:\/\/balagueraabogados.com\/index.php\/wp-json\/wp\/v2\/media?parent=5048"}],"curies":[{"name":"wp","href":"https:\/\/api.w.org\/{rel}","templated":true}]}}