{"id":59886,"date":"2024-10-09T12:02:04","date_gmt":"2024-10-09T12:02:04","guid":{"rendered":"https:\/\/balagueraabogados.com\/?page_id=59886"},"modified":"2025-05-17T00:53:00","modified_gmt":"2025-05-17T00:53:00","slug":"articulos","status":"publish","type":"page","link":"https:\/\/balagueraabogados.com\/index.php\/articulos\/","title":{"rendered":"Art\u00edculos"},"content":{"rendered":"\t\t<div data-elementor-type=\"wp-page\" data-elementor-id=\"59886\" class=\"elementor elementor-59886\">\n\t\t\t\t<div class=\"elementor-element elementor-element-79fd1ff e-flex e-con-boxed wpr-particle-no wpr-jarallax-no wpr-parallax-no wpr-sticky-section-no e-con e-parent\" data-id=\"79fd1ff\" data-element_type=\"container\">\n\t\t\t\t\t<div class=\"e-con-inner\">\n\t\t\t\t<div class=\"elementor-element elementor-element-c999caf elementor-widget elementor-widget-image\" data-id=\"c999caf\" data-element_type=\"widget\" data-widget_type=\"image.default\">\n\t\t\t\t<div class=\"elementor-widget-container\">\n\t\t\t\t\t\t\t\t\t\t\t\t\t\t\t<img fetchpriority=\"high\" decoding=\"async\" width=\"1024\" height=\"683\" src=\"https:\/\/balagueraabogados.com\/wp-content\/uploads\/2024\/12\/DSC05907-1024x683.jpg\" class=\"attachment-large size-large wp-image-69165\" alt=\"\" srcset=\"https:\/\/balagueraabogados.com\/wp-content\/uploads\/2024\/12\/DSC05907-1024x683.jpg 1024w, https:\/\/balagueraabogados.com\/wp-content\/uploads\/2024\/12\/DSC05907-300x200.jpg 300w, https:\/\/balagueraabogados.com\/wp-content\/uploads\/2024\/12\/DSC05907-768x512.jpg 768w, https:\/\/balagueraabogados.com\/wp-content\/uploads\/2024\/12\/DSC05907-1536x1024.jpg 1536w, https:\/\/balagueraabogados.com\/wp-content\/uploads\/2024\/12\/DSC05907-2048x1365.jpg 2048w, https:\/\/balagueraabogados.com\/wp-content\/uploads\/2024\/12\/DSC05907-18x12.jpg 18w, https:\/\/balagueraabogados.com\/wp-content\/uploads\/2024\/12\/DSC05907-600x400.jpg 600w\" sizes=\"(max-width: 1024px) 100vw, 1024px\" \/>\t\t\t\t\t\t\t\t\t\t\t\t\t\t\t<\/div>\n\t\t\t\t<\/div>\n\t\t\t\t\t<\/div>\n\t\t\t\t<\/div>\n\t\t<div class=\"elementor-element elementor-element-1dbffa4 e-flex e-con-boxed wpr-particle-no wpr-jarallax-no wpr-parallax-no wpr-sticky-section-no e-con e-parent\" data-id=\"1dbffa4\" data-element_type=\"container\">\n\t\t\t\t\t<div class=\"e-con-inner\">\n\t\t\t\t<div class=\"elementor-element elementor-element-66d180c tpg-border-bottom-enable section-title-style-style1 title_position_default title_hover_border_default title-default img_hover_animation_default readmore-btn-default-style grid-hover-overlay-type-always tpg-el-box-border-enable elementor-widget elementor-widget-tpg-grid-layout\" data-id=\"66d180c\" data-element_type=\"widget\" data-widget_type=\"tpg-grid-layout.default\">\n\t\t\t\t<div class=\"elementor-widget-container\">\n\t\t\t\t\t\t\t<div class=\"rt-container-fluid rt-tpg-container tpg-el-main-wrapper clearfix grid-layout4-main \"\n\t\t\t id=\"rt-tpg-container-451083123\"\n\t\t\t data-layout=\"grid-layout4\"\n\t\t\t data-grid-style=\"tpg-full-height\"\n\t\t\t data-sc-id=\"elementor\"\n\t\t\t data-el-settings=''\n\t\t\t data-el-query=''\n\t\t\t data-el-path=''\n\t\t>\n\t\t\t\t\t\t<div class='tpg-header-wrapper '>\n\t\t\t\t\n        <div class=\"tpg-widget-heading-wrapper rt-clear heading-style1 \">\n            <span class=\"tpg-widget-heading-line line-left\"><\/span>\n\t\t\t<h2 class='tpg-widget-heading'>\n\t\t\t\n\t\t\t\t                    <span>\n\t\t\t\t\t\tArticulos\t\t\t\t\t<\/span>\n\t\t\t\t\t\n\t\t\t\t\t\t\t<\/h2>            <span class=\"tpg-widget-heading-line line-right\"><\/span>\n\n\t\t\t\n        <\/div>\n\n\t\t\n\t\t\t\t\t<\/div>\n\n\t\t\t<div data-title=\"Loading ...\" class=\"rt-row rt-content-loader grid-layout4 grid-behaviour tpg-full-height grid_layout_wrapper\">\n\t\t\t\t\n<div class=\"rt-col-md-4 rt-col-sm-6 rt-col-xs-12 default rt-grid-item\" data-id=\"85747\">\n\t<div class=\"rt-holder tpg-post-holder\">\n\t\t<div class=\"rt-detail rt-el-content-wrapper\">\n\t\t\t\t\t\t\t<div class=\"rt-img-holder tpg-el-image-wrap has-thumbnail\">\n\t\t\t\t\t<a data-id=\"85747\" href=\"https:\/\/balagueraabogados.com\/index.php\/2025\/05\/04\/si-eres-empleador-esto-es-lo-que-debes-saber-sobre-la-sustitucion-patronal\/\" class=\"tpg-post-link\" target=\"_self\">                        <img decoding=\"async\" data-src=\"https:\/\/balagueraabogados.com\/wp-content\/uploads\/2025\/05\/2606569_5904-768x768.jpg\"\n                             class=\"rt-img-responsive lazyload\"\n                             width=\"768\"\n                             height=\"768\"\n                             alt=\"Si eres empleador, esto es lo que debes saber sobre la sustituci\u00f3n patronal.\" src=\"data:image\/svg+xml;base64,PHN2ZyB3aWR0aD0iMSIgaGVpZ2h0PSIxIiB4bWxucz0iaHR0cDovL3d3dy53My5vcmcvMjAwMC9zdmciPjwvc3ZnPg==\" style=\"--smush-placeholder-width: 768px; --smush-placeholder-aspect-ratio: 768\/768;\">\n\t\t\t\t\t\t\n\t\t\t\t\t\t\t\n\t\t<\/a>\n\t\t        <div class=\"overlay grid-hover-content\"><\/div>\n\t\t\t\t\t\t<\/div>\n\t\t\t\n\t\t\t<div class=\"entry-title-wrapper\"><h3 class=\"entry-title\"><a data-id=\"85747\" href=\"https:\/\/balagueraabogados.com\/index.php\/2025\/05\/04\/si-eres-empleador-esto-es-lo-que-debes-saber-sobre-la-sustitucion-patronal\/\" class=\"tpg-post-link\" target=\"_self\">Si eres empleador, esto es lo que debes saber sobre la sustituci\u00f3n patronal.<\/a><\/h3><\/div>\n\t\t\t\n\t\t\t\t\t\t\t<div class=\"tpg-excerpt tpg-el-excerpt\">\n\t\t\t\t\t\t\t\t\t\t\t<div class=\"tpg-excerpt-inner\">\n\t\t\t\t\t\t\tSi eres empleador, esto es lo que debes saber sobre la sustituci\u00f3n patronal. El empleador y el trabajador son los part\u00edcipes principales de las relaciones de trabajo desde el punto de vista jur\u00eddico...\t\t\t\t\t\t<\/div>\n\t\t\t\t\t\t\t\t\t\t\t\t\t\t<\/div>\n\t\t\t\n\t\t\t        <div class=\"post-footer\">\n            <div class=\"post-footer\">\n                <div class=\"read-more\">\n\t\t\t\t\t<a data-id=\"85747\" href=\"https:\/\/balagueraabogados.com\/index.php\/2025\/05\/04\/si-eres-empleador-esto-es-lo-que-debes-saber-sobre-la-sustitucion-patronal\/\" class=\"tpg-post-link\" target=\"_self\">Sigue leyendo<\/a>                <\/div>\n            <\/div>\n        <\/div>\n\t\t\t\t<\/div>\n\t<\/div>\n<\/div>\n\n<div class=\"rt-col-md-4 rt-col-sm-6 rt-col-xs-12 default rt-grid-item\" data-id=\"85752\">\n\t<div class=\"rt-holder tpg-post-holder\">\n\t\t<div class=\"rt-detail rt-el-content-wrapper\">\n\t\t\t\t\t\t\t<div class=\"rt-img-holder tpg-el-image-wrap has-thumbnail\">\n\t\t\t\t\t<a data-id=\"85752\" href=\"https:\/\/balagueraabogados.com\/index.php\/2025\/05\/04\/como-funciona-la-modalidad-de-trabajo-en-casa-en-colombia\/\" class=\"tpg-post-link\" target=\"_self\">                        <img decoding=\"async\" data-src=\"https:\/\/balagueraabogados.com\/wp-content\/uploads\/2025\/05\/cerrar-en-el-aula-virtual-768x512.jpg\"\n                             class=\"rt-img-responsive lazyload\"\n                             width=\"768\"\n                             height=\"512\"\n                             alt=\"\u00bfC\u00f3mo funciona la modalidad de trabajo en casa en Colombia?\" src=\"data:image\/svg+xml;base64,PHN2ZyB3aWR0aD0iMSIgaGVpZ2h0PSIxIiB4bWxucz0iaHR0cDovL3d3dy53My5vcmcvMjAwMC9zdmciPjwvc3ZnPg==\" style=\"--smush-placeholder-width: 768px; --smush-placeholder-aspect-ratio: 768\/512;\">\n\t\t\t\t\t\t\n\t\t\t\t\t\t\t\n\t\t<\/a>\n\t\t        <div class=\"overlay grid-hover-content\"><\/div>\n\t\t\t\t\t\t<\/div>\n\t\t\t\n\t\t\t<div class=\"entry-title-wrapper\"><h3 class=\"entry-title\"><a data-id=\"85752\" href=\"https:\/\/balagueraabogados.com\/index.php\/2025\/05\/04\/como-funciona-la-modalidad-de-trabajo-en-casa-en-colombia\/\" class=\"tpg-post-link\" target=\"_self\">\u00bfC\u00f3mo funciona la modalidad de trabajo en casa en Colombia?<\/a><\/h3><\/div>\n\t\t\t\n\t\t\t\t\t\t\t<div class=\"tpg-excerpt tpg-el-excerpt\">\n\t\t\t\t\t\t\t\t\t\t\t<div class=\"tpg-excerpt-inner\">\n\t\t\t\t\t\t\t\u00bfC\u00f3mo funciona la modalidad de trabajo en casa en Colombia? El siglo XXI trajo consigo innumerables cambios, pero sin duda en lo que m\u00e1s destaca es el avance tecnol\u00f3gico que ha envuelto al mundo y el...\t\t\t\t\t\t<\/div>\n\t\t\t\t\t\t\t\t\t\t\t\t\t\t<\/div>\n\t\t\t\n\t\t\t        <div class=\"post-footer\">\n            <div class=\"post-footer\">\n                <div class=\"read-more\">\n\t\t\t\t\t<a data-id=\"85752\" href=\"https:\/\/balagueraabogados.com\/index.php\/2025\/05\/04\/como-funciona-la-modalidad-de-trabajo-en-casa-en-colombia\/\" class=\"tpg-post-link\" target=\"_self\">Sigue leyendo<\/a>                <\/div>\n            <\/div>\n        <\/div>\n\t\t\t\t<\/div>\n\t<\/div>\n<\/div>\n\n<div class=\"rt-col-md-4 rt-col-sm-6 rt-col-xs-12 default rt-grid-item\" data-id=\"87303\">\n\t<div class=\"rt-holder tpg-post-holder\">\n\t\t<div class=\"rt-detail rt-el-content-wrapper\">\n\t\t\t\t\t\t\t<div class=\"rt-img-holder tpg-el-image-wrap has-thumbnail\">\n\t\t\t\t\t<a data-id=\"87303\" href=\"https:\/\/balagueraabogados.com\/index.php\/2025\/05\/15\/esto-es-lo-que-todo-empleador-debe-saber-sobre-el-derecho-a-la-asociacion-sindical\/\" class=\"tpg-post-link\" target=\"_self\">                        <img decoding=\"async\" data-src=\"https:\/\/balagueraabogados.com\/wp-content\/uploads\/2025\/05\/dos-hombres-de-negocios-confia-en-estrechar-la-mano-durante-una-reunion-en-la-oficina-el-exito-el-trato-el-saludo-y-el-concepto-de-socio-768x512.jpg\"\n                             class=\"rt-img-responsive lazyload\"\n                             width=\"768\"\n                             height=\"512\"\n                             alt=\"Esto es lo que todo empleador debe saber sobre el derecho a la asociaci\u00f3n sindical.\" src=\"data:image\/svg+xml;base64,PHN2ZyB3aWR0aD0iMSIgaGVpZ2h0PSIxIiB4bWxucz0iaHR0cDovL3d3dy53My5vcmcvMjAwMC9zdmciPjwvc3ZnPg==\" style=\"--smush-placeholder-width: 768px; --smush-placeholder-aspect-ratio: 768\/512;\">\n\t\t\t\t\t\t\n\t\t\t\t\t\t\t\n\t\t<\/a>\n\t\t        <div class=\"overlay grid-hover-content\"><\/div>\n\t\t\t\t\t\t<\/div>\n\t\t\t\n\t\t\t<div class=\"entry-title-wrapper\"><h3 class=\"entry-title\"><a data-id=\"87303\" href=\"https:\/\/balagueraabogados.com\/index.php\/2025\/05\/15\/esto-es-lo-que-todo-empleador-debe-saber-sobre-el-derecho-a-la-asociacion-sindical\/\" class=\"tpg-post-link\" target=\"_self\">Esto es lo que todo empleador debe saber sobre el derecho a la asociaci\u00f3n sindical.<\/a><\/h3><\/div>\n\t\t\t\n\t\t\t\t\t\t\t<div class=\"tpg-excerpt tpg-el-excerpt\">\n\t\t\t\t\t\t\t\t\t\t\t<div class=\"tpg-excerpt-inner\">\n\t\t\t\t\t\t\tEsto es lo que todo empleador debe saber sobre el derecho a la asociaci\u00f3n sindical. Cuando se inicia la reflexi\u00f3n sobre el derecho a la asociaci\u00f3n sindical es indispensable reconocer el principio de...\t\t\t\t\t\t<\/div>\n\t\t\t\t\t\t\t\t\t\t\t\t\t\t<\/div>\n\t\t\t\n\t\t\t        <div class=\"post-footer\">\n            <div class=\"post-footer\">\n                <div class=\"read-more\">\n\t\t\t\t\t<a data-id=\"87303\" href=\"https:\/\/balagueraabogados.com\/index.php\/2025\/05\/15\/esto-es-lo-que-todo-empleador-debe-saber-sobre-el-derecho-a-la-asociacion-sindical\/\" class=\"tpg-post-link\" target=\"_self\">Sigue leyendo<\/a>                <\/div>\n            <\/div>\n        <\/div>\n\t\t\t\t<\/div>\n\t<\/div>\n<\/div>\n\n<div class=\"rt-col-md-4 rt-col-sm-6 rt-col-xs-12 default rt-grid-item\" data-id=\"87315\">\n\t<div class=\"rt-holder tpg-post-holder\">\n\t\t<div class=\"rt-detail rt-el-content-wrapper\">\n\t\t\t\t\t\t\t<div class=\"rt-img-holder tpg-el-image-wrap has-thumbnail\">\n\t\t\t\t\t<a data-id=\"87315\" href=\"https:\/\/balagueraabogados.com\/index.php\/2025\/05\/15\/la-accion-de-tutela-como-mecanismo-de-proteccion-del-derecho-a-la-libertad-sindical\/\" class=\"tpg-post-link\" target=\"_self\">                        <img decoding=\"async\" data-src=\"https:\/\/balagueraabogados.com\/wp-content\/uploads\/2025\/05\/apreton-de-manos-en-primer-plano-de-ejecutivos-768x512.jpg\"\n                             class=\"rt-img-responsive lazyload\"\n                             width=\"768\"\n                             height=\"512\"\n                             alt=\"La acci\u00f3n de tutela como mecanismo de protecci\u00f3n del derecho a la libertad sindical.\" src=\"data:image\/svg+xml;base64,PHN2ZyB3aWR0aD0iMSIgaGVpZ2h0PSIxIiB4bWxucz0iaHR0cDovL3d3dy53My5vcmcvMjAwMC9zdmciPjwvc3ZnPg==\" style=\"--smush-placeholder-width: 768px; --smush-placeholder-aspect-ratio: 768\/512;\">\n\t\t\t\t\t\t\n\t\t\t\t\t\t\t\n\t\t<\/a>\n\t\t        <div class=\"overlay grid-hover-content\"><\/div>\n\t\t\t\t\t\t<\/div>\n\t\t\t\n\t\t\t<div class=\"entry-title-wrapper\"><h3 class=\"entry-title\"><a data-id=\"87315\" href=\"https:\/\/balagueraabogados.com\/index.php\/2025\/05\/15\/la-accion-de-tutela-como-mecanismo-de-proteccion-del-derecho-a-la-libertad-sindical\/\" class=\"tpg-post-link\" target=\"_self\">La acci\u00f3n de tutela como mecanismo de protecci\u00f3n del derecho a la libertad sindical.<\/a><\/h3><\/div>\n\t\t\t\n\t\t\t\t\t\t\t<div class=\"tpg-excerpt tpg-el-excerpt\">\n\t\t\t\t\t\t\t\t\t\t\t<div class=\"tpg-excerpt-inner\">\n\t\t\t\t\t\t\tLa acci\u00f3n de tutela como mecanismo de protecci\u00f3n del derecho a la libertad sindical. La acci\u00f3n de tutela es un mecanismo constitucional contemplado en el art\u00edculo 86 de la Constituci\u00f3n Pol\u00edtica de...\t\t\t\t\t\t<\/div>\n\t\t\t\t\t\t\t\t\t\t\t\t\t\t<\/div>\n\t\t\t\n\t\t\t        <div class=\"post-footer\">\n            <div class=\"post-footer\">\n                <div class=\"read-more\">\n\t\t\t\t\t<a data-id=\"87315\" href=\"https:\/\/balagueraabogados.com\/index.php\/2025\/05\/15\/la-accion-de-tutela-como-mecanismo-de-proteccion-del-derecho-a-la-libertad-sindical\/\" class=\"tpg-post-link\" target=\"_self\">Sigue leyendo<\/a>                <\/div>\n            <\/div>\n        <\/div>\n\t\t\t\t<\/div>\n\t<\/div>\n<\/div>\n\n<div class=\"rt-col-md-4 rt-col-sm-6 rt-col-xs-12 default rt-grid-item\" data-id=\"87321\">\n\t<div class=\"rt-holder tpg-post-holder\">\n\t\t<div class=\"rt-detail rt-el-content-wrapper\">\n\t\t\t\t\t\t\t<div class=\"rt-img-holder tpg-el-image-wrap has-thumbnail\">\n\t\t\t\t\t<a data-id=\"87321\" href=\"https:\/\/balagueraabogados.com\/index.php\/2025\/05\/15\/en-que-consiste-la-concurrencia-y-la-coexistencia-de-los-contratos-laborales\/\" class=\"tpg-post-link\" target=\"_self\">                        <img decoding=\"async\" data-src=\"https:\/\/balagueraabogados.com\/wp-content\/uploads\/2025\/05\/hombre-de-negocios-financiero-inspector-secretaria-haciendo-informe-calculo-o-comprobacion-balance-inspector-del-servicio-de-rentas-internas-revisando-el-documento-concepto-de-auditoria-768x512.jpg\"\n                             class=\"rt-img-responsive lazyload\"\n                             width=\"768\"\n                             height=\"512\"\n                             alt=\"En qu\u00e9 consiste la concurrencia y la coexistencia de los contratos laborales.\" src=\"data:image\/svg+xml;base64,PHN2ZyB3aWR0aD0iMSIgaGVpZ2h0PSIxIiB4bWxucz0iaHR0cDovL3d3dy53My5vcmcvMjAwMC9zdmciPjwvc3ZnPg==\" style=\"--smush-placeholder-width: 768px; --smush-placeholder-aspect-ratio: 768\/512;\">\n\t\t\t\t\t\t\n\t\t\t\t\t\t\t\n\t\t<\/a>\n\t\t        <div class=\"overlay grid-hover-content\"><\/div>\n\t\t\t\t\t\t<\/div>\n\t\t\t\n\t\t\t<div class=\"entry-title-wrapper\"><h3 class=\"entry-title\"><a data-id=\"87321\" href=\"https:\/\/balagueraabogados.com\/index.php\/2025\/05\/15\/en-que-consiste-la-concurrencia-y-la-coexistencia-de-los-contratos-laborales\/\" class=\"tpg-post-link\" target=\"_self\">En qu\u00e9 consiste la concurrencia y la coexistencia de los contratos laborales.<\/a><\/h3><\/div>\n\t\t\t\n\t\t\t\t\t\t\t<div class=\"tpg-excerpt tpg-el-excerpt\">\n\t\t\t\t\t\t\t\t\t\t\t<div class=\"tpg-excerpt-inner\">\n\t\t\t\t\t\t\tEn qu\u00e9 consiste la concurrencia y la coexistencia de los contratos laborales. Cuando se trata de contratos laborales tanto empleadores como trabajadores tienen que tener presente dos conceptos...\t\t\t\t\t\t<\/div>\n\t\t\t\t\t\t\t\t\t\t\t\t\t\t<\/div>\n\t\t\t\n\t\t\t        <div class=\"post-footer\">\n            <div class=\"post-footer\">\n                <div class=\"read-more\">\n\t\t\t\t\t<a data-id=\"87321\" href=\"https:\/\/balagueraabogados.com\/index.php\/2025\/05\/15\/en-que-consiste-la-concurrencia-y-la-coexistencia-de-los-contratos-laborales\/\" class=\"tpg-post-link\" target=\"_self\">Sigue leyendo<\/a>                <\/div>\n            <\/div>\n        <\/div>\n\t\t\t\t<\/div>\n\t<\/div>\n<\/div>\n\n<div class=\"rt-col-md-4 rt-col-sm-6 rt-col-xs-12 default rt-grid-item\" data-id=\"87326\">\n\t<div class=\"rt-holder tpg-post-holder\">\n\t\t<div class=\"rt-detail rt-el-content-wrapper\">\n\t\t\t\t\t\t\t<div class=\"rt-img-holder tpg-el-image-wrap has-thumbnail\">\n\t\t\t\t\t<a data-id=\"87326\" href=\"https:\/\/balagueraabogados.com\/index.php\/2025\/05\/15\/nociones-sobre-las-protecciones-que-se-ofrecen-por-parte-de-los-sistemas-de-pagos-electronicos-a-nivel-mundial\/\" class=\"tpg-post-link\" target=\"_self\">                        <img decoding=\"async\" data-src=\"https:\/\/balagueraabogados.com\/wp-content\/uploads\/2025\/05\/vista-lateral-adulto-pagando-con-tarjeta-768x512.jpg\"\n                             class=\"rt-img-responsive lazyload\"\n                             width=\"768\"\n                             height=\"512\"\n                             alt=\"Nociones sobre las protecciones que se ofrecen por parte de los sistemas de pagos electr\u00f3nicos a nivel mundial.\" src=\"data:image\/svg+xml;base64,PHN2ZyB3aWR0aD0iMSIgaGVpZ2h0PSIxIiB4bWxucz0iaHR0cDovL3d3dy53My5vcmcvMjAwMC9zdmciPjwvc3ZnPg==\" style=\"--smush-placeholder-width: 768px; --smush-placeholder-aspect-ratio: 768\/512;\">\n\t\t\t\t\t\t\n\t\t\t\t\t\t\t\n\t\t<\/a>\n\t\t        <div class=\"overlay grid-hover-content\"><\/div>\n\t\t\t\t\t\t<\/div>\n\t\t\t\n\t\t\t<div class=\"entry-title-wrapper\"><h3 class=\"entry-title\"><a data-id=\"87326\" href=\"https:\/\/balagueraabogados.com\/index.php\/2025\/05\/15\/nociones-sobre-las-protecciones-que-se-ofrecen-por-parte-de-los-sistemas-de-pagos-electronicos-a-nivel-mundial\/\" class=\"tpg-post-link\" target=\"_self\">Nociones sobre las protecciones que se ofrecen por parte de los sistemas de pagos electr\u00f3nicos a nivel mundial.<\/a><\/h3><\/div>\n\t\t\t\n\t\t\t\t\t\t\t<div class=\"tpg-excerpt tpg-el-excerpt\">\n\t\t\t\t\t\t\t\t\t\t\t<div class=\"tpg-excerpt-inner\">\n\t\t\t\t\t\t\tNociones sobre las protecciones que se ofrecen por parte de los sistemas de pagos electr\u00f3nicos a nivel mundial. Las tarjetas de cr\u00e9dito o d\u00e9bito se han vuelto productos bancarios muy recurridos por...\t\t\t\t\t\t<\/div>\n\t\t\t\t\t\t\t\t\t\t\t\t\t\t<\/div>\n\t\t\t\n\t\t\t        <div class=\"post-footer\">\n            <div class=\"post-footer\">\n                <div class=\"read-more\">\n\t\t\t\t\t<a data-id=\"87326\" href=\"https:\/\/balagueraabogados.com\/index.php\/2025\/05\/15\/nociones-sobre-las-protecciones-que-se-ofrecen-por-parte-de-los-sistemas-de-pagos-electronicos-a-nivel-mundial\/\" class=\"tpg-post-link\" target=\"_self\">Sigue leyendo<\/a>                <\/div>\n            <\/div>\n        <\/div>\n\t\t\t\t<\/div>\n\t<\/div>\n<\/div>\n\n<div class=\"rt-col-md-4 rt-col-sm-6 rt-col-xs-12 default rt-grid-item\" data-id=\"87331\">\n\t<div class=\"rt-holder tpg-post-holder\">\n\t\t<div class=\"rt-detail rt-el-content-wrapper\">\n\t\t\t\t\t\t\t<div class=\"rt-img-holder tpg-el-image-wrap has-thumbnail\">\n\t\t\t\t\t<a data-id=\"87331\" href=\"https:\/\/balagueraabogados.com\/index.php\/2025\/05\/15\/diferencia-entre-marca-patente-y-diseno-industrial\/\" class=\"tpg-post-link\" target=\"_self\">                        <img decoding=\"async\" data-src=\"https:\/\/balagueraabogados.com\/wp-content\/uploads\/2025\/05\/anteproyectos-arquitectonicos-768x1151.jpg\"\n                             class=\"rt-img-responsive lazyload\"\n                             width=\"768\"\n                             height=\"1151\"\n                             alt=\"Diferencia entre marca, patente y dise\u00f1o industrial.\" src=\"data:image\/svg+xml;base64,PHN2ZyB3aWR0aD0iMSIgaGVpZ2h0PSIxIiB4bWxucz0iaHR0cDovL3d3dy53My5vcmcvMjAwMC9zdmciPjwvc3ZnPg==\" style=\"--smush-placeholder-width: 768px; --smush-placeholder-aspect-ratio: 768\/1151;\">\n\t\t\t\t\t\t\n\t\t\t\t\t\t\t\n\t\t<\/a>\n\t\t        <div class=\"overlay grid-hover-content\"><\/div>\n\t\t\t\t\t\t<\/div>\n\t\t\t\n\t\t\t<div class=\"entry-title-wrapper\"><h3 class=\"entry-title\"><a data-id=\"87331\" href=\"https:\/\/balagueraabogados.com\/index.php\/2025\/05\/15\/diferencia-entre-marca-patente-y-diseno-industrial\/\" class=\"tpg-post-link\" target=\"_self\">Diferencia entre marca, patente y dise\u00f1o industrial.<\/a><\/h3><\/div>\n\t\t\t\n\t\t\t\t\t\t\t<div class=\"tpg-excerpt tpg-el-excerpt\">\n\t\t\t\t\t\t\t\t\t\t\t<div class=\"tpg-excerpt-inner\">\n\t\t\t\t\t\t\tDiferencia entre marca, patente y dise\u00f1o industrial. Si se observa con detenimiento la normatividad sobre propiedad industrial, se puede concluir que su objetivo final, m\u00e1s all\u00e1 de brindar...\t\t\t\t\t\t<\/div>\n\t\t\t\t\t\t\t\t\t\t\t\t\t\t<\/div>\n\t\t\t\n\t\t\t        <div class=\"post-footer\">\n            <div class=\"post-footer\">\n                <div class=\"read-more\">\n\t\t\t\t\t<a data-id=\"87331\" href=\"https:\/\/balagueraabogados.com\/index.php\/2025\/05\/15\/diferencia-entre-marca-patente-y-diseno-industrial\/\" class=\"tpg-post-link\" target=\"_self\">Sigue leyendo<\/a>                <\/div>\n            <\/div>\n        <\/div>\n\t\t\t\t<\/div>\n\t<\/div>\n<\/div>\n\n<div class=\"rt-col-md-4 rt-col-sm-6 rt-col-xs-12 default rt-grid-item\" data-id=\"87336\">\n\t<div class=\"rt-holder tpg-post-holder\">\n\t\t<div class=\"rt-detail rt-el-content-wrapper\">\n\t\t\t\t\t\t\t<div class=\"rt-img-holder tpg-el-image-wrap has-thumbnail\">\n\t\t\t\t\t<a data-id=\"87336\" href=\"https:\/\/balagueraabogados.com\/index.php\/2025\/05\/15\/diferencia-entre-patente-y-modelo-de-utilidad\/\" class=\"tpg-post-link\" target=\"_self\">                        <img decoding=\"async\" data-src=\"https:\/\/balagueraabogados.com\/wp-content\/uploads\/2025\/05\/mujer-de-alto-angulo-trabajando-como-economista-768x511.jpg\"\n                             class=\"rt-img-responsive lazyload\"\n                             width=\"768\"\n                             height=\"511\"\n                             alt=\"Diferencia entre patente y modelo de utilidad.\" src=\"data:image\/svg+xml;base64,PHN2ZyB3aWR0aD0iMSIgaGVpZ2h0PSIxIiB4bWxucz0iaHR0cDovL3d3dy53My5vcmcvMjAwMC9zdmciPjwvc3ZnPg==\" style=\"--smush-placeholder-width: 768px; --smush-placeholder-aspect-ratio: 768\/511;\">\n\t\t\t\t\t\t\n\t\t\t\t\t\t\t\n\t\t<\/a>\n\t\t        <div class=\"overlay grid-hover-content\"><\/div>\n\t\t\t\t\t\t<\/div>\n\t\t\t\n\t\t\t<div class=\"entry-title-wrapper\"><h3 class=\"entry-title\"><a data-id=\"87336\" href=\"https:\/\/balagueraabogados.com\/index.php\/2025\/05\/15\/diferencia-entre-patente-y-modelo-de-utilidad\/\" class=\"tpg-post-link\" target=\"_self\">Diferencia entre patente y modelo de utilidad.<\/a><\/h3><\/div>\n\t\t\t\n\t\t\t\t\t\t\t<div class=\"tpg-excerpt tpg-el-excerpt\">\n\t\t\t\t\t\t\t\t\t\t\t<div class=\"tpg-excerpt-inner\">\n\t\t\t\t\t\t\tDiferencia entre patente y modelo de utilidad. Las PATENTES DE INVENCI\u00d3N y PATENTE DE MODELOS DE UTILIDAD comparten entre s\u00ed algunos elementos exigidos por la normatividad, lo cual puede llegar a ser...\t\t\t\t\t\t<\/div>\n\t\t\t\t\t\t\t\t\t\t\t\t\t\t<\/div>\n\t\t\t\n\t\t\t        <div class=\"post-footer\">\n            <div class=\"post-footer\">\n                <div class=\"read-more\">\n\t\t\t\t\t<a data-id=\"87336\" href=\"https:\/\/balagueraabogados.com\/index.php\/2025\/05\/15\/diferencia-entre-patente-y-modelo-de-utilidad\/\" class=\"tpg-post-link\" target=\"_self\">Sigue leyendo<\/a>                <\/div>\n            <\/div>\n        <\/div>\n\t\t\t\t<\/div>\n\t<\/div>\n<\/div>\n\n<div class=\"rt-col-md-4 rt-col-sm-6 rt-col-xs-12 default rt-grid-item\" data-id=\"87341\">\n\t<div class=\"rt-holder tpg-post-holder\">\n\t\t<div class=\"rt-detail rt-el-content-wrapper\">\n\t\t\t\t\t\t\t<div class=\"rt-img-holder tpg-el-image-wrap has-thumbnail\">\n\t\t\t\t\t<a data-id=\"87341\" href=\"https:\/\/balagueraabogados.com\/index.php\/2025\/05\/15\/indemnizaciones-preestablecidas\/\" class=\"tpg-post-link\" target=\"_self\">                        <img decoding=\"async\" data-src=\"https:\/\/balagueraabogados.com\/wp-content\/uploads\/2025\/05\/gente-de-negocios-dandose-la-mano-terminando-la-reunion-768x513.jpg\"\n                             class=\"rt-img-responsive lazyload\"\n                             width=\"768\"\n                             height=\"513\"\n                             alt=\"Indemnizaciones preestablecidas.\" src=\"data:image\/svg+xml;base64,PHN2ZyB3aWR0aD0iMSIgaGVpZ2h0PSIxIiB4bWxucz0iaHR0cDovL3d3dy53My5vcmcvMjAwMC9zdmciPjwvc3ZnPg==\" style=\"--smush-placeholder-width: 768px; --smush-placeholder-aspect-ratio: 768\/513;\">\n\t\t\t\t\t\t\n\t\t\t\t\t\t\t\n\t\t<\/a>\n\t\t        <div class=\"overlay grid-hover-content\"><\/div>\n\t\t\t\t\t\t<\/div>\n\t\t\t\n\t\t\t<div class=\"entry-title-wrapper\"><h3 class=\"entry-title\"><a data-id=\"87341\" href=\"https:\/\/balagueraabogados.com\/index.php\/2025\/05\/15\/indemnizaciones-preestablecidas\/\" class=\"tpg-post-link\" target=\"_self\">Indemnizaciones preestablecidas.<\/a><\/h3><\/div>\n\t\t\t\n\t\t\t\t\t\t\t<div class=\"tpg-excerpt tpg-el-excerpt\">\n\t\t\t\t\t\t\t\t\t\t\t<div class=\"tpg-excerpt-inner\">\n\t\t\t\t\t\t\tIndemnizaciones preestablecidas. Es un sistema alterno a las reglas generales sobre prueba de la indemnizaci\u00f3n de perjuicios, seg\u00fan el Decreto reglamentario este sistema aplica para infracciones...\t\t\t\t\t\t<\/div>\n\t\t\t\t\t\t\t\t\t\t\t\t\t\t<\/div>\n\t\t\t\n\t\t\t        <div class=\"post-footer\">\n            <div class=\"post-footer\">\n                <div class=\"read-more\">\n\t\t\t\t\t<a data-id=\"87341\" href=\"https:\/\/balagueraabogados.com\/index.php\/2025\/05\/15\/indemnizaciones-preestablecidas\/\" class=\"tpg-post-link\" target=\"_self\">Sigue leyendo<\/a>                <\/div>\n            <\/div>\n        <\/div>\n\t\t\t\t<\/div>\n\t<\/div>\n<\/div>\n\n<div class=\"rt-col-md-4 rt-col-sm-6 rt-col-xs-12 default rt-grid-item\" data-id=\"87346\">\n\t<div class=\"rt-holder tpg-post-holder\">\n\t\t<div class=\"rt-detail rt-el-content-wrapper\">\n\t\t\t\t\t\t\t<div class=\"rt-img-holder tpg-el-image-wrap has-thumbnail\">\n\t\t\t\t\t<a data-id=\"87346\" href=\"https:\/\/balagueraabogados.com\/index.php\/2025\/05\/15\/de-que-forma-la-legislacion-actual-en-colombia-permite-el-desarrollo-de-modelos-economicos-basados-en-la-gestion-del-conocimiento\/\" class=\"tpg-post-link\" target=\"_self\">                        <img decoding=\"async\" data-src=\"https:\/\/balagueraabogados.com\/wp-content\/uploads\/2025\/05\/vista-recortada-del-documento-de-lectura-de-mujeres-empresarias-768x512.jpg\"\n                             class=\"rt-img-responsive lazyload\"\n                             width=\"768\"\n                             height=\"512\"\n                             alt=\"\u00bfDe qu\u00e9 forma la legislaci\u00f3n actual en Colombia, permite el desarrollo de modelos econ\u00f3micos basados en la gesti\u00f3n del conocimiento?\" src=\"data:image\/svg+xml;base64,PHN2ZyB3aWR0aD0iMSIgaGVpZ2h0PSIxIiB4bWxucz0iaHR0cDovL3d3dy53My5vcmcvMjAwMC9zdmciPjwvc3ZnPg==\" style=\"--smush-placeholder-width: 768px; --smush-placeholder-aspect-ratio: 768\/512;\">\n\t\t\t\t\t\t\n\t\t\t\t\t\t\t\n\t\t<\/a>\n\t\t        <div class=\"overlay grid-hover-content\"><\/div>\n\t\t\t\t\t\t<\/div>\n\t\t\t\n\t\t\t<div class=\"entry-title-wrapper\"><h3 class=\"entry-title\"><a data-id=\"87346\" href=\"https:\/\/balagueraabogados.com\/index.php\/2025\/05\/15\/de-que-forma-la-legislacion-actual-en-colombia-permite-el-desarrollo-de-modelos-economicos-basados-en-la-gestion-del-conocimiento\/\" class=\"tpg-post-link\" target=\"_self\">\u00bfDe qu\u00e9 forma la legislaci\u00f3n actual en Colombia, permite el desarrollo de modelos econ\u00f3micos basados en la gesti\u00f3n del conocimiento?<\/a><\/h3><\/div>\n\t\t\t\n\t\t\t\t\t\t\t<div class=\"tpg-excerpt tpg-el-excerpt\">\n\t\t\t\t\t\t\t\t\t\t\t<div class=\"tpg-excerpt-inner\">\n\t\t\t\t\t\t\t\u00bfDe qu\u00e9 forma la legislaci\u00f3n actual en Colombia, permite el desarrollo de modelos econ\u00f3micos basados en la gesti\u00f3n del conocimiento? Actualmente la ciencia, tecnolog\u00eda e innovaci\u00f3n son factores...\t\t\t\t\t\t<\/div>\n\t\t\t\t\t\t\t\t\t\t\t\t\t\t<\/div>\n\t\t\t\n\t\t\t        <div class=\"post-footer\">\n            <div class=\"post-footer\">\n                <div class=\"read-more\">\n\t\t\t\t\t<a data-id=\"87346\" href=\"https:\/\/balagueraabogados.com\/index.php\/2025\/05\/15\/de-que-forma-la-legislacion-actual-en-colombia-permite-el-desarrollo-de-modelos-economicos-basados-en-la-gestion-del-conocimiento\/\" class=\"tpg-post-link\" target=\"_self\">Sigue leyendo<\/a>                <\/div>\n            <\/div>\n        <\/div>\n\t\t\t\t<\/div>\n\t<\/div>\n<\/div>\n\n<div class=\"rt-col-md-4 rt-col-sm-6 rt-col-xs-12 default rt-grid-item\" data-id=\"87351\">\n\t<div class=\"rt-holder tpg-post-holder\">\n\t\t<div class=\"rt-detail rt-el-content-wrapper\">\n\t\t\t\t\t\t\t<div class=\"rt-img-holder tpg-el-image-wrap has-thumbnail\">\n\t\t\t\t\t<a data-id=\"87351\" href=\"https:\/\/balagueraabogados.com\/index.php\/2025\/05\/15\/presupuestos-exigidos-para-la-acreditacion-del-acto-de-competencia-desleal-de-descredito\/\" class=\"tpg-post-link\" target=\"_self\">                        <img decoding=\"async\" data-src=\"https:\/\/balagueraabogados.com\/wp-content\/uploads\/2025\/05\/mujer-asiatica-trabajando-traves-del-papeleo-768x513.jpg\"\n                             class=\"rt-img-responsive lazyload\"\n                             width=\"768\"\n                             height=\"513\"\n                             alt=\"Presupuestos exigidos para la acreditaci\u00f3n del acto de competencia desleal de descr\u00e9dito.\" src=\"data:image\/svg+xml;base64,PHN2ZyB3aWR0aD0iMSIgaGVpZ2h0PSIxIiB4bWxucz0iaHR0cDovL3d3dy53My5vcmcvMjAwMC9zdmciPjwvc3ZnPg==\" style=\"--smush-placeholder-width: 768px; --smush-placeholder-aspect-ratio: 768\/513;\">\n\t\t\t\t\t\t\n\t\t\t\t\t\t\t\n\t\t<\/a>\n\t\t        <div class=\"overlay grid-hover-content\"><\/div>\n\t\t\t\t\t\t<\/div>\n\t\t\t\n\t\t\t<div class=\"entry-title-wrapper\"><h3 class=\"entry-title\"><a data-id=\"87351\" href=\"https:\/\/balagueraabogados.com\/index.php\/2025\/05\/15\/presupuestos-exigidos-para-la-acreditacion-del-acto-de-competencia-desleal-de-descredito\/\" class=\"tpg-post-link\" target=\"_self\">Presupuestos exigidos para la acreditaci\u00f3n del acto de competencia desleal de descr\u00e9dito.<\/a><\/h3><\/div>\n\t\t\t\n\t\t\t\t\t\t\t<div class=\"tpg-excerpt tpg-el-excerpt\">\n\t\t\t\t\t\t\t\t\t\t\t<div class=\"tpg-excerpt-inner\">\n\t\t\t\t\t\t\tPresupuestos exigidos para la acreditaci\u00f3n del acto de competencia desleal de descr\u00e9dito. Bien se sabe que los actos de competencia desleal, son actos revestidos de mala fe. Estos alteran il\u00edcitamente...\t\t\t\t\t\t<\/div>\n\t\t\t\t\t\t\t\t\t\t\t\t\t\t<\/div>\n\t\t\t\n\t\t\t        <div class=\"post-footer\">\n            <div class=\"post-footer\">\n                <div class=\"read-more\">\n\t\t\t\t\t<a data-id=\"87351\" href=\"https:\/\/balagueraabogados.com\/index.php\/2025\/05\/15\/presupuestos-exigidos-para-la-acreditacion-del-acto-de-competencia-desleal-de-descredito\/\" class=\"tpg-post-link\" target=\"_self\">Sigue leyendo<\/a>                <\/div>\n            <\/div>\n        <\/div>\n\t\t\t\t<\/div>\n\t<\/div>\n<\/div>\n\n<div class=\"rt-col-md-4 rt-col-sm-6 rt-col-xs-12 default rt-grid-item\" data-id=\"87364\">\n\t<div class=\"rt-holder tpg-post-holder\">\n\t\t<div class=\"rt-detail rt-el-content-wrapper\">\n\t\t\t\t\t\t\t<div class=\"rt-img-holder tpg-el-image-wrap has-thumbnail\">\n\t\t\t\t\t<a data-id=\"87364\" href=\"https:\/\/balagueraabogados.com\/index.php\/2025\/05\/15\/requisitos-exigidos-para-la-acreditacion-del-acto-desleal-de-induccion-a-la-ruptura-contractual\/\" class=\"tpg-post-link\" target=\"_self\">                        <img decoding=\"async\" data-src=\"https:\/\/balagueraabogados.com\/wp-content\/uploads\/2025\/05\/bodegon-de-monedas-de-un-dolar-en-escala-768x512.jpg\"\n                             class=\"rt-img-responsive lazyload\"\n                             width=\"768\"\n                             height=\"512\"\n                             alt=\"Requisitos exigidos para la acreditaci\u00f3n del acto desleal de inducci\u00f3n a la ruptura contractual.\" src=\"data:image\/svg+xml;base64,PHN2ZyB3aWR0aD0iMSIgaGVpZ2h0PSIxIiB4bWxucz0iaHR0cDovL3d3dy53My5vcmcvMjAwMC9zdmciPjwvc3ZnPg==\" style=\"--smush-placeholder-width: 768px; --smush-placeholder-aspect-ratio: 768\/512;\">\n\t\t\t\t\t\t\n\t\t\t\t\t\t\t\n\t\t<\/a>\n\t\t        <div class=\"overlay grid-hover-content\"><\/div>\n\t\t\t\t\t\t<\/div>\n\t\t\t\n\t\t\t<div class=\"entry-title-wrapper\"><h3 class=\"entry-title\"><a data-id=\"87364\" href=\"https:\/\/balagueraabogados.com\/index.php\/2025\/05\/15\/requisitos-exigidos-para-la-acreditacion-del-acto-desleal-de-induccion-a-la-ruptura-contractual\/\" class=\"tpg-post-link\" target=\"_self\">Requisitos exigidos para la acreditaci\u00f3n del acto desleal de inducci\u00f3n a la ruptura contractual.<\/a><\/h3><\/div>\n\t\t\t\n\t\t\t\t\t\t\t<div class=\"tpg-excerpt tpg-el-excerpt\">\n\t\t\t\t\t\t\t\t\t\t\t<div class=\"tpg-excerpt-inner\">\n\t\t\t\t\t\t\tRequisitos exigidos para la acreditaci\u00f3n del acto desleal de inducci\u00f3n a la ruptura contractual. Seg\u00fan la normatividad colombiana, en concordancia con tratados internacionales, es reprochable el hecho...\t\t\t\t\t\t<\/div>\n\t\t\t\t\t\t\t\t\t\t\t\t\t\t<\/div>\n\t\t\t\n\t\t\t        <div class=\"post-footer\">\n            <div class=\"post-footer\">\n                <div class=\"read-more\">\n\t\t\t\t\t<a data-id=\"87364\" href=\"https:\/\/balagueraabogados.com\/index.php\/2025\/05\/15\/requisitos-exigidos-para-la-acreditacion-del-acto-desleal-de-induccion-a-la-ruptura-contractual\/\" class=\"tpg-post-link\" target=\"_self\">Sigue leyendo<\/a>                <\/div>\n            <\/div>\n        <\/div>\n\t\t\t\t<\/div>\n\t<\/div>\n<\/div>\n\n<div class=\"rt-col-md-4 rt-col-sm-6 rt-col-xs-12 default rt-grid-item\" data-id=\"87369\">\n\t<div class=\"rt-holder tpg-post-holder\">\n\t\t<div class=\"rt-detail rt-el-content-wrapper\">\n\t\t\t\t\t\t\t<div class=\"rt-img-holder tpg-el-image-wrap has-thumbnail\">\n\t\t\t\t\t<a data-id=\"87369\" href=\"https:\/\/balagueraabogados.com\/index.php\/2025\/05\/15\/interpretacion-actual-del-consejo-de-estado-y-consejo-nacional-electoral-sobre-el-tiempo-de-antelacion-al-cual-debe-renunciar-el-funcionario-publico-para-poder-ser-candidato-a-elecciones-populares\/\" class=\"tpg-post-link\" target=\"_self\">                        <img decoding=\"async\" data-src=\"https:\/\/balagueraabogados.com\/wp-content\/uploads\/2025\/05\/persona-colocando-su-voto-en-una-casilla-768x512.jpg\"\n                             class=\"rt-img-responsive lazyload\"\n                             width=\"768\"\n                             height=\"512\"\n                             alt=\"Interpretaci\u00f3n actual del Consejo de Estado y Consejo Nacional Electoral sobre el tiempo de antelaci\u00f3n al cual debe renunciar el funcionario p\u00fablico para poder ser candidato a elecciones populares.\" src=\"data:image\/svg+xml;base64,PHN2ZyB3aWR0aD0iMSIgaGVpZ2h0PSIxIiB4bWxucz0iaHR0cDovL3d3dy53My5vcmcvMjAwMC9zdmciPjwvc3ZnPg==\" style=\"--smush-placeholder-width: 768px; --smush-placeholder-aspect-ratio: 768\/512;\">\n\t\t\t\t\t\t\n\t\t\t\t\t\t\t\n\t\t<\/a>\n\t\t        <div class=\"overlay grid-hover-content\"><\/div>\n\t\t\t\t\t\t<\/div>\n\t\t\t\n\t\t\t<div class=\"entry-title-wrapper\"><h3 class=\"entry-title\"><a data-id=\"87369\" href=\"https:\/\/balagueraabogados.com\/index.php\/2025\/05\/15\/interpretacion-actual-del-consejo-de-estado-y-consejo-nacional-electoral-sobre-el-tiempo-de-antelacion-al-cual-debe-renunciar-el-funcionario-publico-para-poder-ser-candidato-a-elecciones-populares\/\" class=\"tpg-post-link\" target=\"_self\">Interpretaci\u00f3n actual del Consejo de Estado y Consejo Nacional Electoral sobre el tiempo de antelaci\u00f3n al cual debe renunciar el funcionario p\u00fablico para poder ser candidato a elecciones populares.<\/a><\/h3><\/div>\n\t\t\t\n\t\t\t\t\t\t\t<div class=\"tpg-excerpt tpg-el-excerpt\">\n\t\t\t\t\t\t\t\t\t\t\t<div class=\"tpg-excerpt-inner\">\n\t\t\t\t\t\t\tInterpretaci\u00f3n actual del Consejo de Estado y Consejo Nacional Electoral sobre el tiempo de antelaci\u00f3n al cual debe renunciar el funcionario p\u00fablico para poder ser candidato a elecciones populares...\t\t\t\t\t\t<\/div>\n\t\t\t\t\t\t\t\t\t\t\t\t\t\t<\/div>\n\t\t\t\n\t\t\t        <div class=\"post-footer\">\n            <div class=\"post-footer\">\n                <div class=\"read-more\">\n\t\t\t\t\t<a data-id=\"87369\" href=\"https:\/\/balagueraabogados.com\/index.php\/2025\/05\/15\/interpretacion-actual-del-consejo-de-estado-y-consejo-nacional-electoral-sobre-el-tiempo-de-antelacion-al-cual-debe-renunciar-el-funcionario-publico-para-poder-ser-candidato-a-elecciones-populares\/\" class=\"tpg-post-link\" target=\"_self\">Sigue leyendo<\/a>                <\/div>\n            <\/div>\n        <\/div>\n\t\t\t\t<\/div>\n\t<\/div>\n<\/div>\n\n<div class=\"rt-col-md-4 rt-col-sm-6 rt-col-xs-12 default rt-grid-item\" data-id=\"87375\">\n\t<div class=\"rt-holder tpg-post-holder\">\n\t\t<div class=\"rt-detail rt-el-content-wrapper\">\n\t\t\t\t\t\t\t<div class=\"rt-img-holder tpg-el-image-wrap has-thumbnail\">\n\t\t\t\t\t<a data-id=\"87375\" href=\"https:\/\/balagueraabogados.com\/index.php\/2025\/05\/15\/contrato-de-preposicion\/\" class=\"tpg-post-link\" target=\"_self\">                        <img decoding=\"async\" data-src=\"https:\/\/balagueraabogados.com\/wp-content\/uploads\/2025\/05\/primer-plano-de-manos-pasando-el-contrato-al-empresario-irreconocible-768x513.jpg\"\n                             class=\"rt-img-responsive lazyload\"\n                             width=\"768\"\n                             height=\"513\"\n                             alt=\"Contrato de preposici\u00f3n.\" src=\"data:image\/svg+xml;base64,PHN2ZyB3aWR0aD0iMSIgaGVpZ2h0PSIxIiB4bWxucz0iaHR0cDovL3d3dy53My5vcmcvMjAwMC9zdmciPjwvc3ZnPg==\" style=\"--smush-placeholder-width: 768px; --smush-placeholder-aspect-ratio: 768\/513;\">\n\t\t\t\t\t\t\n\t\t\t\t\t\t\t\n\t\t<\/a>\n\t\t        <div class=\"overlay grid-hover-content\"><\/div>\n\t\t\t\t\t\t<\/div>\n\t\t\t\n\t\t\t<div class=\"entry-title-wrapper\"><h3 class=\"entry-title\"><a data-id=\"87375\" href=\"https:\/\/balagueraabogados.com\/index.php\/2025\/05\/15\/contrato-de-preposicion\/\" class=\"tpg-post-link\" target=\"_self\">Contrato de preposici\u00f3n.<\/a><\/h3><\/div>\n\t\t\t\n\t\t\t\t\t\t\t<div class=\"tpg-excerpt tpg-el-excerpt\">\n\t\t\t\t\t\t\t\t\t\t\t<div class=\"tpg-excerpt-inner\">\n\t\t\t\t\t\t\tContrato de preposici\u00f3n. Se trata de un acuerdo de voluntades por medio del cual se le encarga a una persona la administraci\u00f3n de un establecimiento de comercio o se encarga la administraci\u00f3n de una...\t\t\t\t\t\t<\/div>\n\t\t\t\t\t\t\t\t\t\t\t\t\t\t<\/div>\n\t\t\t\n\t\t\t        <div class=\"post-footer\">\n            <div class=\"post-footer\">\n                <div class=\"read-more\">\n\t\t\t\t\t<a data-id=\"87375\" href=\"https:\/\/balagueraabogados.com\/index.php\/2025\/05\/15\/contrato-de-preposicion\/\" class=\"tpg-post-link\" target=\"_self\">Sigue leyendo<\/a>                <\/div>\n            <\/div>\n        <\/div>\n\t\t\t\t<\/div>\n\t<\/div>\n<\/div>\n\n<div class=\"rt-col-md-4 rt-col-sm-6 rt-col-xs-12 default rt-grid-item\" data-id=\"87381\">\n\t<div class=\"rt-holder tpg-post-holder\">\n\t\t<div class=\"rt-detail rt-el-content-wrapper\">\n\t\t\t\t\t\t\t<div class=\"rt-img-holder tpg-el-image-wrap has-thumbnail\">\n\t\t\t\t\t<a data-id=\"87381\" href=\"https:\/\/balagueraabogados.com\/index.php\/2025\/05\/15\/contrato-preliminar-de-promesa-y-sus-especificaciones-2\/\" class=\"tpg-post-link\" target=\"_self\">                        <img decoding=\"async\" data-src=\"https:\/\/balagueraabogados.com\/wp-content\/uploads\/2025\/05\/formulario-de-solicitud-de-llenado-de-hombre-irreconocible-768x1152.jpg\"\n                             class=\"rt-img-responsive lazyload\"\n                             width=\"768\"\n                             height=\"1152\"\n                             alt=\"Contrato preliminar de promesa y sus especificaciones.\" src=\"data:image\/svg+xml;base64,PHN2ZyB3aWR0aD0iMSIgaGVpZ2h0PSIxIiB4bWxucz0iaHR0cDovL3d3dy53My5vcmcvMjAwMC9zdmciPjwvc3ZnPg==\" style=\"--smush-placeholder-width: 768px; --smush-placeholder-aspect-ratio: 768\/1152;\">\n\t\t\t\t\t\t\n\t\t\t\t\t\t\t\n\t\t<\/a>\n\t\t        <div class=\"overlay grid-hover-content\"><\/div>\n\t\t\t\t\t\t<\/div>\n\t\t\t\n\t\t\t<div class=\"entry-title-wrapper\"><h3 class=\"entry-title\"><a data-id=\"87381\" href=\"https:\/\/balagueraabogados.com\/index.php\/2025\/05\/15\/contrato-preliminar-de-promesa-y-sus-especificaciones-2\/\" class=\"tpg-post-link\" target=\"_self\">Contrato preliminar de promesa y sus especificaciones.<\/a><\/h3><\/div>\n\t\t\t\n\t\t\t\t\t\t\t<div class=\"tpg-excerpt tpg-el-excerpt\">\n\t\t\t\t\t\t\t\t\t\t\t<div class=\"tpg-excerpt-inner\">\n\t\t\t\t\t\t\tContrato preliminar de promesa y sus especificaciones. Lo primero que se debe conocer acerca de este contrato, es que se trata de un contrato preliminar. En este tipo de contrato las partes se obligan...\t\t\t\t\t\t<\/div>\n\t\t\t\t\t\t\t\t\t\t\t\t\t\t<\/div>\n\t\t\t\n\t\t\t        <div class=\"post-footer\">\n            <div class=\"post-footer\">\n                <div class=\"read-more\">\n\t\t\t\t\t<a data-id=\"87381\" href=\"https:\/\/balagueraabogados.com\/index.php\/2025\/05\/15\/contrato-preliminar-de-promesa-y-sus-especificaciones-2\/\" class=\"tpg-post-link\" target=\"_self\">Sigue leyendo<\/a>                <\/div>\n            <\/div>\n        <\/div>\n\t\t\t\t<\/div>\n\t<\/div>\n<\/div>\n\n<div class=\"rt-col-md-4 rt-col-sm-6 rt-col-xs-12 default rt-grid-item\" data-id=\"87944\">\n\t<div class=\"rt-holder tpg-post-holder\">\n\t\t<div class=\"rt-detail rt-el-content-wrapper\">\n\t\t\t\t\t\t\t<div class=\"rt-img-holder tpg-el-image-wrap has-thumbnail\">\n\t\t\t\t\t<a data-id=\"87944\" href=\"https:\/\/balagueraabogados.com\/index.php\/2025\/05\/17\/la-interpretacion-actual-del-periodo-de-prueba-en-las-relaciones-laborales-2\/\" class=\"tpg-post-link\" target=\"_self\">                        <img decoding=\"async\" data-src=\"https:\/\/balagueraabogados.com\/wp-content\/uploads\/2025\/05\/mujer-independiente-con-reloj-768x1075.jpg\"\n                             class=\"rt-img-responsive lazyload\"\n                             width=\"768\"\n                             height=\"1075\"\n                             alt=\"La interpretaci\u00f3n actual del periodo de prueba en las relaciones laborales.\" src=\"data:image\/svg+xml;base64,PHN2ZyB3aWR0aD0iMSIgaGVpZ2h0PSIxIiB4bWxucz0iaHR0cDovL3d3dy53My5vcmcvMjAwMC9zdmciPjwvc3ZnPg==\" style=\"--smush-placeholder-width: 768px; --smush-placeholder-aspect-ratio: 768\/1075;\">\n\t\t\t\t\t\t\n\t\t\t\t\t\t\t\n\t\t<\/a>\n\t\t        <div class=\"overlay grid-hover-content\"><\/div>\n\t\t\t\t\t\t<\/div>\n\t\t\t\n\t\t\t<div class=\"entry-title-wrapper\"><h3 class=\"entry-title\"><a data-id=\"87944\" href=\"https:\/\/balagueraabogados.com\/index.php\/2025\/05\/17\/la-interpretacion-actual-del-periodo-de-prueba-en-las-relaciones-laborales-2\/\" class=\"tpg-post-link\" target=\"_self\">La interpretaci\u00f3n actual del periodo de prueba en las relaciones laborales.<\/a><\/h3><\/div>\n\t\t\t\n\t\t\t\t\t\t\t<div class=\"tpg-excerpt tpg-el-excerpt\">\n\t\t\t\t\t\t\t\t\t\t\t<div class=\"tpg-excerpt-inner\">\n\t\t\t\t\t\t\tLa interpretaci\u00f3n actual del periodo de prueba en las relaciones laborales. La designaci\u00f3n de un periodo de prueba tiene por objeto que las partes entren a mirar s\u00ed ese contrato de trabajo que se...\t\t\t\t\t\t<\/div>\n\t\t\t\t\t\t\t\t\t\t\t\t\t\t<\/div>\n\t\t\t\n\t\t\t        <div class=\"post-footer\">\n            <div class=\"post-footer\">\n                <div class=\"read-more\">\n\t\t\t\t\t<a data-id=\"87944\" href=\"https:\/\/balagueraabogados.com\/index.php\/2025\/05\/17\/la-interpretacion-actual-del-periodo-de-prueba-en-las-relaciones-laborales-2\/\" class=\"tpg-post-link\" target=\"_self\">Sigue leyendo<\/a>                <\/div>\n            <\/div>\n        <\/div>\n\t\t\t\t<\/div>\n\t<\/div>\n<\/div>\n\t\t\t<\/div>\n\t\t\t\n\t\t<\/div>\n\t\t\t\t\t\t<\/div>\n\t\t\t\t<\/div>\n\t\t\t\t\t<\/div>\n\t\t\t\t<\/div>\n\t\t<div class=\"elementor-element elementor-element-1bcf505 e-flex e-con-boxed wpr-particle-no wpr-jarallax-no wpr-parallax-no wpr-sticky-section-no e-con e-parent\" data-id=\"1bcf505\" data-element_type=\"container\">\n\t\t\t\t\t<div class=\"e-con-inner\">\n\t\t<div class=\"elementor-element elementor-element-91bbe2f e-con-full e-flex wpr-particle-no wpr-jarallax-no wpr-parallax-no wpr-sticky-section-no e-con e-child\" data-id=\"91bbe2f\" data-element_type=\"container\">\n\t\t\t\t<div class=\"elementor-element elementor-element-f4c1693 tpg-border-bottom-enable section-title-style-style1 title_position_default title_hover_border_default title-default img_hover_animation_default readmore-btn-default-style grid-hover-overlay-type-always tpg-el-box-border-enable elementor-widget elementor-widget-tpg-grid-layout\" data-id=\"f4c1693\" data-element_type=\"widget\" data-widget_type=\"tpg-grid-layout.default\">\n\t\t\t\t<div class=\"elementor-widget-container\">\n\t\t\t\t\t\t\t<div class=\"rt-container-fluid rt-tpg-container tpg-el-main-wrapper clearfix grid-layout4-main \"\n\t\t\t id=\"rt-tpg-container-2985192931\"\n\t\t\t data-layout=\"grid-layout4\"\n\t\t\t data-grid-style=\"tpg-full-height\"\n\t\t\t data-sc-id=\"elementor\"\n\t\t\t data-el-settings=''\n\t\t\t data-el-query=''\n\t\t\t data-el-path=''\n\t\t>\n\t\t\t\t\t\t<div class='tpg-header-wrapper '>\n\t\t\t\t\n        <div class=\"tpg-widget-heading-wrapper rt-clear heading-style1 \">\n            <span class=\"tpg-widget-heading-line line-left\"><\/span>\n\t\t\t<h2 class='tpg-widget-heading'>\n\t\t\t\n\t\t\t\t                    <span>\n\t\t\t\t\t\t\u00bfSabias que?\t\t\t\t\t<\/span>\n\t\t\t\t\t\n\t\t\t\t\t\t\t<\/h2>            <span class=\"tpg-widget-heading-line line-right\"><\/span>\n\n\t\t\t\n        <\/div>\n\n\t\t\n\t\t\t\t\t<\/div>\n\n\t\t\t<div data-title=\"Loading ...\" class=\"rt-row rt-content-loader grid-layout4 grid-behaviour tpg-full-height grid_layout_wrapper\">\n\t\t\t\t\n<div class=\"rt-col-md-4 rt-col-sm-6 rt-col-xs-12 default rt-grid-item\" data-id=\"87399\">\n\t<div class=\"rt-holder tpg-post-holder\">\n\t\t<div class=\"rt-detail rt-el-content-wrapper\">\n\t\t\t\t\t\t\t<div class=\"rt-img-holder tpg-el-image-wrap has-thumbnail\">\n\t\t\t\t\t<a data-id=\"87399\" href=\"https:\/\/balagueraabogados.com\/index.php\/2025\/05\/15\/sabias-que-es-el-rues\/\" class=\"tpg-post-link\" target=\"_self\">                        <img decoding=\"async\" data-src=\"https:\/\/balagueraabogados.com\/wp-content\/uploads\/2025\/05\/grave-joven-barbudo-se-rasca-la-cabeza-piensa-profundamente-en-como-resolver-el-problema-768x512.jpg\"\n                             class=\"rt-img-responsive lazyload\"\n                             width=\"768\"\n                             height=\"512\"\n                             alt=\"\u00bfSab\u00edas qu\u00e9 es el RUES?\" src=\"data:image\/svg+xml;base64,PHN2ZyB3aWR0aD0iMSIgaGVpZ2h0PSIxIiB4bWxucz0iaHR0cDovL3d3dy53My5vcmcvMjAwMC9zdmciPjwvc3ZnPg==\" style=\"--smush-placeholder-width: 768px; --smush-placeholder-aspect-ratio: 768\/512;\">\n\t\t\t\t\t\t\n\t\t\t\t\t\t\t\n\t\t<\/a>\n\t\t        <div class=\"overlay grid-hover-content\"><\/div>\n\t\t\t\t\t\t<\/div>\n\t\t\t\n\t\t\t<div class=\"entry-title-wrapper\"><h3 class=\"entry-title\"><a data-id=\"87399\" href=\"https:\/\/balagueraabogados.com\/index.php\/2025\/05\/15\/sabias-que-es-el-rues\/\" class=\"tpg-post-link\" target=\"_self\">\u00bfSab\u00edas qu\u00e9 es el RUES?<\/a><\/h3><\/div>\n\t\t\t\n\t\t\t\t\t\t\t<div class=\"tpg-excerpt tpg-el-excerpt\">\n\t\t\t\t\t\t\t\t\t\t\t<div class=\"tpg-excerpt-inner\">\n\t\t\t\t\t\t\t\u00bfSab\u00edas qu\u00e9 es el RUES? El Registro \u00danico Empresarial o Social es un registro virtual administrado por las C\u00e1maras de Comercio en el que reposa toda la informaci\u00f3n actualizada de todos los...\t\t\t\t\t\t<\/div>\n\t\t\t\t\t\t\t\t\t\t\t\t\t\t<\/div>\n\t\t\t\n\t\t\t        <div class=\"post-footer\">\n            <div class=\"post-footer\">\n                <div class=\"read-more\">\n\t\t\t\t\t<a data-id=\"87399\" href=\"https:\/\/balagueraabogados.com\/index.php\/2025\/05\/15\/sabias-que-es-el-rues\/\" class=\"tpg-post-link\" target=\"_self\">Sigue leyendo<\/a>                <\/div>\n            <\/div>\n        <\/div>\n\t\t\t\t<\/div>\n\t<\/div>\n<\/div>\n\n<div class=\"rt-col-md-4 rt-col-sm-6 rt-col-xs-12 default rt-grid-item\" data-id=\"87405\">\n\t<div class=\"rt-holder tpg-post-holder\">\n\t\t<div class=\"rt-detail rt-el-content-wrapper\">\n\t\t\t\t\t\t\t<div class=\"rt-img-holder tpg-el-image-wrap has-thumbnail\">\n\t\t\t\t\t<a data-id=\"87405\" href=\"https:\/\/balagueraabogados.com\/index.php\/2025\/05\/15\/sabias-que-es-el-rut\/\" class=\"tpg-post-link\" target=\"_self\">                        <img decoding=\"async\" data-src=\"https:\/\/balagueraabogados.com\/wp-content\/uploads\/2025\/05\/reunion-de-negocios-de-representacion-3d-y-sala-de-trabajo-en-edificio-de-oficinas-768x452.jpg\"\n                             class=\"rt-img-responsive lazyload\"\n                             width=\"768\"\n                             height=\"452\"\n                             alt=\"\u00bfSab\u00edas qu\u00e9 es el RUT?\" src=\"data:image\/svg+xml;base64,PHN2ZyB3aWR0aD0iMSIgaGVpZ2h0PSIxIiB4bWxucz0iaHR0cDovL3d3dy53My5vcmcvMjAwMC9zdmciPjwvc3ZnPg==\" style=\"--smush-placeholder-width: 768px; --smush-placeholder-aspect-ratio: 768\/452;\">\n\t\t\t\t\t\t\n\t\t\t\t\t\t\t\n\t\t<\/a>\n\t\t        <div class=\"overlay grid-hover-content\"><\/div>\n\t\t\t\t\t\t<\/div>\n\t\t\t\n\t\t\t<div class=\"entry-title-wrapper\"><h3 class=\"entry-title\"><a data-id=\"87405\" href=\"https:\/\/balagueraabogados.com\/index.php\/2025\/05\/15\/sabias-que-es-el-rut\/\" class=\"tpg-post-link\" target=\"_self\">\u00bfSab\u00edas qu\u00e9 es el RUT?<\/a><\/h3><\/div>\n\t\t\t\n\t\t\t\t\t\t\t<div class=\"tpg-excerpt tpg-el-excerpt\">\n\t\t\t\t\t\t\t\t\t\t\t<div class=\"tpg-excerpt-inner\">\n\t\t\t\t\t\t\t\u00bfSab\u00edas qu\u00e9 es el RUT? El Registro \u00danico Tributario es administrado por la DIAN y en \u00e9l se identifican, ubican y clasifican a las personas naturales, personas jur\u00eddicas y las entidades que figuren...\t\t\t\t\t\t<\/div>\n\t\t\t\t\t\t\t\t\t\t\t\t\t\t<\/div>\n\t\t\t\n\t\t\t        <div class=\"post-footer\">\n            <div class=\"post-footer\">\n                <div class=\"read-more\">\n\t\t\t\t\t<a data-id=\"87405\" href=\"https:\/\/balagueraabogados.com\/index.php\/2025\/05\/15\/sabias-que-es-el-rut\/\" class=\"tpg-post-link\" target=\"_self\">Sigue leyendo<\/a>                <\/div>\n            <\/div>\n        <\/div>\n\t\t\t\t<\/div>\n\t<\/div>\n<\/div>\n\n<div class=\"rt-col-md-4 rt-col-sm-6 rt-col-xs-12 default rt-grid-item\" data-id=\"87411\">\n\t<div class=\"rt-holder tpg-post-holder\">\n\t\t<div class=\"rt-detail rt-el-content-wrapper\">\n\t\t\t\t\t\t\t<div class=\"rt-img-holder tpg-el-image-wrap has-thumbnail\">\n\t\t\t\t\t<a data-id=\"87411\" href=\"https:\/\/balagueraabogados.com\/index.php\/2025\/05\/15\/sabias-que-se-pueden-realizar-contratos-a-favor-de-terceros\/\" class=\"tpg-post-link\" target=\"_self\">                        <img decoding=\"async\" data-src=\"https:\/\/balagueraabogados.com\/wp-content\/uploads\/2025\/05\/companeros-de-trabajo-sentados-con-blueprint-768x1152.jpg\"\n                             class=\"rt-img-responsive lazyload\"\n                             width=\"768\"\n                             height=\"1152\"\n                             alt=\"\u00bfSab\u00edas que se pueden realizar contratos a favor de terceros?\" src=\"data:image\/svg+xml;base64,PHN2ZyB3aWR0aD0iMSIgaGVpZ2h0PSIxIiB4bWxucz0iaHR0cDovL3d3dy53My5vcmcvMjAwMC9zdmciPjwvc3ZnPg==\" style=\"--smush-placeholder-width: 768px; --smush-placeholder-aspect-ratio: 768\/1152;\">\n\t\t\t\t\t\t\n\t\t\t\t\t\t\t\n\t\t<\/a>\n\t\t        <div class=\"overlay grid-hover-content\"><\/div>\n\t\t\t\t\t\t<\/div>\n\t\t\t\n\t\t\t<div class=\"entry-title-wrapper\"><h3 class=\"entry-title\"><a data-id=\"87411\" href=\"https:\/\/balagueraabogados.com\/index.php\/2025\/05\/15\/sabias-que-se-pueden-realizar-contratos-a-favor-de-terceros\/\" class=\"tpg-post-link\" target=\"_self\">\u00bfSab\u00edas que se pueden realizar contratos a favor de terceros?<\/a><\/h3><\/div>\n\t\t\t\n\t\t\t\t\t\t\t<div class=\"tpg-excerpt tpg-el-excerpt\">\n\t\t\t\t\t\t\t\t\t\t\t<div class=\"tpg-excerpt-inner\">\n\t\t\t\t\t\t\t\u00bfSab\u00edas que se pueden realizar contratos a favor de terceros? En el ordenamiento jur\u00eddico Colombiano se contempla la posibilidad de realizar una estipulaci\u00f3n por otro. Es decir que en este caso se...\t\t\t\t\t\t<\/div>\n\t\t\t\t\t\t\t\t\t\t\t\t\t\t<\/div>\n\t\t\t\n\t\t\t        <div class=\"post-footer\">\n            <div class=\"post-footer\">\n                <div class=\"read-more\">\n\t\t\t\t\t<a data-id=\"87411\" href=\"https:\/\/balagueraabogados.com\/index.php\/2025\/05\/15\/sabias-que-se-pueden-realizar-contratos-a-favor-de-terceros\/\" class=\"tpg-post-link\" target=\"_self\">Sigue leyendo<\/a>                <\/div>\n            <\/div>\n        <\/div>\n\t\t\t\t<\/div>\n\t<\/div>\n<\/div>\n\n<div class=\"rt-col-md-4 rt-col-sm-6 rt-col-xs-12 default rt-grid-item\" data-id=\"87413\">\n\t<div class=\"rt-holder tpg-post-holder\">\n\t\t<div class=\"rt-detail rt-el-content-wrapper\">\n\t\t\t\t\t\t\t<div class=\"rt-img-holder tpg-el-image-wrap has-thumbnail\">\n\t\t\t\t\t<a data-id=\"87413\" href=\"https:\/\/balagueraabogados.com\/index.php\/2025\/05\/15\/tutela-como-proteger-mis-derechos-fundamentales-de-manera-inmediata\/\" class=\"tpg-post-link\" target=\"_self\">                        <img decoding=\"async\" data-src=\"https:\/\/balagueraabogados.com\/wp-content\/uploads\/2025\/05\/vista-superior-de-la-cadena-de-origami-personas-con-globo-768x768.jpg\"\n                             class=\"rt-img-responsive lazyload\"\n                             width=\"768\"\n                             height=\"768\"\n                             alt=\"Tutela-\u00bfC\u00f3mo proteger mis Derechos Fundamentales de manera inmediata?\" src=\"data:image\/svg+xml;base64,PHN2ZyB3aWR0aD0iMSIgaGVpZ2h0PSIxIiB4bWxucz0iaHR0cDovL3d3dy53My5vcmcvMjAwMC9zdmciPjwvc3ZnPg==\" style=\"--smush-placeholder-width: 768px; --smush-placeholder-aspect-ratio: 768\/768;\">\n\t\t\t\t\t\t\n\t\t\t\t\t\t\t\n\t\t<\/a>\n\t\t        <div class=\"overlay grid-hover-content\"><\/div>\n\t\t\t\t\t\t<\/div>\n\t\t\t\n\t\t\t<div class=\"entry-title-wrapper\"><h3 class=\"entry-title\"><a data-id=\"87413\" href=\"https:\/\/balagueraabogados.com\/index.php\/2025\/05\/15\/tutela-como-proteger-mis-derechos-fundamentales-de-manera-inmediata\/\" class=\"tpg-post-link\" target=\"_self\">Tutela-\u00bfC\u00f3mo proteger mis Derechos Fundamentales de manera inmediata?<\/a><\/h3><\/div>\n\t\t\t\n\t\t\t\t\t\t\t<div class=\"tpg-excerpt tpg-el-excerpt\">\n\t\t\t\t\t\t\t\t\t\t\t<div class=\"tpg-excerpt-inner\">\n\t\t\t\t\t\t\tTutela-\u00bfC\u00f3mo proteger mis Derechos Fundamentales de manera inmediata? La acci\u00f3n de tutela es un mecanismo de protecci\u00f3n de Derechos fundamentales como: la salud, la educaci\u00f3n, derecho de petici\u00f3n...\t\t\t\t\t\t<\/div>\n\t\t\t\t\t\t\t\t\t\t\t\t\t\t<\/div>\n\t\t\t\n\t\t\t        <div class=\"post-footer\">\n            <div class=\"post-footer\">\n                <div class=\"read-more\">\n\t\t\t\t\t<a data-id=\"87413\" href=\"https:\/\/balagueraabogados.com\/index.php\/2025\/05\/15\/tutela-como-proteger-mis-derechos-fundamentales-de-manera-inmediata\/\" class=\"tpg-post-link\" target=\"_self\">Sigue leyendo<\/a>                <\/div>\n            <\/div>\n        <\/div>\n\t\t\t\t<\/div>\n\t<\/div>\n<\/div>\n\n<div class=\"rt-col-md-4 rt-col-sm-6 rt-col-xs-12 default rt-grid-item\" data-id=\"87421\">\n\t<div class=\"rt-holder tpg-post-holder\">\n\t\t<div class=\"rt-detail rt-el-content-wrapper\">\n\t\t\t\t\t\t\t<div class=\"rt-img-holder tpg-el-image-wrap has-thumbnail\">\n\t\t\t\t\t<a data-id=\"87421\" href=\"https:\/\/balagueraabogados.com\/index.php\/2025\/05\/15\/registro-mercantil-que-es-el-registro-mercantil\/\" class=\"tpg-post-link\" target=\"_self\">                        <img decoding=\"async\" data-src=\"https:\/\/balagueraabogados.com\/wp-content\/uploads\/2025\/05\/mujer-de-tiro-medio-con-tableta-768x511.jpg\"\n                             class=\"rt-img-responsive lazyload\"\n                             width=\"768\"\n                             height=\"511\"\n                             alt=\"Registro mercantil-\u00bfQu\u00e9 es el registro mercantil?\" src=\"data:image\/svg+xml;base64,PHN2ZyB3aWR0aD0iMSIgaGVpZ2h0PSIxIiB4bWxucz0iaHR0cDovL3d3dy53My5vcmcvMjAwMC9zdmciPjwvc3ZnPg==\" style=\"--smush-placeholder-width: 768px; --smush-placeholder-aspect-ratio: 768\/511;\">\n\t\t\t\t\t\t\n\t\t\t\t\t\t\t\n\t\t<\/a>\n\t\t        <div class=\"overlay grid-hover-content\"><\/div>\n\t\t\t\t\t\t<\/div>\n\t\t\t\n\t\t\t<div class=\"entry-title-wrapper\"><h3 class=\"entry-title\"><a data-id=\"87421\" href=\"https:\/\/balagueraabogados.com\/index.php\/2025\/05\/15\/registro-mercantil-que-es-el-registro-mercantil\/\" class=\"tpg-post-link\" target=\"_self\">Registro mercantil-\u00bfQu\u00e9 es el registro mercantil?<\/a><\/h3><\/div>\n\t\t\t\n\t\t\t\t\t\t\t<div class=\"tpg-excerpt tpg-el-excerpt\">\n\t\t\t\t\t\t\t\t\t\t\t<div class=\"tpg-excerpt-inner\">\n\t\t\t\t\t\t\t\u00bfQu\u00e9 es el registro mercantil? El registro mercantil es la identificaci\u00f3n de los comerciantes y empresas de una zona geogr\u00e1fica. All\u00ed es donde se registran o inscriben los establecimientos de...\t\t\t\t\t\t<\/div>\n\t\t\t\t\t\t\t\t\t\t\t\t\t\t<\/div>\n\t\t\t\n\t\t\t        <div class=\"post-footer\">\n            <div class=\"post-footer\">\n                <div class=\"read-more\">\n\t\t\t\t\t<a data-id=\"87421\" href=\"https:\/\/balagueraabogados.com\/index.php\/2025\/05\/15\/registro-mercantil-que-es-el-registro-mercantil\/\" class=\"tpg-post-link\" target=\"_self\">Sigue leyendo<\/a>                <\/div>\n            <\/div>\n        <\/div>\n\t\t\t\t<\/div>\n\t<\/div>\n<\/div>\n\n<div class=\"rt-col-md-4 rt-col-sm-6 rt-col-xs-12 default rt-grid-item\" data-id=\"87427\">\n\t<div class=\"rt-holder tpg-post-holder\">\n\t\t<div class=\"rt-detail rt-el-content-wrapper\">\n\t\t\t\t\t\t\t<div class=\"rt-img-holder tpg-el-image-wrap has-thumbnail\">\n\t\t\t\t\t<a data-id=\"87427\" href=\"https:\/\/balagueraabogados.com\/index.php\/2025\/05\/15\/derecho-de-retracto-del-consumidor-puedo-retractarme-de-mis-compras\/\" class=\"tpg-post-link\" target=\"_self\">                        <img decoding=\"async\" data-src=\"https:\/\/balagueraabogados.com\/wp-content\/uploads\/2025\/05\/segura-de-mujer-bastante-caucasica-sostiene-la-mano-abierta-y-gestos-dinero-signo-de-mano-en-verde-oliva-768x512.jpg\"\n                             class=\"rt-img-responsive lazyload\"\n                             width=\"768\"\n                             height=\"512\"\n                             alt=\"Derecho de Retracto del consumidor.-\u00bfPuedo retractarme de mis compras\" src=\"data:image\/svg+xml;base64,PHN2ZyB3aWR0aD0iMSIgaGVpZ2h0PSIxIiB4bWxucz0iaHR0cDovL3d3dy53My5vcmcvMjAwMC9zdmciPjwvc3ZnPg==\" style=\"--smush-placeholder-width: 768px; --smush-placeholder-aspect-ratio: 768\/512;\">\n\t\t\t\t\t\t\n\t\t\t\t\t\t\t\n\t\t<\/a>\n\t\t        <div class=\"overlay grid-hover-content\"><\/div>\n\t\t\t\t\t\t<\/div>\n\t\t\t\n\t\t\t<div class=\"entry-title-wrapper\"><h3 class=\"entry-title\"><a data-id=\"87427\" href=\"https:\/\/balagueraabogados.com\/index.php\/2025\/05\/15\/derecho-de-retracto-del-consumidor-puedo-retractarme-de-mis-compras\/\" class=\"tpg-post-link\" target=\"_self\">Derecho de Retracto del consumidor.-\u00bfPuedo retractarme de mis compras<\/a><\/h3><\/div>\n\t\t\t\n\t\t\t\t\t\t\t<div class=\"tpg-excerpt tpg-el-excerpt\">\n\t\t\t\t\t\t\t\t\t\t\t<div class=\"tpg-excerpt-inner\">\n\t\t\t\t\t\t\t\u00bfPuedo retractarme de mis compras Sabias que tienes la facultad de \u201cecharte para atr\u00e1s\u201d luego de haber comprado bienes o servicios sin que el vendedor est\u00e9 de acuerdo.\u00a0 \u00bfEn qu\u00e9 casos me puedo echar...\t\t\t\t\t\t<\/div>\n\t\t\t\t\t\t\t\t\t\t\t\t\t\t<\/div>\n\t\t\t\n\t\t\t        <div class=\"post-footer\">\n            <div class=\"post-footer\">\n                <div class=\"read-more\">\n\t\t\t\t\t<a data-id=\"87427\" href=\"https:\/\/balagueraabogados.com\/index.php\/2025\/05\/15\/derecho-de-retracto-del-consumidor-puedo-retractarme-de-mis-compras\/\" class=\"tpg-post-link\" target=\"_self\">Sigue leyendo<\/a>                <\/div>\n            <\/div>\n        <\/div>\n\t\t\t\t<\/div>\n\t<\/div>\n<\/div>\n\n<div class=\"rt-col-md-4 rt-col-sm-6 rt-col-xs-12 default rt-grid-item\" data-id=\"87447\">\n\t<div class=\"rt-holder tpg-post-holder\">\n\t\t<div class=\"rt-detail rt-el-content-wrapper\">\n\t\t\t\t\t\t\t<div class=\"rt-img-holder tpg-el-image-wrap has-thumbnail\">\n\t\t\t\t\t<a data-id=\"87447\" href=\"https:\/\/balagueraabogados.com\/index.php\/2025\/05\/15\/que-pasa-si-no-pago-impuestos\/\" class=\"tpg-post-link\" target=\"_self\">                        <img decoding=\"async\" data-src=\"https:\/\/balagueraabogados.com\/wp-content\/uploads\/2025\/05\/chica-caucasica-morena-joven-disgustada-tiene-tarjeta-de-credito-y-cierra-los-ojos-con-la-mano-aislada-sobre-fondo-verde-con-espacio-de-copia-768x544.jpg\"\n                             class=\"rt-img-responsive lazyload\"\n                             width=\"768\"\n                             height=\"544\"\n                             alt=\"\u00bfQu\u00e9 pasa si no pago impuestos?\" src=\"data:image\/svg+xml;base64,PHN2ZyB3aWR0aD0iMSIgaGVpZ2h0PSIxIiB4bWxucz0iaHR0cDovL3d3dy53My5vcmcvMjAwMC9zdmciPjwvc3ZnPg==\" style=\"--smush-placeholder-width: 768px; --smush-placeholder-aspect-ratio: 768\/544;\">\n\t\t\t\t\t\t\n\t\t\t\t\t\t\t\n\t\t<\/a>\n\t\t        <div class=\"overlay grid-hover-content\"><\/div>\n\t\t\t\t\t\t<\/div>\n\t\t\t\n\t\t\t<div class=\"entry-title-wrapper\"><h3 class=\"entry-title\"><a data-id=\"87447\" href=\"https:\/\/balagueraabogados.com\/index.php\/2025\/05\/15\/que-pasa-si-no-pago-impuestos\/\" class=\"tpg-post-link\" target=\"_self\">\u00bfQu\u00e9 pasa si no pago impuestos?<\/a><\/h3><\/div>\n\t\t\t\n\t\t\t\t\t\t\t<div class=\"tpg-excerpt tpg-el-excerpt\">\n\t\t\t\t\t\t\t\t\t\t\t<div class=\"tpg-excerpt-inner\">\n\t\t\t\t\t\t\t\u00bfQu\u00e9 pasa si no pago impuestos? Las causas mas comunes por sanciones a los contribuyentes son: Declarar renta fuera de tiempo No presentar la declaraci\u00f3n de renta\u00a0 Brindar informaci\u00f3n equivocada...\t\t\t\t\t\t<\/div>\n\t\t\t\t\t\t\t\t\t\t\t\t\t\t<\/div>\n\t\t\t\n\t\t\t        <div class=\"post-footer\">\n            <div class=\"post-footer\">\n                <div class=\"read-more\">\n\t\t\t\t\t<a data-id=\"87447\" href=\"https:\/\/balagueraabogados.com\/index.php\/2025\/05\/15\/que-pasa-si-no-pago-impuestos\/\" class=\"tpg-post-link\" target=\"_self\">Sigue leyendo<\/a>                <\/div>\n            <\/div>\n        <\/div>\n\t\t\t\t<\/div>\n\t<\/div>\n<\/div>\n\n<div class=\"rt-col-md-4 rt-col-sm-6 rt-col-xs-12 default rt-grid-item\" data-id=\"87449\">\n\t<div class=\"rt-holder tpg-post-holder\">\n\t\t<div class=\"rt-detail rt-el-content-wrapper\">\n\t\t\t\t\t\t\t<div class=\"rt-img-holder tpg-el-image-wrap has-thumbnail\">\n\t\t\t\t\t<a data-id=\"87449\" href=\"https:\/\/balagueraabogados.com\/index.php\/2025\/05\/15\/que-pasa-con-mi-auxilio-de-transporte-si-ahora-trabajo-virtual\/\" class=\"tpg-post-link\" target=\"_self\">                        <img decoding=\"async\" data-src=\"https:\/\/balagueraabogados.com\/wp-content\/uploads\/2025\/05\/vista-lateral-conductora-profesional-femenina-en-camion-768x512.jpg\"\n                             class=\"rt-img-responsive lazyload\"\n                             width=\"768\"\n                             height=\"512\"\n                             alt=\"\u00bfQu\u00e9 pasa con mi auxilio de transporte si ahora trabajo virtual?\" src=\"data:image\/svg+xml;base64,PHN2ZyB3aWR0aD0iMSIgaGVpZ2h0PSIxIiB4bWxucz0iaHR0cDovL3d3dy53My5vcmcvMjAwMC9zdmciPjwvc3ZnPg==\" style=\"--smush-placeholder-width: 768px; --smush-placeholder-aspect-ratio: 768\/512;\">\n\t\t\t\t\t\t\n\t\t\t\t\t\t\t\n\t\t<\/a>\n\t\t        <div class=\"overlay grid-hover-content\"><\/div>\n\t\t\t\t\t\t<\/div>\n\t\t\t\n\t\t\t<div class=\"entry-title-wrapper\"><h3 class=\"entry-title\"><a data-id=\"87449\" href=\"https:\/\/balagueraabogados.com\/index.php\/2025\/05\/15\/que-pasa-con-mi-auxilio-de-transporte-si-ahora-trabajo-virtual\/\" class=\"tpg-post-link\" target=\"_self\">\u00bfQu\u00e9 pasa con mi auxilio de transporte si ahora trabajo virtual?<\/a><\/h3><\/div>\n\t\t\t\n\t\t\t\t\t\t\t<div class=\"tpg-excerpt tpg-el-excerpt\">\n\t\t\t\t\t\t\t\t\t\t\t<div class=\"tpg-excerpt-inner\">\n\t\t\t\t\t\t\t\u00bfQu\u00e9 pasa con mi auxilio de transporte si ahora trabajo virtual? Si usted gana menos de dos salarios m\u00ednimos, usted es beneficiario del auxilio de transporte.\u00a0 \u00bfQu\u00e9 pasa con el auxilio si trabaja en...\t\t\t\t\t\t<\/div>\n\t\t\t\t\t\t\t\t\t\t\t\t\t\t<\/div>\n\t\t\t\n\t\t\t        <div class=\"post-footer\">\n            <div class=\"post-footer\">\n                <div class=\"read-more\">\n\t\t\t\t\t<a data-id=\"87449\" href=\"https:\/\/balagueraabogados.com\/index.php\/2025\/05\/15\/que-pasa-con-mi-auxilio-de-transporte-si-ahora-trabajo-virtual\/\" class=\"tpg-post-link\" target=\"_self\">Sigue leyendo<\/a>                <\/div>\n            <\/div>\n        <\/div>\n\t\t\t\t<\/div>\n\t<\/div>\n<\/div>\n\n<div class=\"rt-col-md-4 rt-col-sm-6 rt-col-xs-12 default rt-grid-item\" data-id=\"87457\">\n\t<div class=\"rt-holder tpg-post-holder\">\n\t\t<div class=\"rt-detail rt-el-content-wrapper\">\n\t\t\t\t\t\t\t<div class=\"rt-img-holder tpg-el-image-wrap has-thumbnail\">\n\t\t\t\t\t<a data-id=\"87457\" href=\"https:\/\/balagueraabogados.com\/index.php\/2025\/05\/15\/mi-arrendador-puede-dar-por-terminado-mi-contrato-de-arrendamiento-de-vivienda-urbana-sin-causa\/\" class=\"tpg-post-link\" target=\"_self\">                        <img decoding=\"async\" data-src=\"https:\/\/balagueraabogados.com\/wp-content\/uploads\/2025\/05\/par-firma-papeles-fr-nueva-casa-768x512.jpg\"\n                             class=\"rt-img-responsive lazyload\"\n                             width=\"768\"\n                             height=\"512\"\n                             alt=\"\u00bfMi arrendador puede dar por terminado mi contrato de arrendamiento de vivienda urbana sin causa?\" src=\"data:image\/svg+xml;base64,PHN2ZyB3aWR0aD0iMSIgaGVpZ2h0PSIxIiB4bWxucz0iaHR0cDovL3d3dy53My5vcmcvMjAwMC9zdmciPjwvc3ZnPg==\" style=\"--smush-placeholder-width: 768px; --smush-placeholder-aspect-ratio: 768\/512;\">\n\t\t\t\t\t\t\n\t\t\t\t\t\t\t\n\t\t<\/a>\n\t\t        <div class=\"overlay grid-hover-content\"><\/div>\n\t\t\t\t\t\t<\/div>\n\t\t\t\n\t\t\t<div class=\"entry-title-wrapper\"><h3 class=\"entry-title\"><a data-id=\"87457\" href=\"https:\/\/balagueraabogados.com\/index.php\/2025\/05\/15\/mi-arrendador-puede-dar-por-terminado-mi-contrato-de-arrendamiento-de-vivienda-urbana-sin-causa\/\" class=\"tpg-post-link\" target=\"_self\">\u00bfMi arrendador puede dar por terminado mi contrato de arrendamiento de vivienda urbana sin causa?<\/a><\/h3><\/div>\n\t\t\t\n\t\t\t\t\t\t\t<div class=\"tpg-excerpt tpg-el-excerpt\">\n\t\t\t\t\t\t\t\t\t\t\t<div class=\"tpg-excerpt-inner\">\n\t\t\t\t\t\t\t\u00bfMi arrendador puede dar por terminado mi contrato de arrendamiento de vivienda urbana sin causa? Si usted no incurri\u00f3 en ninguna falta contemplada dentro de su contrato, y su arrendador quiere...\t\t\t\t\t\t<\/div>\n\t\t\t\t\t\t\t\t\t\t\t\t\t\t<\/div>\n\t\t\t\n\t\t\t        <div class=\"post-footer\">\n            <div class=\"post-footer\">\n                <div class=\"read-more\">\n\t\t\t\t\t<a data-id=\"87457\" href=\"https:\/\/balagueraabogados.com\/index.php\/2025\/05\/15\/mi-arrendador-puede-dar-por-terminado-mi-contrato-de-arrendamiento-de-vivienda-urbana-sin-causa\/\" class=\"tpg-post-link\" target=\"_self\">Sigue leyendo<\/a>                <\/div>\n            <\/div>\n        <\/div>\n\t\t\t\t<\/div>\n\t<\/div>\n<\/div>\n\n<div class=\"rt-col-md-4 rt-col-sm-6 rt-col-xs-12 default rt-grid-item\" data-id=\"87462\">\n\t<div class=\"rt-holder tpg-post-holder\">\n\t\t<div class=\"rt-detail rt-el-content-wrapper\">\n\t\t\t\t\t\t\t<div class=\"rt-img-holder tpg-el-image-wrap has-thumbnail\">\n\t\t\t\t\t<a data-id=\"87462\" href=\"https:\/\/balagueraabogados.com\/index.php\/2025\/05\/15\/mis-deudas-prescriben\/\" class=\"tpg-post-link\" target=\"_self\">                        <img decoding=\"async\" data-src=\"https:\/\/balagueraabogados.com\/wp-content\/uploads\/2025\/05\/primer-plano-de-un-economista-que-usa-una-calculadora-mientras-revisa-las-facturas-y-los-impuestos-en-la-oficina-768x512.jpg\"\n                             class=\"rt-img-responsive lazyload\"\n                             width=\"768\"\n                             height=\"512\"\n                             alt=\"\u00bfMis deudas prescriben?\" src=\"data:image\/svg+xml;base64,PHN2ZyB3aWR0aD0iMSIgaGVpZ2h0PSIxIiB4bWxucz0iaHR0cDovL3d3dy53My5vcmcvMjAwMC9zdmciPjwvc3ZnPg==\" style=\"--smush-placeholder-width: 768px; --smush-placeholder-aspect-ratio: 768\/512;\">\n\t\t\t\t\t\t\n\t\t\t\t\t\t\t\n\t\t<\/a>\n\t\t        <div class=\"overlay grid-hover-content\"><\/div>\n\t\t\t\t\t\t<\/div>\n\t\t\t\n\t\t\t<div class=\"entry-title-wrapper\"><h3 class=\"entry-title\"><a data-id=\"87462\" href=\"https:\/\/balagueraabogados.com\/index.php\/2025\/05\/15\/mis-deudas-prescriben\/\" class=\"tpg-post-link\" target=\"_self\">\u00bfMis deudas prescriben?<\/a><\/h3><\/div>\n\t\t\t\n\t\t\t\t\t\t\t<div class=\"tpg-excerpt tpg-el-excerpt\">\n\t\t\t\t\t\t\t\t\t\t\t<div class=\"tpg-excerpt-inner\">\n\t\t\t\t\t\t\t\u00bfMis deudas prescriben? En Colombia, las deudas si prescriben desde los 3 a 5 a\u00f1os, depende del titulo que soporte la deuda. Si es un t\u00edtulo valor como letras de cambio, facturas y pagar\u00e9s, prescriben...\t\t\t\t\t\t<\/div>\n\t\t\t\t\t\t\t\t\t\t\t\t\t\t<\/div>\n\t\t\t\n\t\t\t        <div class=\"post-footer\">\n            <div class=\"post-footer\">\n                <div class=\"read-more\">\n\t\t\t\t\t<a data-id=\"87462\" href=\"https:\/\/balagueraabogados.com\/index.php\/2025\/05\/15\/mis-deudas-prescriben\/\" class=\"tpg-post-link\" target=\"_self\">Sigue leyendo<\/a>                <\/div>\n            <\/div>\n        <\/div>\n\t\t\t\t<\/div>\n\t<\/div>\n<\/div>\n\t\t\t<\/div>\n\t\t\t\n\t\t<\/div>\n\t\t\t\t\t\t<\/div>\n\t\t\t\t<\/div>\n\t\t\t\t<\/div>\n\t\t\t\t\t<\/div>\n\t\t\t\t<\/div>\n\t\t<div class=\"elementor-element elementor-element-4a8cf12 e-flex e-con-boxed wpr-particle-no wpr-jarallax-no wpr-parallax-no wpr-sticky-section-no e-con e-parent\" data-id=\"4a8cf12\" data-element_type=\"container\">\n\t\t\t\t\t<div class=\"e-con-inner\">\n\t\t\t\t<div class=\"elementor-element elementor-element-9a9c8e2 elementor-widget elementor-widget-spacer\" data-id=\"9a9c8e2\" data-element_type=\"widget\" data-widget_type=\"spacer.default\">\n\t\t\t\t<div class=\"elementor-widget-container\">\n\t\t\t\t\t\t\t<div class=\"elementor-spacer\">\n\t\t\t<div class=\"elementor-spacer-inner\"><\/div>\n\t\t<\/div>\n\t\t\t\t\t\t<\/div>\n\t\t\t\t<\/div>\n\t\t\t\t<div class=\"elementor-element elementor-element-5f43330 elementor-widget elementor-widget-heading\" data-id=\"5f43330\" data-element_type=\"widget\" data-widget_type=\"heading.default\">\n\t\t\t\t<div class=\"elementor-widget-container\">\n\t\t\t\t\t<h2 class=\"elementor-heading-title elementor-size-default\">Suscr\u00edbete a Nuestro Bolet\u00edn<\/h2>\t\t\t\t<\/div>\n\t\t\t\t<\/div>\n\t\t\t\t<div class=\"elementor-element elementor-element-493b861 elementor-widget elementor-widget-text-editor\" data-id=\"493b861\" data-element_type=\"widget\" data-widget_type=\"text-editor.default\">\n\t\t\t\t<div class=\"elementor-widget-container\">\n\t\t\t\t\t\t\t\t\t<p style=\"text-align: center;\">Estar\u00e1s informado de las ultimas noticias en tendencia!<\/p>\t\t\t\t\t\t\t\t<\/div>\n\t\t\t\t<\/div>\n\t\t\t\t<div class=\"elementor-element elementor-element-84b6e0f elementor-widget elementor-widget-wp-widget-newsletterwidget\" data-id=\"84b6e0f\" data-element_type=\"widget\" data-widget_type=\"wp-widget-newsletterwidget.default\">\n\t\t\t\t<div class=\"elementor-widget-container\">\n\t\t\t\t\t<div class=\"tnp tnp-subscription tnp-widget\">\n<form method=\"post\" action=\"https:\/\/balagueraabogados.com\/wp-admin\/admin-ajax.php?action=tnp&amp;na=s\">\n<input type=\"hidden\" name=\"nr\" value=\"widget\">\n<input type=\"hidden\" name=\"nlang\" value=\"\">\n<div class=\"tnp-field tnp-field-firstname\"><label for=\"tnp-1\">First name<\/label>\n<input class=\"tnp-name\" type=\"text\" name=\"nn\" id=\"tnp-1\" value=\"\" placeholder=\"\"><\/div>\n<div class=\"tnp-field tnp-field-email\"><label for=\"tnp-2\">Email<\/label>\n<input class=\"tnp-email\" type=\"email\" name=\"ne\" id=\"tnp-2\" value=\"\" placeholder=\"\" required><\/div>\n<div class=\"tnp-field tnp-privacy-field\"><label><input type=\"checkbox\" name=\"ny\" required class=\"tnp-privacy\"> I accept the privacy policy<\/label><\/div><div class=\"tnp-field tnp-field-button\" style=\"text-align: left\"><input class=\"tnp-submit\" type=\"submit\" value=\"Subscribe\" style=\"\">\n<\/div>\n<\/form>\n<\/div>\n\t\t\t\t<\/div>\n\t\t\t\t<\/div>\n\t\t\t\t<div class=\"elementor-element elementor-element-6903701 elementor-widget elementor-widget-spacer\" data-id=\"6903701\" data-element_type=\"widget\" data-widget_type=\"spacer.default\">\n\t\t\t\t<div class=\"elementor-widget-container\">\n\t\t\t\t\t\t\t<div class=\"elementor-spacer\">\n\t\t\t<div class=\"elementor-spacer-inner\"><\/div>\n\t\t<\/div>\n\t\t\t\t\t\t<\/div>\n\t\t\t\t<\/div>\n\t\t\t\t\t<\/div>\n\t\t\t\t<\/div>\n\t\t<div class=\"elementor-element elementor-element-5e8db05 e-flex e-con-boxed wpr-particle-no wpr-jarallax-no wpr-parallax-no wpr-sticky-section-no e-con e-parent\" data-id=\"5e8db05\" data-element_type=\"container\">\n\t\t\t\t\t<div class=\"e-con-inner\">\n\t\t\t\t<div class=\"elementor-element elementor-element-bb648c0 elementor-widget elementor-widget-text-editor\" data-id=\"bb648c0\" data-element_type=\"widget\" data-widget_type=\"text-editor.default\">\n\t\t\t\t<div class=\"elementor-widget-container\">\n\t\t\t\t\t\t\t\t\t<p><strong>S\u00edguenos en Redes Sociales<br \/><\/strong>Con\u00e9ctate con nosotros en redes para mantenerte al tanto de novedades y temas legales de inter\u00e9s:<\/p>\t\t\t\t\t\t\t\t<\/div>\n\t\t\t\t<\/div>\n\t\t\t\t<div class=\"elementor-element elementor-element-b5f0367 elementor-shape-circle elementor-grid-6 e-grid-align-center elementor-widget elementor-widget-social-icons\" data-id=\"b5f0367\" data-element_type=\"widget\" data-widget_type=\"social-icons.default\">\n\t\t\t\t<div class=\"elementor-widget-container\">\n\t\t\t\t\t\t\t<div class=\"elementor-social-icons-wrapper elementor-grid\">\n\t\t\t\t\t\t\t<span class=\"elementor-grid-item\">\n\t\t\t\t\t<a class=\"elementor-icon elementor-social-icon elementor-social-icon-facebook elementor-repeater-item-f66b851\" href=\"https:\/\/www.facebook.com\/profile.php?id=100083361759445\" target=\"_blank\">\n\t\t\t\t\t\t<span class=\"elementor-screen-only\">Facebook<\/span>\n\t\t\t\t\t\t<i class=\"fab fa-facebook\"><\/i>\t\t\t\t\t<\/a>\n\t\t\t\t<\/span>\n\t\t\t\t\t\t\t<span class=\"elementor-grid-item\">\n\t\t\t\t\t<a class=\"elementor-icon elementor-social-icon elementor-social-icon-twitter elementor-repeater-item-b13a4b0\" href=\"https:\/\/twitter.com\/balaguerabogado\" target=\"_blank\">\n\t\t\t\t\t\t<span class=\"elementor-screen-only\">Twitter<\/span>\n\t\t\t\t\t\t<i class=\"fab fa-twitter\"><\/i>\t\t\t\t\t<\/a>\n\t\t\t\t<\/span>\n\t\t\t\t\t\t\t<span class=\"elementor-grid-item\">\n\t\t\t\t\t<a class=\"elementor-icon elementor-social-icon elementor-social-icon-instagram elementor-repeater-item-054bcc8\" href=\"https:\/\/www.instagram.com\/balagueralopezabogados\/\" target=\"_blank\">\n\t\t\t\t\t\t<span class=\"elementor-screen-only\">Instagram<\/span>\n\t\t\t\t\t\t<i class=\"fab fa-instagram\"><\/i>\t\t\t\t\t<\/a>\n\t\t\t\t<\/span>\n\t\t\t\t\t\t\t<span class=\"elementor-grid-item\">\n\t\t\t\t\t<a class=\"elementor-icon elementor-social-icon elementor-social-icon-whatsapp elementor-repeater-item-b965890\" href=\"https:\/\/wa.me\/+573148340901\/?text=Hola,%20necesito%20hablar%20con%20un%20abogado%20ahora%21\" target=\"_blank\">\n\t\t\t\t\t\t<span class=\"elementor-screen-only\">Whatsapp<\/span>\n\t\t\t\t\t\t<i class=\"fab fa-whatsapp\"><\/i>\t\t\t\t\t<\/a>\n\t\t\t\t<\/span>\n\t\t\t\t\t\t\t<span class=\"elementor-grid-item\">\n\t\t\t\t\t<a class=\"elementor-icon elementor-social-icon elementor-social-icon-tiktok elementor-repeater-item-74b6094\" href=\"https:\/\/www.tiktok.com\/@balagueralopezabogados\" target=\"_blank\">\n\t\t\t\t\t\t<span class=\"elementor-screen-only\">Tiktok<\/span>\n\t\t\t\t\t\t<i class=\"fab fa-tiktok\"><\/i>\t\t\t\t\t<\/a>\n\t\t\t\t<\/span>\n\t\t\t\t\t\t\t<span class=\"elementor-grid-item\">\n\t\t\t\t\t<a class=\"elementor-icon elementor-social-icon elementor-social-icon-linkedin elementor-repeater-item-26bbd0d\" href=\"https:\/\/www.linkedin.com\/in\/edgar-arturo-balaguera-l%C3%B3pez-0abb66233\/?originalSubdomain=co\" target=\"_blank\">\n\t\t\t\t\t\t<span class=\"elementor-screen-only\">Linkedin<\/span>\n\t\t\t\t\t\t<i class=\"fab fa-linkedin\"><\/i>\t\t\t\t\t<\/a>\n\t\t\t\t<\/span>\n\t\t\t\t\t<\/div>\n\t\t\t\t\t\t<\/div>\n\t\t\t\t<\/div>\n\t\t\t\t\t<\/div>\n\t\t\t\t<\/div>\n\t\t<div class=\"elementor-element elementor-element-b416d41 e-grid e-con-boxed wpr-particle-no wpr-jarallax-no wpr-parallax-no wpr-sticky-section-no e-con e-parent\" data-id=\"b416d41\" data-element_type=\"container\">\n\t\t\t\t\t<div class=\"e-con-inner\">\n\t\t\t\t<div class=\"elementor-element elementor-element-e7d5635 elementor-widget elementor-widget-shortcode\" data-id=\"e7d5635\" data-element_type=\"widget\" data-widget_type=\"shortcode.default\">\n\t\t\t\t<div class=\"elementor-widget-container\">\n\t\t\t\t\t\t\t<div class=\"elementor-shortcode\"><blockquote class=\"instagram-media\" data-instgrm-permalink=\"https:\/\/www.instagram.com\/reel\/DHd-2SCg4q8\/?utm_source=ig_embed&amp;utm_campaign=loading\" data-instgrm-version=\"14\" style=\" background:#FFF; border:0; border-radius:3px; box-shadow:0 0 1px 0 rgba(0,0,0,0.5),0 1px 10px 0 rgba(0,0,0,0.15); margin: 1px; max-width:540px; min-width:326px; padding:0; width:99.375%; width:-webkit-calc(100% - 2px); width:calc(100% - 2px);\"><div style=\"padding:16px;\"> <a href=\"https:\/\/www.instagram.com\/reel\/DHd-2SCg4q8\/?utm_source=ig_embed&amp;utm_campaign=loading\" style=\" background:#FFFFFF; line-height:0; padding:0 0; text-align:center; text-decoration:none; width:100%;\" target=\"_blank\"> <div style=\" display: flex; flex-direction: row; align-items: center;\"> <div style=\"background-color: #F4F4F4; border-radius: 50%; flex-grow: 0; height: 40px; margin-right: 14px; width: 40px;\"><\/div> <div style=\"display: flex; flex-direction: column; flex-grow: 1; justify-content: center;\"> <div style=\" background-color: #F4F4F4; border-radius: 4px; flex-grow: 0; height: 14px; margin-bottom: 6px; width: 100px;\"><\/div> <div style=\" background-color: #F4F4F4; border-radius: 4px; flex-grow: 0; height: 14px; width: 60px;\"><\/div><\/div><\/div><div style=\"padding: 19% 0;\"><\/div> <div style=\"display:block; height:50px; margin:0 auto 12px; width:50px;\"><svg width=\"50px\" height=\"50px\" viewBox=\"0 0 60 60\" version=\"1.1\" xmlns=\"https:\/\/www.w3.org\/2000\/svg\" xmlns:xlink=\"https:\/\/www.w3.org\/1999\/xlink\"><g stroke=\"none\" stroke-width=\"1\" fill=\"none\" fill-rule=\"evenodd\"><g transform=\"translate(-511.000000, -20.000000)\" fill=\"#000000\"><g><path d=\"M556.869,30.41 C554.814,30.41 553.148,32.076 553.148,34.131 C553.148,36.186 554.814,37.852 556.869,37.852 C558.924,37.852 560.59,36.186 560.59,34.131 C560.59,32.076 558.924,30.41 556.869,30.41 M541,60.657 C535.114,60.657 530.342,55.887 530.342,50 C530.342,44.114 535.114,39.342 541,39.342 C546.887,39.342 551.658,44.114 551.658,50 C551.658,55.887 546.887,60.657 541,60.657 M541,33.886 C532.1,33.886 524.886,41.1 524.886,50 C524.886,58.899 532.1,66.113 541,66.113 C549.9,66.113 557.115,58.899 557.115,50 C557.115,41.1 549.9,33.886 541,33.886 M565.378,62.101 C565.244,65.022 564.756,66.606 564.346,67.663 C563.803,69.06 563.154,70.057 562.106,71.106 C561.058,72.155 560.06,72.803 558.662,73.347 C557.607,73.757 556.021,74.244 553.102,74.378 C549.944,74.521 548.997,74.552 541,74.552 C533.003,74.552 532.056,74.521 528.898,74.378 C525.979,74.244 524.393,73.757 523.338,73.347 C521.94,72.803 520.942,72.155 519.894,71.106 C518.846,70.057 518.197,69.06 517.654,67.663 C517.244,66.606 516.755,65.022 516.623,62.101 C516.479,58.943 516.448,57.996 516.448,50 C516.448,42.003 516.479,41.056 516.623,37.899 C516.755,34.978 517.244,33.391 517.654,32.338 C518.197,30.938 518.846,29.942 519.894,28.894 C520.942,27.846 521.94,27.196 523.338,26.654 C524.393,26.244 525.979,25.756 528.898,25.623 C532.057,25.479 533.004,25.448 541,25.448 C548.997,25.448 549.943,25.479 553.102,25.623 C556.021,25.756 557.607,26.244 558.662,26.654 C560.06,27.196 561.058,27.846 562.106,28.894 C563.154,29.942 563.803,30.938 564.346,32.338 C564.756,33.391 565.244,34.978 565.378,37.899 C565.522,41.056 565.552,42.003 565.552,50 C565.552,57.996 565.522,58.943 565.378,62.101 M570.82,37.631 C570.674,34.438 570.167,32.258 569.425,30.349 C568.659,28.377 567.633,26.702 565.965,25.035 C564.297,23.368 562.623,22.342 560.652,21.575 C558.743,20.834 556.562,20.326 553.369,20.18 C550.169,20.033 549.148,20 541,20 C532.853,20 531.831,20.033 528.631,20.18 C525.438,20.326 523.257,20.834 521.349,21.575 C519.376,22.342 517.703,23.368 516.035,25.035 C514.368,26.702 513.342,28.377 512.574,30.349 C511.834,32.258 511.326,34.438 511.181,37.631 C511.035,40.831 511,41.851 511,50 C511,58.147 511.035,59.17 511.181,62.369 C511.326,65.562 511.834,67.743 512.574,69.651 C513.342,71.625 514.368,73.296 516.035,74.965 C517.703,76.634 519.376,77.658 521.349,78.425 C523.257,79.167 525.438,79.673 528.631,79.82 C531.831,79.965 532.853,80.001 541,80.001 C549.148,80.001 550.169,79.965 553.369,79.82 C556.562,79.673 558.743,79.167 560.652,78.425 C562.623,77.658 564.297,76.634 565.965,74.965 C567.633,73.296 568.659,71.625 569.425,69.651 C570.167,67.743 570.674,65.562 570.82,62.369 C570.966,59.17 571,58.147 571,50 C571,41.851 570.966,40.831 570.82,37.631\"><\/path><\/g><\/g><\/g><\/svg><\/div><div style=\"padding-top: 8px;\"> <div style=\" color:#3897f0; font-family:Arial,sans-serif; font-size:14px; font-style:normal; font-weight:550; line-height:18px;\">Ver esta publicaci\u00f3n en Instagram<\/div><\/div><div style=\"padding: 12.5% 0;\"><\/div> <div style=\"display: flex; flex-direction: row; margin-bottom: 14px; align-items: center;\"><div> <div style=\"background-color: #F4F4F4; border-radius: 50%; height: 12.5px; width: 12.5px; transform: translateX(0px) translateY(7px);\"><\/div> <div style=\"background-color: #F4F4F4; height: 12.5px; transform: rotate(-45deg) translateX(3px) translateY(1px); width: 12.5px; flex-grow: 0; margin-right: 14px; margin-left: 2px;\"><\/div> <div style=\"background-color: #F4F4F4; border-radius: 50%; height: 12.5px; width: 12.5px; transform: translateX(9px) translateY(-18px);\"><\/div><\/div><div style=\"margin-left: 8px;\"> <div style=\" background-color: #F4F4F4; border-radius: 50%; flex-grow: 0; height: 20px; width: 20px;\"><\/div> <div style=\" width: 0; height: 0; border-top: 2px solid transparent; border-left: 6px solid #f4f4f4; border-bottom: 2px solid transparent; transform: translateX(16px) translateY(-4px) rotate(30deg)\"><\/div><\/div><div style=\"margin-left: auto;\"> <div style=\" width: 0px; border-top: 8px solid #F4F4F4; border-right: 8px solid transparent; transform: translateY(16px);\"><\/div> <div style=\" background-color: #F4F4F4; flex-grow: 0; height: 12px; width: 16px; transform: translateY(-4px);\"><\/div> <div style=\" width: 0; height: 0; border-top: 8px solid #F4F4F4; border-left: 8px solid transparent; transform: translateY(-4px) translateX(8px);\"><\/div><\/div><\/div> <div style=\"display: flex; flex-direction: column; flex-grow: 1; justify-content: center; margin-bottom: 24px;\"> <div style=\" background-color: #F4F4F4; border-radius: 4px; flex-grow: 0; height: 14px; margin-bottom: 6px; width: 224px;\"><\/div> <div style=\" background-color: #F4F4F4; border-radius: 4px; flex-grow: 0; height: 14px; width: 144px;\"><\/div><\/div><\/a><p style=\" color:#c9c8cd; font-family:Arial,sans-serif; font-size:14px; line-height:17px; margin-bottom:0; margin-top:8px; overflow:hidden; padding:8px 0 7px; text-align:center; text-overflow:ellipsis; white-space:nowrap;\"><a href=\"https:\/\/www.instagram.com\/reel\/DHd-2SCg4q8\/?utm_source=ig_embed&amp;utm_campaign=loading\" style=\" color:#c9c8cd; font-family:Arial,sans-serif; font-size:14px; font-style:normal; font-weight:normal; line-height:17px; text-decoration:none;\" target=\"_blank\">Una publicaci\u00f3n compartida por Edgar Balaguera L\u00f3pez (@edgar.balaguera)<\/a><\/p><\/div><\/blockquote>\n<script async src=\"\/\/www.instagram.com\/embed.js\"><\/script><\/div>\n\t\t\t\t\t\t<\/div>\n\t\t\t\t<\/div>\n\t\t\t\t<div class=\"elementor-element elementor-element-86fbafb elementor-widget elementor-widget-shortcode\" data-id=\"86fbafb\" data-element_type=\"widget\" data-widget_type=\"shortcode.default\">\n\t\t\t\t<div class=\"elementor-widget-container\">\n\t\t\t\t\t\t\t<div class=\"elementor-shortcode\"><blockquote class=\"instagram-media\" data-instgrm-permalink=\"https:\/\/www.instagram.com\/reel\/DG4BRbBg9LZ\/?utm_source=ig_embed&amp;utm_campaign=loading\" data-instgrm-version=\"14\" style=\" background:#FFF; border:0; border-radius:3px; box-shadow:0 0 1px 0 rgba(0,0,0,0.5),0 1px 10px 0 rgba(0,0,0,0.15); margin: 1px; max-width:540px; min-width:326px; padding:0; width:99.375%; width:-webkit-calc(100% - 2px); width:calc(100% - 2px);\"><div style=\"padding:16px;\"> <a href=\"https:\/\/www.instagram.com\/reel\/DG4BRbBg9LZ\/?utm_source=ig_embed&amp;utm_campaign=loading\" style=\" background:#FFFFFF; line-height:0; padding:0 0; text-align:center; text-decoration:none; width:100%;\" target=\"_blank\"> <div style=\" display: flex; flex-direction: row; align-items: center;\"> <div style=\"background-color: #F4F4F4; border-radius: 50%; flex-grow: 0; height: 40px; margin-right: 14px; width: 40px;\"><\/div> <div style=\"display: flex; flex-direction: column; flex-grow: 1; justify-content: center;\"> <div style=\" background-color: #F4F4F4; border-radius: 4px; flex-grow: 0; height: 14px; margin-bottom: 6px; width: 100px;\"><\/div> <div style=\" background-color: #F4F4F4; border-radius: 4px; flex-grow: 0; height: 14px; width: 60px;\"><\/div><\/div><\/div><div style=\"padding: 19% 0;\"><\/div> <div style=\"display:block; height:50px; margin:0 auto 12px; width:50px;\"><svg width=\"50px\" height=\"50px\" viewBox=\"0 0 60 60\" version=\"1.1\" xmlns=\"https:\/\/www.w3.org\/2000\/svg\" xmlns:xlink=\"https:\/\/www.w3.org\/1999\/xlink\"><g stroke=\"none\" stroke-width=\"1\" fill=\"none\" fill-rule=\"evenodd\"><g transform=\"translate(-511.000000, -20.000000)\" fill=\"#000000\"><g><path d=\"M556.869,30.41 C554.814,30.41 553.148,32.076 553.148,34.131 C553.148,36.186 554.814,37.852 556.869,37.852 C558.924,37.852 560.59,36.186 560.59,34.131 C560.59,32.076 558.924,30.41 556.869,30.41 M541,60.657 C535.114,60.657 530.342,55.887 530.342,50 C530.342,44.114 535.114,39.342 541,39.342 C546.887,39.342 551.658,44.114 551.658,50 C551.658,55.887 546.887,60.657 541,60.657 M541,33.886 C532.1,33.886 524.886,41.1 524.886,50 C524.886,58.899 532.1,66.113 541,66.113 C549.9,66.113 557.115,58.899 557.115,50 C557.115,41.1 549.9,33.886 541,33.886 M565.378,62.101 C565.244,65.022 564.756,66.606 564.346,67.663 C563.803,69.06 563.154,70.057 562.106,71.106 C561.058,72.155 560.06,72.803 558.662,73.347 C557.607,73.757 556.021,74.244 553.102,74.378 C549.944,74.521 548.997,74.552 541,74.552 C533.003,74.552 532.056,74.521 528.898,74.378 C525.979,74.244 524.393,73.757 523.338,73.347 C521.94,72.803 520.942,72.155 519.894,71.106 C518.846,70.057 518.197,69.06 517.654,67.663 C517.244,66.606 516.755,65.022 516.623,62.101 C516.479,58.943 516.448,57.996 516.448,50 C516.448,42.003 516.479,41.056 516.623,37.899 C516.755,34.978 517.244,33.391 517.654,32.338 C518.197,30.938 518.846,29.942 519.894,28.894 C520.942,27.846 521.94,27.196 523.338,26.654 C524.393,26.244 525.979,25.756 528.898,25.623 C532.057,25.479 533.004,25.448 541,25.448 C548.997,25.448 549.943,25.479 553.102,25.623 C556.021,25.756 557.607,26.244 558.662,26.654 C560.06,27.196 561.058,27.846 562.106,28.894 C563.154,29.942 563.803,30.938 564.346,32.338 C564.756,33.391 565.244,34.978 565.378,37.899 C565.522,41.056 565.552,42.003 565.552,50 C565.552,57.996 565.522,58.943 565.378,62.101 M570.82,37.631 C570.674,34.438 570.167,32.258 569.425,30.349 C568.659,28.377 567.633,26.702 565.965,25.035 C564.297,23.368 562.623,22.342 560.652,21.575 C558.743,20.834 556.562,20.326 553.369,20.18 C550.169,20.033 549.148,20 541,20 C532.853,20 531.831,20.033 528.631,20.18 C525.438,20.326 523.257,20.834 521.349,21.575 C519.376,22.342 517.703,23.368 516.035,25.035 C514.368,26.702 513.342,28.377 512.574,30.349 C511.834,32.258 511.326,34.438 511.181,37.631 C511.035,40.831 511,41.851 511,50 C511,58.147 511.035,59.17 511.181,62.369 C511.326,65.562 511.834,67.743 512.574,69.651 C513.342,71.625 514.368,73.296 516.035,74.965 C517.703,76.634 519.376,77.658 521.349,78.425 C523.257,79.167 525.438,79.673 528.631,79.82 C531.831,79.965 532.853,80.001 541,80.001 C549.148,80.001 550.169,79.965 553.369,79.82 C556.562,79.673 558.743,79.167 560.652,78.425 C562.623,77.658 564.297,76.634 565.965,74.965 C567.633,73.296 568.659,71.625 569.425,69.651 C570.167,67.743 570.674,65.562 570.82,62.369 C570.966,59.17 571,58.147 571,50 C571,41.851 570.966,40.831 570.82,37.631\"><\/path><\/g><\/g><\/g><\/svg><\/div><div style=\"padding-top: 8px;\"> <div style=\" color:#3897f0; font-family:Arial,sans-serif; font-size:14px; font-style:normal; font-weight:550; line-height:18px;\">Ver esta publicaci\u00f3n en Instagram<\/div><\/div><div style=\"padding: 12.5% 0;\"><\/div> <div style=\"display: flex; flex-direction: row; margin-bottom: 14px; align-items: center;\"><div> <div style=\"background-color: #F4F4F4; border-radius: 50%; height: 12.5px; width: 12.5px; transform: translateX(0px) translateY(7px);\"><\/div> <div style=\"background-color: #F4F4F4; height: 12.5px; transform: rotate(-45deg) translateX(3px) translateY(1px); width: 12.5px; flex-grow: 0; margin-right: 14px; margin-left: 2px;\"><\/div> <div style=\"background-color: #F4F4F4; border-radius: 50%; height: 12.5px; width: 12.5px; transform: translateX(9px) translateY(-18px);\"><\/div><\/div><div style=\"margin-left: 8px;\"> <div style=\" background-color: #F4F4F4; border-radius: 50%; flex-grow: 0; height: 20px; width: 20px;\"><\/div> <div style=\" width: 0; height: 0; border-top: 2px solid transparent; border-left: 6px solid #f4f4f4; border-bottom: 2px solid transparent; transform: translateX(16px) translateY(-4px) rotate(30deg)\"><\/div><\/div><div style=\"margin-left: auto;\"> <div style=\" width: 0px; border-top: 8px solid #F4F4F4; border-right: 8px solid transparent; transform: translateY(16px);\"><\/div> <div style=\" background-color: #F4F4F4; flex-grow: 0; height: 12px; width: 16px; transform: translateY(-4px);\"><\/div> <div style=\" width: 0; height: 0; border-top: 8px solid #F4F4F4; border-left: 8px solid transparent; transform: translateY(-4px) translateX(8px);\"><\/div><\/div><\/div> <div style=\"display: flex; flex-direction: column; flex-grow: 1; justify-content: center; margin-bottom: 24px;\"> <div style=\" background-color: #F4F4F4; border-radius: 4px; flex-grow: 0; height: 14px; margin-bottom: 6px; width: 224px;\"><\/div> <div style=\" background-color: #F4F4F4; border-radius: 4px; flex-grow: 0; height: 14px; width: 144px;\"><\/div><\/div><\/a><p style=\" color:#c9c8cd; font-family:Arial,sans-serif; font-size:14px; line-height:17px; margin-bottom:0; margin-top:8px; overflow:hidden; padding:8px 0 7px; text-align:center; text-overflow:ellipsis; white-space:nowrap;\"><a href=\"https:\/\/www.instagram.com\/reel\/DG4BRbBg9LZ\/?utm_source=ig_embed&amp;utm_campaign=loading\" style=\" color:#c9c8cd; font-family:Arial,sans-serif; font-size:14px; font-style:normal; font-weight:normal; line-height:17px; text-decoration:none;\" target=\"_blank\">Una publicaci\u00f3n compartida por Edgar Balaguera L\u00f3pez (@edgar.balaguera)<\/a><\/p><\/div><\/blockquote>\n<script async src=\"\/\/www.instagram.com\/embed.js\"><\/script><\/div>\n\t\t\t\t\t\t<\/div>\n\t\t\t\t<\/div>\n\t\t\t\t<div class=\"elementor-element elementor-element-6aa7fa5 elementor-widget elementor-widget-shortcode\" data-id=\"6aa7fa5\" data-element_type=\"widget\" data-widget_type=\"shortcode.default\">\n\t\t\t\t<div class=\"elementor-widget-container\">\n\t\t\t\t\t\t\t<div class=\"elementor-shortcode\"><blockquote class=\"instagram-media\" data-instgrm-permalink=\"https:\/\/www.instagram.com\/reel\/DIMyA8-JkRy\/?utm_source=ig_embed&amp;utm_campaign=loading\" data-instgrm-version=\"14\" style=\" background:#FFF; border:0; border-radius:3px; box-shadow:0 0 1px 0 rgba(0,0,0,0.5),0 1px 10px 0 rgba(0,0,0,0.15); margin: 1px; max-width:540px; min-width:326px; padding:0; width:99.375%; width:-webkit-calc(100% - 2px); width:calc(100% - 2px);\"><div style=\"padding:16px;\"> <a href=\"https:\/\/www.instagram.com\/reel\/DIMyA8-JkRy\/?utm_source=ig_embed&amp;utm_campaign=loading\" style=\" background:#FFFFFF; line-height:0; padding:0 0; text-align:center; text-decoration:none; width:100%;\" target=\"_blank\"> <div style=\" display: flex; flex-direction: row; align-items: center;\"> <div style=\"background-color: #F4F4F4; border-radius: 50%; flex-grow: 0; height: 40px; margin-right: 14px; width: 40px;\"><\/div> <div style=\"display: flex; flex-direction: column; flex-grow: 1; justify-content: center;\"> <div style=\" background-color: #F4F4F4; border-radius: 4px; flex-grow: 0; height: 14px; margin-bottom: 6px; width: 100px;\"><\/div> <div style=\" background-color: #F4F4F4; border-radius: 4px; flex-grow: 0; height: 14px; width: 60px;\"><\/div><\/div><\/div><div style=\"padding: 19% 0;\"><\/div> <div style=\"display:block; height:50px; margin:0 auto 12px; width:50px;\"><svg width=\"50px\" height=\"50px\" viewBox=\"0 0 60 60\" version=\"1.1\" xmlns=\"https:\/\/www.w3.org\/2000\/svg\" xmlns:xlink=\"https:\/\/www.w3.org\/1999\/xlink\"><g stroke=\"none\" stroke-width=\"1\" fill=\"none\" fill-rule=\"evenodd\"><g transform=\"translate(-511.000000, -20.000000)\" fill=\"#000000\"><g><path d=\"M556.869,30.41 C554.814,30.41 553.148,32.076 553.148,34.131 C553.148,36.186 554.814,37.852 556.869,37.852 C558.924,37.852 560.59,36.186 560.59,34.131 C560.59,32.076 558.924,30.41 556.869,30.41 M541,60.657 C535.114,60.657 530.342,55.887 530.342,50 C530.342,44.114 535.114,39.342 541,39.342 C546.887,39.342 551.658,44.114 551.658,50 C551.658,55.887 546.887,60.657 541,60.657 M541,33.886 C532.1,33.886 524.886,41.1 524.886,50 C524.886,58.899 532.1,66.113 541,66.113 C549.9,66.113 557.115,58.899 557.115,50 C557.115,41.1 549.9,33.886 541,33.886 M565.378,62.101 C565.244,65.022 564.756,66.606 564.346,67.663 C563.803,69.06 563.154,70.057 562.106,71.106 C561.058,72.155 560.06,72.803 558.662,73.347 C557.607,73.757 556.021,74.244 553.102,74.378 C549.944,74.521 548.997,74.552 541,74.552 C533.003,74.552 532.056,74.521 528.898,74.378 C525.979,74.244 524.393,73.757 523.338,73.347 C521.94,72.803 520.942,72.155 519.894,71.106 C518.846,70.057 518.197,69.06 517.654,67.663 C517.244,66.606 516.755,65.022 516.623,62.101 C516.479,58.943 516.448,57.996 516.448,50 C516.448,42.003 516.479,41.056 516.623,37.899 C516.755,34.978 517.244,33.391 517.654,32.338 C518.197,30.938 518.846,29.942 519.894,28.894 C520.942,27.846 521.94,27.196 523.338,26.654 C524.393,26.244 525.979,25.756 528.898,25.623 C532.057,25.479 533.004,25.448 541,25.448 C548.997,25.448 549.943,25.479 553.102,25.623 C556.021,25.756 557.607,26.244 558.662,26.654 C560.06,27.196 561.058,27.846 562.106,28.894 C563.154,29.942 563.803,30.938 564.346,32.338 C564.756,33.391 565.244,34.978 565.378,37.899 C565.522,41.056 565.552,42.003 565.552,50 C565.552,57.996 565.522,58.943 565.378,62.101 M570.82,37.631 C570.674,34.438 570.167,32.258 569.425,30.349 C568.659,28.377 567.633,26.702 565.965,25.035 C564.297,23.368 562.623,22.342 560.652,21.575 C558.743,20.834 556.562,20.326 553.369,20.18 C550.169,20.033 549.148,20 541,20 C532.853,20 531.831,20.033 528.631,20.18 C525.438,20.326 523.257,20.834 521.349,21.575 C519.376,22.342 517.703,23.368 516.035,25.035 C514.368,26.702 513.342,28.377 512.574,30.349 C511.834,32.258 511.326,34.438 511.181,37.631 C511.035,40.831 511,41.851 511,50 C511,58.147 511.035,59.17 511.181,62.369 C511.326,65.562 511.834,67.743 512.574,69.651 C513.342,71.625 514.368,73.296 516.035,74.965 C517.703,76.634 519.376,77.658 521.349,78.425 C523.257,79.167 525.438,79.673 528.631,79.82 C531.831,79.965 532.853,80.001 541,80.001 C549.148,80.001 550.169,79.965 553.369,79.82 C556.562,79.673 558.743,79.167 560.652,78.425 C562.623,77.658 564.297,76.634 565.965,74.965 C567.633,73.296 568.659,71.625 569.425,69.651 C570.167,67.743 570.674,65.562 570.82,62.369 C570.966,59.17 571,58.147 571,50 C571,41.851 570.966,40.831 570.82,37.631\"><\/path><\/g><\/g><\/g><\/svg><\/div><div style=\"padding-top: 8px;\"> <div style=\" color:#3897f0; font-family:Arial,sans-serif; font-size:14px; font-style:normal; font-weight:550; line-height:18px;\">Ver esta publicaci\u00f3n en Instagram<\/div><\/div><div style=\"padding: 12.5% 0;\"><\/div> <div style=\"display: flex; flex-direction: row; margin-bottom: 14px; align-items: center;\"><div> <div style=\"background-color: #F4F4F4; border-radius: 50%; height: 12.5px; width: 12.5px; transform: translateX(0px) translateY(7px);\"><\/div> <div style=\"background-color: #F4F4F4; height: 12.5px; transform: rotate(-45deg) translateX(3px) translateY(1px); width: 12.5px; flex-grow: 0; margin-right: 14px; margin-left: 2px;\"><\/div> <div style=\"background-color: #F4F4F4; border-radius: 50%; height: 12.5px; width: 12.5px; transform: translateX(9px) translateY(-18px);\"><\/div><\/div><div style=\"margin-left: 8px;\"> <div style=\" background-color: #F4F4F4; border-radius: 50%; flex-grow: 0; height: 20px; width: 20px;\"><\/div> <div style=\" width: 0; height: 0; border-top: 2px solid transparent; border-left: 6px solid #f4f4f4; border-bottom: 2px solid transparent; transform: translateX(16px) translateY(-4px) rotate(30deg)\"><\/div><\/div><div style=\"margin-left: auto;\"> <div style=\" width: 0px; border-top: 8px solid #F4F4F4; border-right: 8px solid transparent; transform: translateY(16px);\"><\/div> <div style=\" background-color: #F4F4F4; flex-grow: 0; height: 12px; width: 16px; transform: translateY(-4px);\"><\/div> <div style=\" width: 0; height: 0; border-top: 8px solid #F4F4F4; border-left: 8px solid transparent; transform: translateY(-4px) translateX(8px);\"><\/div><\/div><\/div> <div style=\"display: flex; flex-direction: column; flex-grow: 1; justify-content: center; margin-bottom: 24px;\"> <div style=\" background-color: #F4F4F4; border-radius: 4px; flex-grow: 0; height: 14px; margin-bottom: 6px; width: 224px;\"><\/div> <div style=\" background-color: #F4F4F4; border-radius: 4px; flex-grow: 0; height: 14px; width: 144px;\"><\/div><\/div><\/a><p style=\" color:#c9c8cd; font-family:Arial,sans-serif; font-size:14px; line-height:17px; margin-bottom:0; margin-top:8px; overflow:hidden; padding:8px 0 7px; text-align:center; text-overflow:ellipsis; white-space:nowrap;\"><a href=\"https:\/\/www.instagram.com\/reel\/DIMyA8-JkRy\/?utm_source=ig_embed&amp;utm_campaign=loading\" style=\" color:#c9c8cd; font-family:Arial,sans-serif; font-size:14px; font-style:normal; font-weight:normal; line-height:17px; text-decoration:none;\" target=\"_blank\">Una publicaci\u00f3n compartida por Edgar Balaguera L\u00f3pez (@edgar.balaguera)<\/a><\/p><\/div><\/blockquote>\n<script async src=\"\/\/www.instagram.com\/embed.js\"><\/script><\/div>\n\t\t\t\t\t\t<\/div>\n\t\t\t\t<\/div>\n\t\t\t\t\t<\/div>\n\t\t\t\t<\/div>\n\t\t\t\t<\/div>\n\t\t","protected":false},"excerpt":{"rendered":"<p>Articulos Si eres empleador, esto es lo que debes saber sobre la sustituci\u00f3n patronal. Si eres empleador, esto es lo que debes saber sobre la sustituci\u00f3n patronal. El empleador y el trabajador son los part\u00edcipes principales de las relaciones de trabajo desde el punto de vista jur\u00eddico&#8230; Sigue leyendo \u00bfC\u00f3mo funciona la modalidad de trabajo en casa en Colombia? \u00bfC\u00f3mo funciona la modalidad de trabajo en casa en Colombia? El siglo XXI trajo consigo innumerables cambios, pero sin duda en lo que m\u00e1s destaca es el avance tecnol\u00f3gico que ha envuelto al mundo y el&#8230; Sigue leyendo La interpretaci\u00f3n actual del periodo de prueba en las relaciones laborales. La interpretaci\u00f3n actual del periodo de prueba en las relaciones laborales. La designaci\u00f3n de un periodo de prueba tiene por objeto que las partes entren a mirar s\u00ed ese contrato de trabajo que se&#8230; Sigue leyendo Esto es lo que todo empleador debe saber sobre el derecho a la asociaci\u00f3n sindical. Esto es lo que todo empleador debe saber sobre el derecho a la asociaci\u00f3n sindical. Cuando se inicia la reflexi\u00f3n sobre el derecho a la asociaci\u00f3n sindical es indispensable reconocer el principio de&#8230; Sigue leyendo La acci\u00f3n de tutela como mecanismo de protecci\u00f3n del derecho a la libertad sindical. La acci\u00f3n de tutela como mecanismo de protecci\u00f3n del derecho a la libertad sindical. La acci\u00f3n de tutela es un mecanismo constitucional contemplado en el art\u00edculo 86 de la Constituci\u00f3n Pol\u00edtica de&#8230; Sigue leyendo En qu\u00e9 consiste la concurrencia y la coexistencia de los contratos laborales. En qu\u00e9 consiste la concurrencia y la coexistencia de los contratos laborales. Cuando se trata de contratos laborales tanto empleadores como trabajadores tienen que tener presente dos conceptos&#8230; Sigue leyendo Nociones sobre las protecciones que se ofrecen por parte de los sistemas de pagos electr\u00f3nicos a nivel mundial. Nociones sobre las protecciones que se ofrecen por parte de los sistemas de pagos electr\u00f3nicos a nivel mundial. Las tarjetas de cr\u00e9dito o d\u00e9bito se han vuelto productos bancarios muy recurridos por&#8230; Sigue leyendo Diferencia entre marca, patente y dise\u00f1o industrial. Diferencia entre marca, patente y dise\u00f1o industrial. Si se observa con detenimiento la normatividad sobre propiedad industrial, se puede concluir que su objetivo final, m\u00e1s all\u00e1 de brindar&#8230; Sigue leyendo Diferencia entre patente y modelo de utilidad. Diferencia entre patente y modelo de utilidad. Las PATENTES DE INVENCI\u00d3N y PATENTE DE MODELOS DE UTILIDAD comparten entre s\u00ed algunos elementos exigidos por la normatividad, lo cual puede llegar a ser&#8230; Sigue leyendo Indemnizaciones preestablecidas. Indemnizaciones preestablecidas. Es un sistema alterno a las reglas generales sobre prueba de la indemnizaci\u00f3n de perjuicios, seg\u00fan el Decreto reglamentario este sistema aplica para infracciones&#8230; Sigue leyendo \u00bfDe qu\u00e9 forma la legislaci\u00f3n actual en Colombia, permite el desarrollo de modelos econ\u00f3micos basados en la gesti\u00f3n del conocimiento? \u00bfDe qu\u00e9 forma la legislaci\u00f3n actual en Colombia, permite el desarrollo de modelos econ\u00f3micos basados en la gesti\u00f3n del conocimiento? Actualmente la ciencia, tecnolog\u00eda e innovaci\u00f3n son factores&#8230; Sigue leyendo Presupuestos exigidos para la acreditaci\u00f3n del acto de competencia desleal de descr\u00e9dito. Presupuestos exigidos para la acreditaci\u00f3n del acto de competencia desleal de descr\u00e9dito. Bien se sabe que los actos de competencia desleal, son actos revestidos de mala fe. Estos alteran il\u00edcitamente&#8230; Sigue leyendo Requisitos exigidos para la acreditaci\u00f3n del acto desleal de inducci\u00f3n a la ruptura contractual. Requisitos exigidos para la acreditaci\u00f3n del acto desleal de inducci\u00f3n a la ruptura contractual. Seg\u00fan la normatividad colombiana, en concordancia con tratados internacionales, es reprochable el hecho&#8230; Sigue leyendo Interpretaci\u00f3n actual del Consejo de Estado y Consejo Nacional Electoral sobre el tiempo de antelaci\u00f3n al cual debe renunciar el funcionario p\u00fablico para poder ser candidato a elecciones populares. Interpretaci\u00f3n actual del Consejo de Estado y Consejo Nacional Electoral sobre el tiempo de antelaci\u00f3n al cual debe renunciar el funcionario p\u00fablico para poder ser candidato a elecciones populares&#8230; Sigue leyendo Contrato de preposici\u00f3n. Contrato de preposici\u00f3n. Se trata de un acuerdo de voluntades por medio del cual se le encarga a una persona la administraci\u00f3n de un establecimiento de comercio o se encarga la administraci\u00f3n de una&#8230; Sigue leyendo Contrato preliminar de promesa y sus especificaciones. Contrato preliminar de promesa y sus especificaciones. Lo primero que se debe conocer acerca de este contrato, es que se trata de un contrato preliminar. En este tipo de contrato las partes se obligan&#8230; Sigue leyendo \u00bfSabias que? \u00bfSab\u00edas qu\u00e9 es el RUES? \u00bfSab\u00edas qu\u00e9 es el RUES? El Registro \u00danico Empresarial o Social es un registro virtual administrado por las C\u00e1maras de Comercio en el que reposa toda la informaci\u00f3n actualizada de todos los&#8230; Sigue leyendo \u00bfSab\u00edas qu\u00e9 es el RUT? \u00bfSab\u00edas qu\u00e9 es el RUT? El Registro \u00danico Tributario es administrado por la DIAN y en \u00e9l se identifican, ubican y clasifican a las personas naturales, personas jur\u00eddicas y las entidades que figuren&#8230; Sigue leyendo \u00bfSab\u00edas que se pueden realizar contratos a favor de terceros? \u00bfSab\u00edas que se pueden realizar contratos a favor de terceros? En el ordenamiento jur\u00eddico Colombiano se contempla la posibilidad de realizar una estipulaci\u00f3n por otro. Es decir que en este caso se&#8230; Sigue leyendo Tutela-\u00bfC\u00f3mo proteger mis Derechos Fundamentales de manera inmediata? Tutela-\u00bfC\u00f3mo proteger mis Derechos Fundamentales de manera inmediata? La acci\u00f3n de tutela es un mecanismo de protecci\u00f3n de Derechos fundamentales como: la salud, la educaci\u00f3n, derecho de petici\u00f3n&#8230; Sigue leyendo Registro mercantil-\u00bfQu\u00e9 es el registro mercantil? Registro mercantil-\u00bfQu\u00e9 es el registro mercantil? El registro mercantil es la identificaci\u00f3n de los comerciantes y empresas de una zona geogr\u00e1fica. All\u00ed es donde se registran o inscriben los&#8230; Sigue leyendo Derecho de Retracto del consumidor.-\u00bfPuedo retractarme de mis compras Derecho de Retracto del consumidor.-\u00bfPuedo retractarme de mis compras Sabias que tienes la facultad de \u201cecharte para atr\u00e1s\u201d luego de haber comprado bienes o servicios sin que el vendedor est\u00e9 de&#8230; Sigue leyendo \u00bfQu\u00e9 pasa si no pago impuestos? \u00bfQu\u00e9 pasa si no pago impuestos? Las causas mas comunes por sanciones a los contribuyentes son: Declarar renta fuera de tiempo No presentar la declaraci\u00f3n de renta\u00a0 Brindar<\/p>\n","protected":false},"author":1,"featured_media":0,"parent":0,"menu_order":0,"comment_status":"closed","ping_status":"closed","template":"","meta":{"content-type":"","om_disable_all_campaigns":false,"_monsterinsights_skip_tracking":false,"_monsterinsights_sitenote_active":false,"_monsterinsights_sitenote_note":"","_monsterinsights_sitenote_category":0,"_uf_show_specific_survey":0,"_uf_disable_surveys":false,"site-sidebar-layout":"no-sidebar","site-content-layout":"page-builder","ast-site-content-layout":"default","site-content-style":"default","site-sidebar-style":"default","ast-global-header-display":"","ast-banner-title-visibility":"","ast-main-header-display":"","ast-hfb-above-header-display":"","ast-hfb-below-header-display":"","ast-hfb-mobile-header-display":"","site-post-title":"disabled","ast-breadcrumbs-content":"","ast-featured-img":"disabled","footer-sml-layout":"","theme-transparent-header-meta":"","adv-header-id-meta":"","stick-header-meta":"","header-above-stick-meta":"","header-main-stick-meta":"","header-below-stick-meta":"","astra-migrate-meta-layouts":"set","footnotes":""},"class_list":["post-59886","page","type-page","status-publish","hentry"],"aioseo_notices":[],"rttpg_featured_image_url":null,"rttpg_author":{"display_name":"edgar.balaguera","author_link":"https:\/\/balagueraabogados.com\/index.php\/author\/edgar-balaguera\/"},"rttpg_comment":0,"rttpg_category":"","rttpg_excerpt":"Articulos Si eres empleador, esto es lo que debes saber sobre la sustituci\u00f3n patronal. Si eres empleador, esto es lo que debes saber sobre la sustituci\u00f3n patronal. El empleador y el trabajador son los part\u00edcipes principales de las relaciones de trabajo desde el punto de vista jur\u00eddico&#8230; Sigue leyendo \u00bfC\u00f3mo funciona la modalidad de trabajo&hellip;","_links":{"self":[{"href":"https:\/\/balagueraabogados.com\/index.php\/wp-json\/wp\/v2\/pages\/59886","targetHints":{"allow":["GET"]}}],"collection":[{"href":"https:\/\/balagueraabogados.com\/index.php\/wp-json\/wp\/v2\/pages"}],"about":[{"href":"https:\/\/balagueraabogados.com\/index.php\/wp-json\/wp\/v2\/types\/page"}],"author":[{"embeddable":true,"href":"https:\/\/balagueraabogados.com\/index.php\/wp-json\/wp\/v2\/users\/1"}],"replies":[{"embeddable":true,"href":"https:\/\/balagueraabogados.com\/index.php\/wp-json\/wp\/v2\/comments?post=59886"}],"version-history":[{"count":74,"href":"https:\/\/balagueraabogados.com\/index.php\/wp-json\/wp\/v2\/pages\/59886\/revisions"}],"predecessor-version":[{"id":87939,"href":"https:\/\/balagueraabogados.com\/index.php\/wp-json\/wp\/v2\/pages\/59886\/revisions\/87939"}],"wp:attachment":[{"href":"https:\/\/balagueraabogados.com\/index.php\/wp-json\/wp\/v2\/media?parent=59886"}],"curies":[{"name":"wp","href":"https:\/\/api.w.org\/{rel}","templated":true}]}}